{"id":19,"date":"2022-07-25T23:06:42","date_gmt":"2022-07-25T21:06:42","guid":{"rendered":"https:\/\/lbs.se\/varberg\/?page_id=19"},"modified":"2024-09-02T14:51:43","modified_gmt":"2024-09-02T12:51:43","slug":"var-skola","status":"publish","type":"page","link":"https:\/\/lbs.se\/varberg\/var-skola\/","title":{"rendered":"V\u00e5r skola"},"content":{"rendered":"\n\t\n\t\n\t\n\n\t\n\t\n\t\t\n<section  class=\"c-block l-stacked  \" data-color-scheme=\"1553\">\n\t<div class=\"ams-fifty ams-fifty--container ams-fifty--left ams-fifty--top l-container u-pt-fluid-3xl-6xl u-pb-fluid-3xl-6xl\">\n\t\t<div class=\"ams-fifty__content l-stack l-stack-xl is-left is-left@lg\">\n\t\t\t<div class=\"ams-fifty__text l-stack l-stack-lg\">\n\t\t\t\t\t\n\t<h1\n\tclass=\"c-heading u-font-title-1 \"\n\tstyle=\"\">\n\t\t\n\t\t\t\t\tOM LBS KREATIVA GYMNASIET VARBERG\n\t\t\t\t\n\t<\/h1>\n\n\t\t\t\t\t\t\t\t\t<div class=\"text l-stack u-font-body\">\n\t\t\t\t\t\t<p><span data-sheets-value=\"{&quot;1&quot;:2,&quot;2&quot;:&quot;LBS Kreativa Gymnasiet Varberg \u00e4r den lite mindre gymnasieskolan i Varberg med stort engagemang och brinn f\u00f6r kreativa \u00e4mnen. H\u00e4r kan du l\u00e4sa Estetiska programmet eller Teknikprogrammet mot flera sp\u00e4nnande profiler.\\n\\n\\nV\u00e5ra lokaler\\nVi finns i kreativa lokaler p\u00e5 Tr\u00e4sl\u00f6vsv\u00e4gen 58, n\u00e4ra till kollektivtrafiken som tar dig i den riktning du vill. Kommer du med t\u00e5get \u00e4r det bara att s\u00e4tta sig p\u00e5 en stadsbuss s\u00e5 \u00e4r du h\u00e4r p\u00e5 bara n\u00e5gra minuter. V\u00e5ra lokaler \u00e4r anpassade efter v\u00e5ra profiler med bland annat en musikstudio och e-sportssal.\\n\\nDet h\u00e4nder hos oss\\nHos oss anordnas det ibland LAN och andra events. Vid ett av v\u00e5ra \u00f6ppna hus har vi ocks\u00e5 ett EXPO d\u00e4r eleverna i \u00e5rskurs 3 st\u00e4ller ut sina gymnasiearbeten. Vi arbetar ocks\u00e5 en hel del med skarpa uppdrag fr\u00e5n f\u00f6retag, vilket \u00e4r riktigt kul och g\u00f6r att elever kan knyta kontakter redan under gymnasietiden.\\n\\nGemenskap\\nDet b\u00e4sta med LBS Varberg \u00e4r n\u00e4rheten mellan elever och personal. St\u00e4mningen pr\u00e4glas av \u00f6msesidig respekt, v\u00e4rme och humor. V\u00e5ra elever \u00e4r trygga och tycker att relationen till l\u00e4rarna \u00e4r en av de b\u00e4sta sakerna med skolan. Hos oss k\u00e4nner man sig sedd! &quot;}\" data-sheets-userformat=\"{&quot;2&quot;:5025,&quot;3&quot;:{&quot;1&quot;:0},&quot;8&quot;:{&quot;1&quot;:[{&quot;1&quot;:2,&quot;2&quot;:0,&quot;5&quot;:{&quot;1&quot;:2,&quot;2&quot;:0}},{&quot;1&quot;:0,&quot;2&quot;:0,&quot;3&quot;:3},{&quot;1&quot;:1,&quot;2&quot;:0,&quot;4&quot;:1}]},&quot;10&quot;:0,&quot;11&quot;:4,&quot;12&quot;:0,&quot;15&quot;:&quot;Montserrat&quot;}\" data-sheets-textstyleruns=\"{&quot;1&quot;:0}\uee10{&quot;1&quot;:218,&quot;2&quot;:{&quot;5&quot;:1}}\uee10{&quot;1&quot;:230}\uee10{&quot;1&quot;:537,&quot;2&quot;:{&quot;5&quot;:1}}\uee10{&quot;1&quot;:555}\uee10{&quot;1&quot;:862,&quot;2&quot;:{&quot;5&quot;:1}}\uee10{&quot;1&quot;:871}\">LBS Kreativa Gymnasiet i Varberg \u00e4r skolan f\u00f6r dig som vill ha tre kreativa gymnasie\u00e5r, h\u00f6gskolebeh\u00f6righet och arbeta med digitalt skapande. H\u00e4r kan du l\u00e4sa Estetiska programmet eller Teknikprogrammet mot flera sp\u00e4nnande profiler.<\/span><\/p>\n<h2>V\u00e5ra lokaler<\/h2>\n<p>LBS Kreativa Gymnasiet Varberg hittar du i kreativa lokaler p\u00e5 <a href=\"https:\/\/www.hitta.se\/kartan!~57.10239,12.26731,14z\/tr!i=8moQsNLY\/search!i=mnsdjgtuv!q=LBS%20Kreativa%20Gymnasiet%20Varberg%2C%20Tr%C3%A4sl%C3%B6vsv%C3%A4gen%20Varberg!t=single!st=cmp!a=57.10239:12.26731!ai=mnsdjgtuv!aic=57.10239:12.26731?search=LBS%20Kreativa%20Gymnasiet%20G%C3%B6teborg%20%C3%96stra%20Hamngatan%2013%20G%C3%B6teborg&amp;st=single&amp;sst=cmp&amp;sids=cryecrxja&amp;srb=0\">Tr\u00e4sl\u00f6vsv\u00e4gen 58<\/a>, n\u00e4ra till kollektivtrafiken som tar dig i den riktning du vill. Kommer du med t\u00e5get \u00e4r det bara att s\u00e4tta sig p\u00e5 en stadsbuss s\u00e5 \u00e4r du h\u00e4r p\u00e5 bara n\u00e5gra minuter. V\u00e5ra lokaler \u00e4r anpassade efter v\u00e5ra profiler med bland annat en musikstudio och e-sportssal. Sedan h\u00f6sten 2024 \u00e4r vi ocks\u00e5 en del av ett mindre gymnasiecampus, d\u00e5 Drottning Blankas Gymnasieskola har flyttat in! Det har gett v\u00e5r skola en h\u00e4rlig mix av elever och du kommer kunna skapa \u00e4nnu fler kontakter under gymnasietiden.<\/p>\n<h3>Det h\u00e4nder hos oss<\/h3>\n<p>Hos oss anordnas det ibland LAN och andra events. Vid ett av v\u00e5ra \u00f6ppna hus har vi ocks\u00e5 ett EXPO d\u00e4r eleverna i \u00e5rskurs 3 st\u00e4ller ut sina gymnasiearbeten. Vi arbetar ocks\u00e5 en hel del med skarpa uppdrag fr\u00e5n f\u00f6retag, vilket \u00e4r riktigt kul och g\u00f6r att elever kan knyta kontakter redan under gymnasietiden.<\/p>\n<h3>Gemenskap<\/h3>\n<p>Det b\u00e4sta med LBS gymnasium Varberg \u00e4r n\u00e4rheten mellan elever och personal. St\u00e4mningen pr\u00e4glas av \u00f6msesidig respekt, v\u00e4rme och humor. V\u00e5ra elever \u00e4r trygga och tycker att relationen till l\u00e4rarna \u00e4r en av de b\u00e4sta sakerna med skolan!<\/p>\n\n\t\t\t\t\t<\/div>\n\t\t\t\t\t\t\t<\/div>\n\n\t\t\t\t<div class=\"ams-fifty__action u-inline-items\">\n\t\t\t\t\t\t\t\n\n\n<a href=\"https:\/\/lbs.se\/varberg\/oppet-hus\/\"\n\t\n\tclass=\"c-btn \"\n\tdata-style=\"square\"\n\tdata-size=\"md\"\n\tdata-width=\"full-mobile\"\n\tdata-variant=\"default\"\n\ttarget=\"_self\">\n\t\t\t<span class=\"label\"> Bes\u00f6k \u00d6ppet hus<\/span>\n\t\t\t<\/a>\n\t\t\t<\/div>\n\t\t<\/div>\n\n\t\t <div class=\"ams-fifty__media u-ratio-square\">\n\t\t \t\t\t\t\t<img decoding=\"async\" width=\"600\" height=\"600\" src=\"https:\/\/lbs.se\/wp-content\/uploads\/sites\/23\/2023\/06\/lbs-kreativa-gymnasiet-202304-600x600.jpg\" class=\"attachment-md size-md\" alt=\"Elever p\u00e5 LBS gymnasium Varberg p\u00e5 kreativ lektion.\" sizes=\"(min-width: 64em) 600px, calc(100vw - 160px)\" srcset=\"https:\/\/lbs.se\/wp-content\/uploads\/sites\/23\/2023\/06\/lbs-kreativa-gymnasiet-202304-600x600.jpg 600w, https:\/\/lbs.se\/wp-content\/uploads\/sites\/23\/2023\/06\/lbs-kreativa-gymnasiet-202304-150x150.jpg 150w, https:\/\/lbs.se\/wp-content\/uploads\/sites\/23\/2023\/06\/lbs-kreativa-gymnasiet-202304-300x300.jpg 300w, https:\/\/lbs.se\/wp-content\/uploads\/sites\/23\/2023\/06\/lbs-kreativa-gymnasiet-202304-400x400.jpg 400w, https:\/\/lbs.se\/wp-content\/uploads\/sites\/23\/2023\/06\/lbs-kreativa-gymnasiet-202304-800x800.jpg 800w, https:\/\/lbs.se\/wp-content\/uploads\/sites\/23\/2023\/06\/lbs-kreativa-gymnasiet-202304-1024x1024.jpg 1024w, https:\/\/lbs.se\/wp-content\/uploads\/sites\/23\/2023\/06\/lbs-kreativa-gymnasiet-202304.jpg 1200w\" \/>\n\t\t\t\n\t\t\t\n\t\t\t\t\t<\/div>\n\t<\/div>\n\n\t\t\n\n<\/section>\n\n\n\n\n<section  class=\"ams-quote c-block l-stacked\" data-color-scheme=\"1554\">\n\t<div class=\"l-container l-stack l-stack-fluid-2xl u-pt-fluid-3xl-6xl u-pb-fluid-3xl-6xl is-center is-center@md\">\n\t\t\n\t\t\t\t\t<ul class=\"ams-quote__list l-grid u-gap-fluid-2xl-4xl u-justify-center\"\n\taria-label=\"Citat\">\n\t\t\t<li class=\"l-col-12@md\">\n\t\t\t<article class=\"c-card\" data-variant=\"neutral\" >\n\t\t\t\t<div class=\"c-card__content l-stack u-text-center\">\n\t\t\t\t\t\t\t\t\t\t\t<blockquote class=\"c-card__title u-font-title-3\">\n\t\t\t\t\t\t\t\t\t\t\t\t\t\t\t<p class=\"u-quote-marks\">Jag tycker att det \u00e4r en v\u00e4ldigt fin skola med mysig milj\u00f6 d\u00e4r alla passar in. Jag skulle definitivt rekommendera LBS!<\/p>\n\t\t\t\t\t\t\t\t\t\t\t\t\t<\/blockquote>\n\t\t\t\t\t\n\t\t\t\t\t\t\t\t\t\t\t<p class=\"c-card__text\">\n\t\t\t\t\t\t\t<span class=\"author u-font-body\">Leo<\/span>\n\t\t\t\t\t\t\t<span class=\"title u-font-body\">Elev<\/span>\n\t\t\t\t\t\t<\/p>\n\t\t\t\t\t\t\t\t\t<\/div>\n\n\t\t\t\t\t\t\t<\/article>\n\t\t<\/li>\n\t<\/ul>\n\t\n\t\t\t<\/div>\n\n\t\t\n\n<\/section>\n\n\n\n\n\n<section  class=\"ams-faq ams_event_module c-block l-stacked js-load-more\" data-color-scheme=\"1568\" data-count=\"30\" data-count-mobile=\"17\">\n\t<div class=\"l-container l-stack l-stack-fluid-2xl u-pt-fluid-3xl-6xl u-pb-fluid-3xl-6xl is-center is-center@md\">\n\t\t\t\t\t<div class=\"ams-faq__intro l-stack l-stack-lg\">\n\t\t\t\t\t\n\t<h2\n\tclass=\"c-heading u-font-title-1 \"\n\tstyle=\"\">\n\t\t\n\t\t\t\t\tVanliga fr\u00e5gor\n\t\t\t\t\n\t<\/h2>\n\n\t\t\t\t\t\t\t\t\t<div class=\"c-text l-stack u-cs-xl u-font-body\">\n\t\t\t\t\t\t<p><span data-sheets-value=\"{&quot;1&quot;:2,&quot;2&quot;:&quot;H\u00e4r har vi samlat vanliga fr\u00e5gor och svar om v\u00e5r skola. Har du andra fr\u00e5gor \u00e4r du varmt v\u00e4lkommen att kontakta oss.&quot;}\" data-sheets-userformat=\"{&quot;2&quot;:5033,&quot;3&quot;:{&quot;1&quot;:0},&quot;6&quot;:{&quot;1&quot;:[{&quot;1&quot;:2,&quot;2&quot;:0,&quot;5&quot;:{&quot;1&quot;:2,&quot;2&quot;:0}},{&quot;1&quot;:0,&quot;2&quot;:0,&quot;3&quot;:3},{&quot;1&quot;:1,&quot;2&quot;:0,&quot;4&quot;:1}]},&quot;8&quot;:{&quot;1&quot;:[{&quot;1&quot;:2,&quot;2&quot;:0,&quot;5&quot;:{&quot;1&quot;:2,&quot;2&quot;:0}},{&quot;1&quot;:0,&quot;2&quot;:0,&quot;3&quot;:3},{&quot;1&quot;:1,&quot;2&quot;:0,&quot;4&quot;:1}]},&quot;10&quot;:0,&quot;11&quot;:4,&quot;12&quot;:0,&quot;15&quot;:&quot;Montserrat&quot;}\">H\u00e4r har vi samlat vanliga fr\u00e5gor och svar om v\u00e5rt gymnasium. Har du andra fr\u00e5gor \u00e4r du varmt v\u00e4lkommen att <a href=\"https:\/\/lbs.se\/varberg\/kontakt\/\">kontakta oss<\/a>.<\/span><\/p>\n\n\t\t\t\t\t<\/div>\n\t\t\t\t\t\t\t<\/div>\n\t\t\n\t\t\n\t\n\t    \n\t\n\t<ul\n\t\tid=\"ams-faq-list-69f404b86c212\"\n\t\tclass=\"ams-faq__ac ams-accordion_module c-accordion js-results \"\n\t\taria-label=\"Vanliga fr\u00e5gor\"\n\t\tdata-variant=\"border-between\"\n\t\tdata-ajax-action=\"log_faq_view\"\n\t\tdata-ajax-url=\"https:\/\/lbs.se\/varberg\/wp-admin\/admin-ajax.php\"\n\t\tdata-ajax-nonce=\"3e69080fb4\"\n\t\tdata-filter-animation=\"off\">\n\n\t\t\n\t\t\t\t\t\t\t\t\t\t\t\t\t\t\t\n\t\t\t\n\t\t\t<li data-ajax-id=\"1280\" class=\"c-accordion__item \"\n\t\t\tdata-filter=\"om-gymnasievalet juni-2023\"\n\t\t\t>\n\t\t\t\t<h3 class=\"c-accordion__header\">\n\t\t\t\t\t\t\t\t\t\t<button class=\"c-accordion__trigger u-py-sm u-px-fluid-md-xl u-font-title-4\">\n\t\t\t\t\t\t<span>Vad \u00e4r det f\u00f6r meritv\u00e4rde p\u00e5 estetiska programmet?<\/span>\n\t\t\t\t\t\t<svg class=\"ams-icon ams-icon__arrow-down\" width=\"24\" height=\"24\" viewbox=\"0 0 24 24\" fill=\"currentColor\" aria-hidden=\"true\" xmlns=\"http:\/\/www.w3.org\/2000\/svg\">\n\t\t\t\t\t\t\t\t\t\t\t\t\t<path d=\"m11.2033 18.4294-10.872894-10.67584c-.440539-.42594-.440539-1.1147 0-1.54065l.665495-.64345c.440539-.42595 1.152899-.42595 1.593439 0l9.41066 9.27114 9.4107-9.26207c.4405-.42595 1.1529-.42595 1.5934 0l.6655.64345c.4405.42594.4405 1.1147 0 1.54065l-10.8729 10.67587c-.4405.4168-1.1529.4168-1.5934-.0091z\"\/>\n\t\t\t\t\t\n\t\t\t\t\t\t<\/svg>\n\t\t\t\t\t<\/button>\n\t\t\t\t<\/h3>\n\t\t\t\t<div class=\"c-accordion__body l-stack u-font-body\">\n\t\t\t\t\t<div class=\"c-accordion__body__inner u-p-fluid-md-xl l-stack\">\n\t\t\t\t\t\t<p><span data-sheets-value=\"{&quot;1&quot;:2,&quot;2&quot;:&quot;Estetiska programmet med inriktningen ESTETIK OCH MEDIA\/E-SPORT hade \u00e5r 2022 en medelpo\u00e4ng p\u00e5 201 och en antagningsgr\u00e4ns p\u00e5 160 po\u00e4ng. Estetiska programmet med inriktningen ESTETIK OCH MEDIA\/E-SPORT hade \u00e5r 2021 en medelpo\u00e4ng p\u00e5 210.6 och en antagningsgr\u00e4ns p\u00e5 135 po\u00e4ng. Estetiska programmet med inriktningen ESTETIK OCH MEDIA\/E-SPORT hade \u00e5r 2020 en medelpo\u00e4ng p\u00e5 205.7 och en antagningsgr\u00e4ns p\u00e5 132.5 po\u00e4ng. Kom ih\u00e5g att meritpo\u00e4ngen kan \u00e4ndras fr\u00e5n \u00e5r till \u00e5r beroende p\u00e5 hur m\u00e5nga som s\u00f6ker programmet och vad f\u00f6r betyg de har!\\n\\n_Grafisk design, Spelgrafik_ Estetiska programmet med inriktningen BILD OCH FORM hade \u00e5r 2022 en medelpo\u00e4ng p\u00e5 215 och en antagningsgr\u00e4ns p\u00e5 145 po\u00e4ng. Estetiska programmet med inriktningen BILD OCH FORM hade \u00e5r 2021 en medelpo\u00e4ng p\u00e5 204.6 och en antagningsgr\u00e4ns p\u00e5 142.5 po\u00e4ng. Estetiska programmet med inriktningen BILD OCH FORM hade \u00e5r 2020 en medelpo\u00e4ng p\u00e5 232.7 och en antagningsgr\u00e4ns p\u00e5 180 po\u00e4ng. Kom ih\u00e5g att meritpo\u00e4ngen kan \u00e4ndras fr\u00e5n \u00e5r till \u00e5r beroende p\u00e5 hur m\u00e5nga som s\u00f6ker programmet och vad f\u00f6r betyg de har!\\n\\nEstetiska programmet med inriktningen MUSIK hade \u00e5r 2022 en medelpo\u00e4ng p\u00e5 199 och en antagningsgr\u00e4ns p\u00e5 167.5 po\u00e4ng. Estetiska programmet med inriktningen MUSIK hade \u00e5r 2021 en medelpo\u00e4ng p\u00e5 188.3 och en antagningsgr\u00e4ns p\u00e5 155 po\u00e4ng. Estetiska programmet med inriktningen MUSIK hade \u00e5r 2020 en medelpo\u00e4ng p\u00e5 252.9 och en antagningsgr\u00e4ns p\u00e5 162.5 po\u00e4ng. Kom ih\u00e5g att meritpo\u00e4ngen kan \u00e4ndras fr\u00e5n \u00e5r till \u00e5r beroende p\u00e5 hur m\u00e5nga som s\u00f6ker programmet och vad f\u00f6r betyg de har!\\n&quot;}\" data-sheets-userformat=\"{&quot;2&quot;:13245,&quot;3&quot;:{&quot;1&quot;:0},&quot;5&quot;:{&quot;1&quot;:[{&quot;1&quot;:2,&quot;2&quot;:0,&quot;5&quot;:{&quot;1&quot;:2,&quot;2&quot;:0}},{&quot;1&quot;:0,&quot;2&quot;:0,&quot;3&quot;:3},{&quot;1&quot;:1,&quot;2&quot;:0,&quot;4&quot;:1}]},&quot;6&quot;:{&quot;1&quot;:[{&quot;1&quot;:2,&quot;2&quot;:0,&quot;5&quot;:{&quot;1&quot;:2,&quot;2&quot;:0}},{&quot;1&quot;:0,&quot;2&quot;:0,&quot;3&quot;:3},{&quot;1&quot;:1,&quot;2&quot;:0,&quot;4&quot;:1}]},&quot;7&quot;:{&quot;1&quot;:[{&quot;1&quot;:2,&quot;2&quot;:0,&quot;5&quot;:{&quot;1&quot;:2,&quot;2&quot;:0}},{&quot;1&quot;:0,&quot;2&quot;:0,&quot;3&quot;:3},{&quot;1&quot;:1,&quot;2&quot;:0,&quot;4&quot;:1}]},&quot;8&quot;:{&quot;1&quot;:[{&quot;1&quot;:2,&quot;2&quot;:0,&quot;5&quot;:{&quot;1&quot;:2,&quot;2&quot;:0}},{&quot;1&quot;:0,&quot;2&quot;:0,&quot;3&quot;:3},{&quot;1&quot;:1,&quot;2&quot;:0,&quot;4&quot;:1}]},&quot;10&quot;:2,&quot;11&quot;:3,&quot;12&quot;:0,&quot;15&quot;:&quot;Avenir&quot;,&quot;16&quot;:10}\"><strong>2024<\/strong> hade Estetiska programmet med inriktningen Bild och formgivning en medelpo\u00e4ng p\u00e5 236 och en antagningsgr\u00e4ns p\u00e5 170 po\u00e4ng. Inriktningen Musik hade en medelpo\u00e4ng p\u00e5 207.5 och en antagningsgr\u00e4ns p\u00e5 165 po\u00e4ng.<\/span><\/p>\n<p><span data-sheets-value=\"{&quot;1&quot;:2,&quot;2&quot;:&quot;Estetiska programmet med inriktningen ESTETIK OCH MEDIA\/E-SPORT hade \u00e5r 2022 en medelpo\u00e4ng p\u00e5 201 och en antagningsgr\u00e4ns p\u00e5 160 po\u00e4ng. Estetiska programmet med inriktningen ESTETIK OCH MEDIA\/E-SPORT hade \u00e5r 2021 en medelpo\u00e4ng p\u00e5 210.6 och en antagningsgr\u00e4ns p\u00e5 135 po\u00e4ng. Estetiska programmet med inriktningen ESTETIK OCH MEDIA\/E-SPORT hade \u00e5r 2020 en medelpo\u00e4ng p\u00e5 205.7 och en antagningsgr\u00e4ns p\u00e5 132.5 po\u00e4ng. Kom ih\u00e5g att meritpo\u00e4ngen kan \u00e4ndras fr\u00e5n \u00e5r till \u00e5r beroende p\u00e5 hur m\u00e5nga som s\u00f6ker programmet och vad f\u00f6r betyg de har!\\n\\n_Grafisk design, Spelgrafik_ Estetiska programmet med inriktningen BILD OCH FORM hade \u00e5r 2022 en medelpo\u00e4ng p\u00e5 215 och en antagningsgr\u00e4ns p\u00e5 145 po\u00e4ng. Estetiska programmet med inriktningen BILD OCH FORM hade \u00e5r 2021 en medelpo\u00e4ng p\u00e5 204.6 och en antagningsgr\u00e4ns p\u00e5 142.5 po\u00e4ng. Estetiska programmet med inriktningen BILD OCH FORM hade \u00e5r 2020 en medelpo\u00e4ng p\u00e5 232.7 och en antagningsgr\u00e4ns p\u00e5 180 po\u00e4ng. Kom ih\u00e5g att meritpo\u00e4ngen kan \u00e4ndras fr\u00e5n \u00e5r till \u00e5r beroende p\u00e5 hur m\u00e5nga som s\u00f6ker programmet och vad f\u00f6r betyg de har!\\n\\nEstetiska programmet med inriktningen MUSIK hade \u00e5r 2022 en medelpo\u00e4ng p\u00e5 199 och en antagningsgr\u00e4ns p\u00e5 167.5 po\u00e4ng. Estetiska programmet med inriktningen MUSIK hade \u00e5r 2021 en medelpo\u00e4ng p\u00e5 188.3 och en antagningsgr\u00e4ns p\u00e5 155 po\u00e4ng. Estetiska programmet med inriktningen MUSIK hade \u00e5r 2020 en medelpo\u00e4ng p\u00e5 252.9 och en antagningsgr\u00e4ns p\u00e5 162.5 po\u00e4ng. Kom ih\u00e5g att meritpo\u00e4ngen kan \u00e4ndras fr\u00e5n \u00e5r till \u00e5r beroende p\u00e5 hur m\u00e5nga som s\u00f6ker programmet och vad f\u00f6r betyg de har!\\n&quot;}\" data-sheets-userformat=\"{&quot;2&quot;:13245,&quot;3&quot;:{&quot;1&quot;:0},&quot;5&quot;:{&quot;1&quot;:[{&quot;1&quot;:2,&quot;2&quot;:0,&quot;5&quot;:{&quot;1&quot;:2,&quot;2&quot;:0}},{&quot;1&quot;:0,&quot;2&quot;:0,&quot;3&quot;:3},{&quot;1&quot;:1,&quot;2&quot;:0,&quot;4&quot;:1}]},&quot;6&quot;:{&quot;1&quot;:[{&quot;1&quot;:2,&quot;2&quot;:0,&quot;5&quot;:{&quot;1&quot;:2,&quot;2&quot;:0}},{&quot;1&quot;:0,&quot;2&quot;:0,&quot;3&quot;:3},{&quot;1&quot;:1,&quot;2&quot;:0,&quot;4&quot;:1}]},&quot;7&quot;:{&quot;1&quot;:[{&quot;1&quot;:2,&quot;2&quot;:0,&quot;5&quot;:{&quot;1&quot;:2,&quot;2&quot;:0}},{&quot;1&quot;:0,&quot;2&quot;:0,&quot;3&quot;:3},{&quot;1&quot;:1,&quot;2&quot;:0,&quot;4&quot;:1}]},&quot;8&quot;:{&quot;1&quot;:[{&quot;1&quot;:2,&quot;2&quot;:0,&quot;5&quot;:{&quot;1&quot;:2,&quot;2&quot;:0}},{&quot;1&quot;:0,&quot;2&quot;:0,&quot;3&quot;:3},{&quot;1&quot;:1,&quot;2&quot;:0,&quot;4&quot;:1}]},&quot;10&quot;:2,&quot;11&quot;:3,&quot;12&quot;:0,&quot;15&quot;:&quot;Avenir&quot;,&quot;16&quot;:10}\"><strong>Kom ih\u00e5g<\/strong> att meritpo\u00e4ngen kan \u00e4ndras fr\u00e5n \u00e5r till \u00e5r beroende p\u00e5 hur m\u00e5nga som s\u00f6ker programmet och vad f\u00f6r betyg de har!<br \/>\n<\/span><\/p>\n\n\t\t\t\t\t<\/div>\n\t\t\t\t<\/div>\n\t\t\t<\/li>\n\t\t\n\t\t\t\t\t\t\t\t\t\t\t\t\t\t\t\n\t\t\t\n\t\t\t<li data-ajax-id=\"1268\" class=\"c-accordion__item \"\n\t\t\tdata-filter=\"om-gymnasievalet juni-2023\"\n\t\t\t>\n\t\t\t\t<h3 class=\"c-accordion__header\">\n\t\t\t\t\t\t\t\t\t\t<button class=\"c-accordion__trigger u-py-sm u-px-fluid-md-xl u-font-title-4\">\n\t\t\t\t\t\t<span>Hur s\u00f6ker jag till er skola?<\/span>\n\t\t\t\t\t\t<svg class=\"ams-icon ams-icon__arrow-down\" width=\"24\" height=\"24\" viewbox=\"0 0 24 24\" fill=\"currentColor\" aria-hidden=\"true\" xmlns=\"http:\/\/www.w3.org\/2000\/svg\">\n\t\t\t\t\t\t\t\t\t\t\t\t\t<path d=\"m11.2033 18.4294-10.872894-10.67584c-.440539-.42594-.440539-1.1147 0-1.54065l.665495-.64345c.440539-.42595 1.152899-.42595 1.593439 0l9.41066 9.27114 9.4107-9.26207c.4405-.42595 1.1529-.42595 1.5934 0l.6655.64345c.4405.42594.4405 1.1147 0 1.54065l-10.8729 10.67587c-.4405.4168-1.1529.4168-1.5934-.0091z\"\/>\n\t\t\t\t\t\n\t\t\t\t\t\t<\/svg>\n\t\t\t\t\t<\/button>\n\t\t\t\t<\/h3>\n\t\t\t\t<div class=\"c-accordion__body l-stack u-font-body\">\n\t\t\t\t\t<div class=\"c-accordion__body__inner u-p-fluid-md-xl l-stack\">\n\t\t\t\t\t\t<p><span data-sheets-value=\"{&quot;1&quot;:2,&quot;2&quot;:&quot;Vet du redan att vill s\u00f6ka till oss s\u00e5 g\u00f6r du s\u00e5 h\u00e4r n\u00e4r antagningen \u00f6ppnar:\\n*Logga in med hj\u00e4lp av ditt l\u00f6senord p\u00e5 www.gymnasiehalland.se\\n*V\u00e4lj v\u00e5r skola, inriktning och program.\\n*Ibland kan du beh\u00f6va en s\u00f6kkod. Den hittar du p\u00e5 varje inriktningssida f\u00f6r den utbildningen du \u00e4r intresserad av.\\nVill du veta mer eller f\u00e5 hj\u00e4lp med att s\u00f6ka f\u00e5r du g\u00e4rna h\u00f6ra av dig till v\u00e5r rektor eller kontakta din SYV.&quot;}\" data-sheets-userformat=\"{&quot;2&quot;:13245,&quot;3&quot;:{&quot;1&quot;:0},&quot;5&quot;:{&quot;1&quot;:[{&quot;1&quot;:2,&quot;2&quot;:0,&quot;5&quot;:{&quot;1&quot;:2,&quot;2&quot;:0}},{&quot;1&quot;:0,&quot;2&quot;:0,&quot;3&quot;:3},{&quot;1&quot;:1,&quot;2&quot;:0,&quot;4&quot;:1}]},&quot;6&quot;:{&quot;1&quot;:[{&quot;1&quot;:2,&quot;2&quot;:0,&quot;5&quot;:{&quot;1&quot;:2,&quot;2&quot;:0}},{&quot;1&quot;:0,&quot;2&quot;:0,&quot;3&quot;:3},{&quot;1&quot;:1,&quot;2&quot;:0,&quot;4&quot;:1}]},&quot;7&quot;:{&quot;1&quot;:[{&quot;1&quot;:2,&quot;2&quot;:0,&quot;5&quot;:{&quot;1&quot;:2,&quot;2&quot;:0}},{&quot;1&quot;:0,&quot;2&quot;:0,&quot;3&quot;:3},{&quot;1&quot;:1,&quot;2&quot;:0,&quot;4&quot;:1}]},&quot;8&quot;:{&quot;1&quot;:[{&quot;1&quot;:2,&quot;2&quot;:0,&quot;5&quot;:{&quot;1&quot;:2,&quot;2&quot;:0}},{&quot;1&quot;:0,&quot;2&quot;:0,&quot;3&quot;:3},{&quot;1&quot;:1,&quot;2&quot;:0,&quot;4&quot;:1}]},&quot;10&quot;:2,&quot;11&quot;:3,&quot;12&quot;:0,&quot;15&quot;:&quot;Avenir&quot;,&quot;16&quot;:10}\">Vet du redan att vill s\u00f6ka till oss s\u00e5 g\u00f6r du s\u00e5 h\u00e4r n\u00e4r antagningen \u00f6ppnar:<br \/>\n*Logga in med hj\u00e4lp av ditt l\u00f6senord p\u00e5 <a href=\"http:\/\/www.gymnasiehalland.se\" target=\"_blank\" rel=\"noopener\">www.gymnasiehalland.se<\/a><br \/>\n*V\u00e4lj v\u00e5r skola, inriktning och program.<br \/>\n*Ibland kan du beh\u00f6va en s\u00f6kkod. Den hittar du p\u00e5 varje inriktningssida f\u00f6r den utbildningen du \u00e4r intresserad av.<br \/>\nVill du veta mer eller f\u00e5 hj\u00e4lp med att s\u00f6ka f\u00e5r du g\u00e4rna h\u00f6ra av dig till v\u00e5r rektor eller kontakta din SYV.<\/span><\/p>\n\n\t\t\t\t\t<\/div>\n\t\t\t\t<\/div>\n\t\t\t<\/li>\n\t\t\n\t\t\t\t\t\t\t\t\t\t\t\t\t\t\t\n\t\t\t\n\t\t\t<li data-ajax-id=\"1260\" class=\"c-accordion__item \"\n\t\t\tdata-filter=\"om-skolan juni-2023\"\n\t\t\t>\n\t\t\t\t<h3 class=\"c-accordion__header\">\n\t\t\t\t\t\t\t\t\t\t<button class=\"c-accordion__trigger u-py-sm u-px-fluid-md-xl u-font-title-4\">\n\t\t\t\t\t\t<span>F\u00e5r man en dator?<\/span>\n\t\t\t\t\t\t<svg class=\"ams-icon ams-icon__arrow-down\" width=\"24\" height=\"24\" viewbox=\"0 0 24 24\" fill=\"currentColor\" aria-hidden=\"true\" xmlns=\"http:\/\/www.w3.org\/2000\/svg\">\n\t\t\t\t\t\t\t\t\t\t\t\t\t<path d=\"m11.2033 18.4294-10.872894-10.67584c-.440539-.42594-.440539-1.1147 0-1.54065l.665495-.64345c.440539-.42595 1.152899-.42595 1.593439 0l9.41066 9.27114 9.4107-9.26207c.4405-.42595 1.1529-.42595 1.5934 0l.6655.64345c.4405.42594.4405 1.1147 0 1.54065l-10.8729 10.67587c-.4405.4168-1.1529.4168-1.5934-.0091z\"\/>\n\t\t\t\t\t\n\t\t\t\t\t\t<\/svg>\n\t\t\t\t\t<\/button>\n\t\t\t\t<\/h3>\n\t\t\t\t<div class=\"c-accordion__body l-stack u-font-body\">\n\t\t\t\t\t<div class=\"c-accordion__body__inner u-p-fluid-md-xl l-stack\">\n\t\t\t\t\t\t<p><span data-sheets-value=\"{&quot;1&quot;:2,&quot;2&quot;:&quot;Ja, alla elever f\u00e5r l\u00e5na en PC under de tre skol\u00e5ren. Vid studenten brukar det finnas m\u00f6jlighet att k\u00f6pa loss datorn. Datorn \u00e4r utrustad med alla program som beh\u00f6vs f\u00f6r undervisningen och som anv\u00e4nds i branschen.&quot;}\" data-sheets-userformat=\"{&quot;2&quot;:14915,&quot;3&quot;:{&quot;1&quot;:0},&quot;4&quot;:{&quot;1&quot;:2,&quot;2&quot;:16777215},&quot;9&quot;:0,&quot;12&quot;:0,&quot;14&quot;:{&quot;1&quot;:2,&quot;2&quot;:0},&quot;15&quot;:&quot;Avenir&quot;,&quot;16&quot;:10}\">Ja, alla elever f\u00e5r l\u00e5na en PC under de tre skol\u00e5ren. Vid studenten brukar det finnas m\u00f6jlighet att k\u00f6pa loss datorn. Datorn \u00e4r utrustad med alla program som beh\u00f6vs f\u00f6r undervisningen och som anv\u00e4nds i branschen.<\/span><\/p>\n\n\t\t\t\t\t<\/div>\n\t\t\t\t<\/div>\n\t\t\t<\/li>\n\t\t\n\t\t\t\t\t\t\t\t\t\t\t\t\t\t\t\n\t\t\t\n\t\t\t<li data-ajax-id=\"1259\" class=\"c-accordion__item \"\n\t\t\tdata-filter=\"om-skolan juni-2023\"\n\t\t\t>\n\t\t\t\t<h3 class=\"c-accordion__header\">\n\t\t\t\t\t\t\t\t\t\t<button class=\"c-accordion__trigger u-py-sm u-px-fluid-md-xl u-font-title-4\">\n\t\t\t\t\t\t<span>Hur ser schemat ut?<\/span>\n\t\t\t\t\t\t<svg class=\"ams-icon ams-icon__arrow-down\" width=\"24\" height=\"24\" viewbox=\"0 0 24 24\" fill=\"currentColor\" aria-hidden=\"true\" xmlns=\"http:\/\/www.w3.org\/2000\/svg\">\n\t\t\t\t\t\t\t\t\t\t\t\t\t<path d=\"m11.2033 18.4294-10.872894-10.67584c-.440539-.42594-.440539-1.1147 0-1.54065l.665495-.64345c.440539-.42595 1.152899-.42595 1.593439 0l9.41066 9.27114 9.4107-9.26207c.4405-.42595 1.1529-.42595 1.5934 0l.6655.64345c.4405.42594.4405 1.1147 0 1.54065l-10.8729 10.67587c-.4405.4168-1.1529.4168-1.5934-.0091z\"\/>\n\t\t\t\t\t\n\t\t\t\t\t\t<\/svg>\n\t\t\t\t\t<\/button>\n\t\t\t\t<\/h3>\n\t\t\t\t<div class=\"c-accordion__body l-stack u-font-body\">\n\t\t\t\t\t<div class=\"c-accordion__body__inner u-p-fluid-md-xl l-stack\">\n\t\t\t\t\t\t<p class=\"p1\">V\u00e5ra scheman skiljer sig fr\u00e5n dag till dag, vissa dagar b\u00f6rjar man lite tidigare och slutar tidigare och andra dagar b\u00f6rjar man senare och slutar lite senare.. Man kan b\u00f6rja som tidigast 08.30 och sluta som senast klockan 16.<\/p>\n\n\t\t\t\t\t<\/div>\n\t\t\t\t<\/div>\n\t\t\t<\/li>\n\t\t\n\t\t\t\t\t\t\t\t\t\t\t\t\t\t\t\n\t\t\t\n\t\t\t<li data-ajax-id=\"1258\" class=\"c-accordion__item \"\n\t\t\tdata-filter=\"om-skolan juni-2023\"\n\t\t\t>\n\t\t\t\t<h3 class=\"c-accordion__header\">\n\t\t\t\t\t\t\t\t\t\t<button class=\"c-accordion__trigger u-py-sm u-px-fluid-md-xl u-font-title-4\">\n\t\t\t\t\t\t<span>F\u00e5r jag ett busskort av skolan?<\/span>\n\t\t\t\t\t\t<svg class=\"ams-icon ams-icon__arrow-down\" width=\"24\" height=\"24\" viewbox=\"0 0 24 24\" fill=\"currentColor\" aria-hidden=\"true\" xmlns=\"http:\/\/www.w3.org\/2000\/svg\">\n\t\t\t\t\t\t\t\t\t\t\t\t\t<path d=\"m11.2033 18.4294-10.872894-10.67584c-.440539-.42594-.440539-1.1147 0-1.54065l.665495-.64345c.440539-.42595 1.152899-.42595 1.593439 0l9.41066 9.27114 9.4107-9.26207c.4405-.42595 1.1529-.42595 1.5934 0l.6655.64345c.4405.42594.4405 1.1147 0 1.54065l-10.8729 10.67587c-.4405.4168-1.1529.4168-1.5934-.0091z\"\/>\n\t\t\t\t\t\n\t\t\t\t\t\t<\/svg>\n\t\t\t\t\t<\/button>\n\t\t\t\t<\/h3>\n\t\t\t\t<div class=\"c-accordion__body l-stack u-font-body\">\n\t\t\t\t\t<div class=\"c-accordion__body__inner u-p-fluid-md-xl l-stack\">\n\t\t\t\t\t\t<p><span data-sheets-value=\"{&quot;1&quot;:2,&quot;2&quot;:&quot;Det brukar vara kommunen som ansvarar f\u00f6r det och d\u00e5 \u00e4r regeln att man ska bo minst 6 KM fr\u00e5n skolan f\u00f6r att f\u00e5 r\u00e4tt till busskort.&quot;}\" data-sheets-userformat=\"{&quot;2&quot;:13245,&quot;3&quot;:{&quot;1&quot;:0},&quot;5&quot;:{&quot;1&quot;:[{&quot;1&quot;:2,&quot;2&quot;:0,&quot;5&quot;:{&quot;1&quot;:2,&quot;2&quot;:0}},{&quot;1&quot;:0,&quot;2&quot;:0,&quot;3&quot;:3},{&quot;1&quot;:1,&quot;2&quot;:0,&quot;4&quot;:1}]},&quot;6&quot;:{&quot;1&quot;:[{&quot;1&quot;:2,&quot;2&quot;:0,&quot;5&quot;:{&quot;1&quot;:2,&quot;2&quot;:0}},{&quot;1&quot;:0,&quot;2&quot;:0,&quot;3&quot;:3},{&quot;1&quot;:1,&quot;2&quot;:0,&quot;4&quot;:1}]},&quot;7&quot;:{&quot;1&quot;:[{&quot;1&quot;:2,&quot;2&quot;:0,&quot;5&quot;:{&quot;1&quot;:2,&quot;2&quot;:0}},{&quot;1&quot;:0,&quot;2&quot;:0,&quot;3&quot;:3},{&quot;1&quot;:1,&quot;2&quot;:0,&quot;4&quot;:1}]},&quot;8&quot;:{&quot;1&quot;:[{&quot;1&quot;:2,&quot;2&quot;:0,&quot;5&quot;:{&quot;1&quot;:2,&quot;2&quot;:0}},{&quot;1&quot;:0,&quot;2&quot;:0,&quot;3&quot;:3},{&quot;1&quot;:1,&quot;2&quot;:0,&quot;4&quot;:1}]},&quot;10&quot;:2,&quot;11&quot;:3,&quot;12&quot;:0,&quot;15&quot;:&quot;Avenir&quot;,&quot;16&quot;:10}\">Det brukar vara kommunen som ansvarar f\u00f6r det och d\u00e5 \u00e4r regeln att man ska bo minst 6 KM fr\u00e5n skolan f\u00f6r att f\u00e5 r\u00e4tt till busskort.<\/span><\/p>\n\n\t\t\t\t\t<\/div>\n\t\t\t\t<\/div>\n\t\t\t<\/li>\n\t\t\n\t\t\t\t\t\t\t\t\t\t\t\t\t\t\t\n\t\t\t\n\t\t\t<li data-ajax-id=\"1257\" class=\"c-accordion__item \"\n\t\t\tdata-filter=\"om-skolan juni-2023\"\n\t\t\t>\n\t\t\t\t<h3 class=\"c-accordion__header\">\n\t\t\t\t\t\t\t\t\t\t<button class=\"c-accordion__trigger u-py-sm u-px-fluid-md-xl u-font-title-4\">\n\t\t\t\t\t\t<span>Har ni matsal?<\/span>\n\t\t\t\t\t\t<svg class=\"ams-icon ams-icon__arrow-down\" width=\"24\" height=\"24\" viewbox=\"0 0 24 24\" fill=\"currentColor\" aria-hidden=\"true\" xmlns=\"http:\/\/www.w3.org\/2000\/svg\">\n\t\t\t\t\t\t\t\t\t\t\t\t\t<path d=\"m11.2033 18.4294-10.872894-10.67584c-.440539-.42594-.440539-1.1147 0-1.54065l.665495-.64345c.440539-.42595 1.152899-.42595 1.593439 0l9.41066 9.27114 9.4107-9.26207c.4405-.42595 1.1529-.42595 1.5934 0l.6655.64345c.4405.42594.4405 1.1147 0 1.54065l-10.8729 10.67587c-.4405.4168-1.1529.4168-1.5934-.0091z\"\/>\n\t\t\t\t\t\n\t\t\t\t\t\t<\/svg>\n\t\t\t\t\t<\/button>\n\t\t\t\t<\/h3>\n\t\t\t\t<div class=\"c-accordion__body l-stack u-font-body\">\n\t\t\t\t\t<div class=\"c-accordion__body__inner u-p-fluid-md-xl l-stack\">\n\t\t\t\t\t\t<p><span data-sheets-value=\"{&quot;1&quot;:2,&quot;2&quot;:&quot;Ja, vi har en matsal d\u00e4r lunchen serveras dagligen.&quot;}\" data-sheets-userformat=\"{&quot;2&quot;:13245,&quot;3&quot;:{&quot;1&quot;:0},&quot;5&quot;:{&quot;1&quot;:[{&quot;1&quot;:2,&quot;2&quot;:0,&quot;5&quot;:{&quot;1&quot;:2,&quot;2&quot;:0}},{&quot;1&quot;:0,&quot;2&quot;:0,&quot;3&quot;:3},{&quot;1&quot;:1,&quot;2&quot;:0,&quot;4&quot;:1}]},&quot;6&quot;:{&quot;1&quot;:[{&quot;1&quot;:2,&quot;2&quot;:0,&quot;5&quot;:{&quot;1&quot;:2,&quot;2&quot;:0}},{&quot;1&quot;:0,&quot;2&quot;:0,&quot;3&quot;:3},{&quot;1&quot;:1,&quot;2&quot;:0,&quot;4&quot;:1}]},&quot;7&quot;:{&quot;1&quot;:[{&quot;1&quot;:2,&quot;2&quot;:0,&quot;5&quot;:{&quot;1&quot;:2,&quot;2&quot;:0}},{&quot;1&quot;:0,&quot;2&quot;:0,&quot;3&quot;:3},{&quot;1&quot;:1,&quot;2&quot;:0,&quot;4&quot;:1}]},&quot;8&quot;:{&quot;1&quot;:[{&quot;1&quot;:2,&quot;2&quot;:0,&quot;5&quot;:{&quot;1&quot;:2,&quot;2&quot;:0}},{&quot;1&quot;:0,&quot;2&quot;:0,&quot;3&quot;:3},{&quot;1&quot;:1,&quot;2&quot;:0,&quot;4&quot;:1}]},&quot;10&quot;:2,&quot;11&quot;:3,&quot;12&quot;:0,&quot;15&quot;:&quot;Avenir&quot;,&quot;16&quot;:10}\">Ja, vi har en matsal d\u00e4r lunchen serveras dagligen.<\/span><\/p>\n\n\t\t\t\t\t<\/div>\n\t\t\t\t<\/div>\n\t\t\t<\/li>\n\t\t\n\t\t\t\t\t\t\t\t\t\t\t\t\t\t\t\n\t\t\t\n\t\t\t<li data-ajax-id=\"1255\" class=\"c-accordion__item \"\n\t\t\tdata-filter=\"om-skolan juni-2023\"\n\t\t\t>\n\t\t\t\t<h3 class=\"c-accordion__header\">\n\t\t\t\t\t\t\t\t\t\t<button class=\"c-accordion__trigger u-py-sm u-px-fluid-md-xl u-font-title-4\">\n\t\t\t\t\t\t<span>Var har jag idrott?<\/span>\n\t\t\t\t\t\t<svg class=\"ams-icon ams-icon__arrow-down\" width=\"24\" height=\"24\" viewbox=\"0 0 24 24\" fill=\"currentColor\" aria-hidden=\"true\" xmlns=\"http:\/\/www.w3.org\/2000\/svg\">\n\t\t\t\t\t\t\t\t\t\t\t\t\t<path d=\"m11.2033 18.4294-10.872894-10.67584c-.440539-.42594-.440539-1.1147 0-1.54065l.665495-.64345c.440539-.42595 1.152899-.42595 1.593439 0l9.41066 9.27114 9.4107-9.26207c.4405-.42595 1.1529-.42595 1.5934 0l.6655.64345c.4405.42594.4405 1.1147 0 1.54065l-10.8729 10.67587c-.4405.4168-1.1529.4168-1.5934-.0091z\"\/>\n\t\t\t\t\t\n\t\t\t\t\t\t<\/svg>\n\t\t\t\t\t<\/button>\n\t\t\t\t<\/h3>\n\t\t\t\t<div class=\"c-accordion__body l-stack u-font-body\">\n\t\t\t\t\t<div class=\"c-accordion__body__inner u-p-fluid-md-xl l-stack\">\n\t\t\t\t\t\t<p><span data-sheets-value=\"{&quot;1&quot;:2,&quot;2&quot;:&quot;Vi har idrott i en idrottshall ca 5 minuters promenad bort. V\u00e5ra idrottslektioner varierar p\u00e5 ett v\u00e4ldigt roligt s\u00e4tt. Eftersom vi inte har egen idrottshall s\u00e5 f\u00e5r eleverna testa allt fr\u00e5n pingis till ridning och kampsport under idrotten.&quot;}\" data-sheets-userformat=\"{&quot;2&quot;:13245,&quot;3&quot;:{&quot;1&quot;:0},&quot;5&quot;:{&quot;1&quot;:[{&quot;1&quot;:2,&quot;2&quot;:0,&quot;5&quot;:{&quot;1&quot;:2,&quot;2&quot;:0}},{&quot;1&quot;:0,&quot;2&quot;:0,&quot;3&quot;:3},{&quot;1&quot;:1,&quot;2&quot;:0,&quot;4&quot;:1}]},&quot;6&quot;:{&quot;1&quot;:[{&quot;1&quot;:2,&quot;2&quot;:0,&quot;5&quot;:{&quot;1&quot;:2,&quot;2&quot;:0}},{&quot;1&quot;:0,&quot;2&quot;:0,&quot;3&quot;:3},{&quot;1&quot;:1,&quot;2&quot;:0,&quot;4&quot;:1}]},&quot;7&quot;:{&quot;1&quot;:[{&quot;1&quot;:2,&quot;2&quot;:0,&quot;5&quot;:{&quot;1&quot;:2,&quot;2&quot;:0}},{&quot;1&quot;:0,&quot;2&quot;:0,&quot;3&quot;:3},{&quot;1&quot;:1,&quot;2&quot;:0,&quot;4&quot;:1}]},&quot;8&quot;:{&quot;1&quot;:[{&quot;1&quot;:2,&quot;2&quot;:0,&quot;5&quot;:{&quot;1&quot;:2,&quot;2&quot;:0}},{&quot;1&quot;:0,&quot;2&quot;:0,&quot;3&quot;:3},{&quot;1&quot;:1,&quot;2&quot;:0,&quot;4&quot;:1}]},&quot;10&quot;:2,&quot;11&quot;:3,&quot;12&quot;:0,&quot;15&quot;:&quot;Avenir&quot;,&quot;16&quot;:10}\">Vi har idrott i en idrottshall ca 5 minuters promenad bort. V\u00e5ra idrottslektioner varierar p\u00e5 ett v\u00e4ldigt roligt s\u00e4tt. Eftersom vi inte har egen idrottshall s\u00e5 f\u00e5r eleverna testa allt fr\u00e5n pingis till ridning och kampsport under idrotten.<\/span><\/p>\n\n\t\t\t\t\t<\/div>\n\t\t\t\t<\/div>\n\t\t\t<\/li>\n\t\t\n\t\t\t\t\t\t\t\t\t\t\t\t\t\t\t\n\t\t\t\n\t\t\t<li data-ajax-id=\"1253\" class=\"c-accordion__item \"\n\t\t\tdata-filter=\"om-skolan juni-2023\"\n\t\t\t>\n\t\t\t\t<h3 class=\"c-accordion__header\">\n\t\t\t\t\t\t\t\t\t\t<button class=\"c-accordion__trigger u-py-sm u-px-fluid-md-xl u-font-title-4\">\n\t\t\t\t\t\t<span>Var ligger skolan?<\/span>\n\t\t\t\t\t\t<svg class=\"ams-icon ams-icon__arrow-down\" width=\"24\" height=\"24\" viewbox=\"0 0 24 24\" fill=\"currentColor\" aria-hidden=\"true\" xmlns=\"http:\/\/www.w3.org\/2000\/svg\">\n\t\t\t\t\t\t\t\t\t\t\t\t\t<path d=\"m11.2033 18.4294-10.872894-10.67584c-.440539-.42594-.440539-1.1147 0-1.54065l.665495-.64345c.440539-.42595 1.152899-.42595 1.593439 0l9.41066 9.27114 9.4107-9.26207c.4405-.42595 1.1529-.42595 1.5934 0l.6655.64345c.4405.42594.4405 1.1147 0 1.54065l-10.8729 10.67587c-.4405.4168-1.1529.4168-1.5934-.0091z\"\/>\n\t\t\t\t\t\n\t\t\t\t\t\t<\/svg>\n\t\t\t\t\t<\/button>\n\t\t\t\t<\/h3>\n\t\t\t\t<div class=\"c-accordion__body l-stack u-font-body\">\n\t\t\t\t\t<div class=\"c-accordion__body__inner u-p-fluid-md-xl l-stack\">\n\t\t\t\t\t\t<p><span data-sheets-value=\"{&quot;1&quot;:2,&quot;2&quot;:&quot;Vi finns p\u00e5 TR\u00c4SL\u00d6VSV\u00c4GEN 58 [https:\/\/www.google.com\/maps\/place\/LBS+Varberg\/@57.102587,12.2654322,17z\/data=!3m1!4b1!4m5!3m4!1s0x46502a4daaf76575:0xae263cf3e2171bfe!8m2!3d57.102587!4d12.2676209] vid Willys, n\u00e4ra P\u00e5skbergsskogen. H\u00e4r [https:\/\/www.insidemaps.com\/app\/walkthrough-v2\/?projectId=GgIxXHAk5G&amp;env=production] kan du g\u00e5 en 3D-tur i skolans lokaler.&quot;}\" data-sheets-userformat=\"{&quot;2&quot;:13245,&quot;3&quot;:{&quot;1&quot;:0},&quot;5&quot;:{&quot;1&quot;:[{&quot;1&quot;:2,&quot;2&quot;:0,&quot;5&quot;:{&quot;1&quot;:2,&quot;2&quot;:0}},{&quot;1&quot;:0,&quot;2&quot;:0,&quot;3&quot;:3},{&quot;1&quot;:1,&quot;2&quot;:0,&quot;4&quot;:1}]},&quot;6&quot;:{&quot;1&quot;:[{&quot;1&quot;:2,&quot;2&quot;:0,&quot;5&quot;:{&quot;1&quot;:2,&quot;2&quot;:0}},{&quot;1&quot;:0,&quot;2&quot;:0,&quot;3&quot;:3},{&quot;1&quot;:1,&quot;2&quot;:0,&quot;4&quot;:1}]},&quot;7&quot;:{&quot;1&quot;:[{&quot;1&quot;:2,&quot;2&quot;:0,&quot;5&quot;:{&quot;1&quot;:2,&quot;2&quot;:0}},{&quot;1&quot;:0,&quot;2&quot;:0,&quot;3&quot;:3},{&quot;1&quot;:1,&quot;2&quot;:0,&quot;4&quot;:1}]},&quot;8&quot;:{&quot;1&quot;:[{&quot;1&quot;:2,&quot;2&quot;:0,&quot;5&quot;:{&quot;1&quot;:2,&quot;2&quot;:0}},{&quot;1&quot;:0,&quot;2&quot;:0,&quot;3&quot;:3},{&quot;1&quot;:1,&quot;2&quot;:0,&quot;4&quot;:1}]},&quot;10&quot;:2,&quot;11&quot;:3,&quot;12&quot;:0,&quot;15&quot;:&quot;Avenir&quot;,&quot;16&quot;:10}\">Vi finns p\u00e5 <a href=\"https:\/\/www.google.com\/maps\/place\/LBS+Varberg\/@57.102587,12.2654322,17z\/data=!3m1!4b1!4m5!3m4!1s0x46502a4daaf76575:0xae263cf3e2171bfe!8m2!3d57.102587!4d12.2676209\" target=\"_blank\" rel=\"noopener\">TR\u00c4SL\u00d6VSV\u00c4GEN 58<\/a> vid Willys, n\u00e4ra P\u00e5skbergsskogen. <a href=\"https:\/\/www.insidemaps.com\/app\/walkthrough-v2\/?projectId=GgIxXHAk5G&amp;env=production\" target=\"_blank\" rel=\"noopener\">H\u00e4r<\/a>\u00a0kan du g\u00e5 en 3D-tur i skolans lokaler.<\/span><\/p>\n\n\t\t\t\t\t<\/div>\n\t\t\t\t<\/div>\n\t\t\t<\/li>\n\t\t\n\t\t\t\t\t\t\t\t\t\t\t\t\t\t\t\n\t\t\t\n\t\t\t<li data-ajax-id=\"1682\" class=\"c-accordion__item \"\n\t\t\tdata-filter=\"om-skolan maj-2023\"\n\t\t\t>\n\t\t\t\t<h3 class=\"c-accordion__header\">\n\t\t\t\t\t\t\t\t\t\t<button class=\"c-accordion__trigger u-py-sm u-px-fluid-md-xl u-font-title-4\">\n\t\t\t\t\t\t<span>Vad st\u00e5r LBS f\u00f6r?<\/span>\n\t\t\t\t\t\t<svg class=\"ams-icon ams-icon__arrow-down\" width=\"24\" height=\"24\" viewbox=\"0 0 24 24\" fill=\"currentColor\" aria-hidden=\"true\" xmlns=\"http:\/\/www.w3.org\/2000\/svg\">\n\t\t\t\t\t\t\t\t\t\t\t\t\t<path d=\"m11.2033 18.4294-10.872894-10.67584c-.440539-.42594-.440539-1.1147 0-1.54065l.665495-.64345c.440539-.42595 1.152899-.42595 1.593439 0l9.41066 9.27114 9.4107-9.26207c.4405-.42595 1.1529-.42595 1.5934 0l.6655.64345c.4405.42594.4405 1.1147 0 1.54065l-10.8729 10.67587c-.4405.4168-1.1529.4168-1.5934-.0091z\"\/>\n\t\t\t\t\t\n\t\t\t\t\t\t<\/svg>\n\t\t\t\t\t<\/button>\n\t\t\t\t<\/h3>\n\t\t\t\t<div class=\"c-accordion__body l-stack u-font-body\">\n\t\t\t\t\t<div class=\"c-accordion__body__inner u-p-fluid-md-xl l-stack\">\n\t\t\t\t\t\t<p><span data-sheets-value=\"{&quot;1&quot;:2,&quot;2&quot;:&quot;LBS \u00e4r en f\u00f6rkortning av Ljud och Bildskolan. &quot;}\" data-sheets-userformat=\"{&quot;2&quot;:13119,&quot;3&quot;:{&quot;1&quot;:0},&quot;4&quot;:{&quot;1&quot;:2,&quot;2&quot;:13228792},&quot;5&quot;:{&quot;1&quot;:[{&quot;1&quot;:2,&quot;2&quot;:0,&quot;5&quot;:{&quot;1&quot;:2,&quot;2&quot;:0}},{&quot;1&quot;:0,&quot;2&quot;:0,&quot;3&quot;:3},{&quot;1&quot;:1,&quot;2&quot;:0,&quot;4&quot;:1}]},&quot;6&quot;:{&quot;1&quot;:[{&quot;1&quot;:2,&quot;2&quot;:0,&quot;5&quot;:{&quot;1&quot;:2,&quot;2&quot;:0}},{&quot;1&quot;:0,&quot;2&quot;:0,&quot;3&quot;:3},{&quot;1&quot;:1,&quot;2&quot;:0,&quot;4&quot;:1}]},&quot;7&quot;:{&quot;1&quot;:[{&quot;1&quot;:2,&quot;2&quot;:0,&quot;5&quot;:{&quot;1&quot;:2,&quot;2&quot;:0}},{&quot;1&quot;:0,&quot;2&quot;:0,&quot;3&quot;:3},{&quot;1&quot;:1,&quot;2&quot;:0,&quot;4&quot;:1}]},&quot;8&quot;:{&quot;1&quot;:[{&quot;1&quot;:2,&quot;2&quot;:0,&quot;5&quot;:{&quot;1&quot;:2,&quot;2&quot;:0}},{&quot;1&quot;:0,&quot;2&quot;:0,&quot;3&quot;:3},{&quot;1&quot;:1,&quot;2&quot;:0,&quot;4&quot;:1}]},&quot;11&quot;:3,&quot;12&quot;:0,&quot;15&quot;:&quot;Avenir&quot;,&quot;16&quot;:10}\">LBS \u00e4r en f\u00f6rkortning f\u00f6r Ljud- och Bildskolan. <\/span><\/p>\n\n\t\t\t\t\t<\/div>\n\t\t\t\t<\/div>\n\t\t\t<\/li>\n\t\t\n\t\t\t\t\t\t\t\t\t\t\t\t\t\t\t\n\t\t\t\n\t\t\t<li data-ajax-id=\"696\" class=\"c-accordion__item \"\n\t\t\tdata-filter=\"vanliga-fragor oktober-2022\"\n\t\t\t>\n\t\t\t\t<h3 class=\"c-accordion__header\">\n\t\t\t\t\t\t\t\t\t\t<button class=\"c-accordion__trigger u-py-sm u-px-fluid-md-xl u-font-title-4\">\n\t\t\t\t\t\t<span>F\u00e5r man h\u00f6gskolebeh\u00f6righet p\u00e5 LBS?<\/span>\n\t\t\t\t\t\t<svg class=\"ams-icon ams-icon__arrow-down\" width=\"24\" height=\"24\" viewbox=\"0 0 24 24\" fill=\"currentColor\" aria-hidden=\"true\" xmlns=\"http:\/\/www.w3.org\/2000\/svg\">\n\t\t\t\t\t\t\t\t\t\t\t\t\t<path d=\"m11.2033 18.4294-10.872894-10.67584c-.440539-.42594-.440539-1.1147 0-1.54065l.665495-.64345c.440539-.42595 1.152899-.42595 1.593439 0l9.41066 9.27114 9.4107-9.26207c.4405-.42595 1.1529-.42595 1.5934 0l.6655.64345c.4405.42594.4405 1.1147 0 1.54065l-10.8729 10.67587c-.4405.4168-1.1529.4168-1.5934-.0091z\"\/>\n\t\t\t\t\t\n\t\t\t\t\t\t<\/svg>\n\t\t\t\t\t<\/button>\n\t\t\t\t<\/h3>\n\t\t\t\t<div class=\"c-accordion__body l-stack u-font-body\">\n\t\t\t\t\t<div class=\"c-accordion__body__inner u-p-fluid-md-xl l-stack\">\n\t\t\t\t\t\t<p>Ja, b\u00e5de Estetiska programmet och Teknikprogrammet ger h\u00f6gskolebeh\u00f6righet och m\u00f6jligheten att studera vidare p\u00e5 universitet och h\u00f6gskola efter studenten. Under gymnasietiden ges \u00e4ven tv\u00e5 individuella val d\u00e4r man kan bredda sin beh\u00f6righet genom att exempelvis l\u00e4gga till en \u00e4mnesniv\u00e5 i matematik eller spr\u00e5k.<\/p>\n\n\t\t\t\t\t<\/div>\n\t\t\t\t<\/div>\n\t\t\t<\/li>\n\t\t\t<\/ul>\n\n\t<div class=\"no-results u-mt-0 u-hide\" data-filter-fallback-id=\"ams-faq-list-69f404b86c212\">\n\t<p>Det finns inga resultat som matchar din filtrering.<\/p>\n<\/div>\n\n\t    <div class=\"ams-faq__more u-inline-items js-load-more-btn\">\n        <button href=\"#\"\n                class=\"c-btn\"\n                data-style=\"square\"\n                data-size=\"md\"\n                data-width=\"full-mobile\"\n                data-variant=\"outline\">\n        \tVisa fler vanliga fr\u00e5gor\n        <\/button>\n    <\/div>\n\n\n\t\t\n\t\t\t<div class=\"ams-faq__action u-inline-items\">\n\t\t\t\t\t\t\t\n\n\n<a href=\"https:\/\/lbs.se\/varberg\/vanliga-fragor\/\"\n\t\n\tclass=\"c-btn \"\n\tdata-style=\"square\"\n\tdata-size=\"md\"\n\tdata-width=\"full-mobile\"\n\tdata-variant=\"outline\"\n\ttarget=\"_self\">\n\t\t\t<span class=\"label\"> Se alla vanliga fr\u00e5gor<\/span>\n\t\t\t<\/a>\n\t\t\t<\/div>\n\t<\/div>\n\n\t\t\n\n<\/section>\n\n\n\n\n<section  class=\"ams-info-card c-block l-stacked\" data-color-scheme=\"1551\">\n\t<div class=\"l-container l-stack l-stack-fluid-2xl u-pt-fluid-3xl-6xl u-pb-fluid-3xl-6xl is-center is-center@md\">\n\t\t\t\t\t<div class=\"ams-info-card__intro l-stack l-stack-lg\">\n\t\t\t\t\t\n\t<h2\n\tclass=\"c-heading u-font-title-1 \"\n\tstyle=\"\">\n\t\t\n\t\t\t\t\tV\u00c5RA AWARDS\n\t\t\t\t\n\t<\/h2>\n\n\t\t\t\t\t\t\t<\/div>\n\t\t\n\t\t\t\t\t\n<ul class=\"ams-info-card__list l-grid u-gap-2xl\">\n\t\t\t<li class=\"l-col-6@md l-col-4@lg\">\n\t\t\t<article\n\t\t\t\tclass=\"\n\t\t\t\tc-card\n\t\t\t\t\n\t\t\t\thas-media-zoom\n\t\t\t\t\n\t\t\t\t\"\n\t\t\t\tdata-variant=\"simple\"\n\t\t\t\tdata-style=\"square\"\n\t\t\t\t data-click-area\n\t\t\t\t\n\t\t\t\t\n\t\t\t\t>\n\t\t\t\t<div class=\"c-card__content l-stack l-stack-sm is-left is-left@md\">\n\t\t\t\t\t\t\t\t\t\t\t<h3 class=\"c-card__title u-font-title-3\">\n\t\t\t\t\t\t\t\t\t\t\t\t\t\t\t<a class=\"c-card__link\" href=\"https:\/\/lbs.se\/varberg\/e-sport-awards\/\" target=\"_self\">\n\t\t\t\t\t\t\t\t\tLBS E-SPORT AWARDS\n\t\t\t\t\t\t\t\t<\/a>\n\t\t\t\t\t\t\t\t\t\t\t\t\t<\/h3>\n\t\t\t\t\t\n\t\t\t\t\t\t\t\t\t\t\t<div class=\"c-card__text l-stack-xs u-font-body\">\n\t\t\t\t\t\t\t<p><span data-sheets-value=\"{&quot;1&quot;:2,&quot;2&quot;:&quot;Varje \u00e5r h\u00e5lls LBS E-sport League som slutligen avg\u00f6rs under E-sport Awards. Lagen f\u00e5r vara proffs f\u00f6r en dag medan de sl\u00e5ss om medaljerna.&quot;}\" data-sheets-userformat=\"{&quot;2&quot;:5025,&quot;3&quot;:{&quot;1&quot;:0},&quot;8&quot;:{&quot;1&quot;:[{&quot;1&quot;:2,&quot;2&quot;:0,&quot;5&quot;:{&quot;1&quot;:2,&quot;2&quot;:0}},{&quot;1&quot;:0,&quot;2&quot;:0,&quot;3&quot;:3},{&quot;1&quot;:1,&quot;2&quot;:0,&quot;4&quot;:1}]},&quot;10&quot;:0,&quot;11&quot;:4,&quot;12&quot;:0,&quot;15&quot;:&quot;Montserrat&quot;}\">Varje \u00e5r h\u00e5lls LBS E-sport League som slutligen avg\u00f6rs under E-sport Awards. Lagen f\u00e5r vara proffs f\u00f6r en dag medan de sl\u00e5ss om medaljerna.<\/span><\/p>\n\n\t\t\t\t\t\t<\/div>\n\t\t\t\t\t\n\t\t\t\t\t\t\t\t\t\t\t<div class=\"c-card__icon c-card__icon--nl\">\n\t\t\t\t\t\t\t\t\t\t\t\t\t\t<svg class=\"ams-icon ams-icon--arrow-right\" width=\"32\" height=\"32\" viewbox=\"0 0 32 32\" fill=\"currentColor\" aria-hidden=\"true\" xmlns=\"http:\/\/www.w3.org\/2000\/svg\">\n\t\t\t\t\t\t\t\t<path d=\"M19.3034 28L15.7415 24.4853L20.1077 20.2336L22.8079 17.966L22.7505 17.7392L17.6374 18.0794H0V12.8639H17.6374L22.7505 13.2041L22.8079 12.9773L20.1077 10.7098L15.7415 6.51474L19.3034 3L32 15.5283L19.3034 28Z\"\/>\n\t\t\t\t\t\t\t<\/svg>\n\t\t\t\t\t\t<\/div>\n\t\t\t\t\t\t\t\t\t<\/div>\n\n\t\t\t\t\t\t\t\t\t<div class=\"c-card__media \" style=\" \">\n\t\t\t\t\t\t<img decoding=\"async\" width=\"400\" height=\"400\" src=\"https:\/\/lbs.se\/wp-content\/uploads\/sites\/23\/2023\/06\/lbs-e-sport-awards-400x400.jpg\" class=\"\" alt=\"LBS e-sport awards logga.\" sizes=\"(min-width: 64em) 300px, (min-width: 48em) calc(.50 * (100vw - 304px)), calc(100vw - 208px)\" srcset=\"https:\/\/lbs.se\/wp-content\/uploads\/sites\/23\/2023\/06\/lbs-e-sport-awards-400x400.jpg 400w, https:\/\/lbs.se\/wp-content\/uploads\/sites\/23\/2023\/06\/lbs-e-sport-awards-150x150.jpg 150w, https:\/\/lbs.se\/wp-content\/uploads\/sites\/23\/2023\/06\/lbs-e-sport-awards-300x300.jpg 300w, https:\/\/lbs.se\/wp-content\/uploads\/sites\/23\/2023\/06\/lbs-e-sport-awards-600x600.jpg 600w, https:\/\/lbs.se\/wp-content\/uploads\/sites\/23\/2023\/06\/lbs-e-sport-awards-800x800.jpg 800w, https:\/\/lbs.se\/wp-content\/uploads\/sites\/23\/2023\/06\/lbs-e-sport-awards-1024x1024.jpg 1024w, https:\/\/lbs.se\/wp-content\/uploads\/sites\/23\/2023\/06\/lbs-e-sport-awards.jpg 1200w\" \/>\n\t\t\t\t\t<\/div>\n\t\t\t\t\t\t\t<\/article>\n\t\t<\/li>\n\t\t\t<li class=\"l-col-6@md l-col-4@lg\">\n\t\t\t<article\n\t\t\t\tclass=\"\n\t\t\t\tc-card\n\t\t\t\t\n\t\t\t\thas-media-zoom\n\t\t\t\t\n\t\t\t\t\"\n\t\t\t\tdata-variant=\"simple\"\n\t\t\t\tdata-style=\"square\"\n\t\t\t\t data-click-area\n\t\t\t\t\n\t\t\t\t\n\t\t\t\t>\n\t\t\t\t<div class=\"c-card__content l-stack l-stack-sm is-left is-left@md\">\n\t\t\t\t\t\t\t\t\t\t\t<h3 class=\"c-card__title u-font-title-3\">\n\t\t\t\t\t\t\t\t\t\t\t\t\t\t\t<a class=\"c-card__link\" href=\"https:\/\/lbs.se\/varberg\/game-awards\/\" target=\"_self\">\n\t\t\t\t\t\t\t\t\tLBS GAME AWARDS\n\t\t\t\t\t\t\t\t<\/a>\n\t\t\t\t\t\t\t\t\t\t\t\t\t<\/h3>\n\t\t\t\t\t\n\t\t\t\t\t\t\t\t\t\t\t<div class=\"c-card__text l-stack-xs u-font-body\">\n\t\t\t\t\t\t\t<p><span data-sheets-value=\"{&quot;1&quot;:2,&quot;2&quot;:&quot;Ett event d\u00e4r vi hyllar v\u00e5ra spelgrafiker och spelutvecklare. Bidrag l\u00e4mnas in till en jury som p\u00e5 kv\u00e4llen f\u00f6r eventet korar vinnarna.&quot;}\" data-sheets-userformat=\"{&quot;2&quot;:5033,&quot;3&quot;:{&quot;1&quot;:0},&quot;6&quot;:{&quot;1&quot;:[{&quot;1&quot;:2,&quot;2&quot;:0,&quot;5&quot;:{&quot;1&quot;:2,&quot;2&quot;:0}},{&quot;1&quot;:0,&quot;2&quot;:0,&quot;3&quot;:3},{&quot;1&quot;:1,&quot;2&quot;:0,&quot;4&quot;:1}]},&quot;8&quot;:{&quot;1&quot;:[{&quot;1&quot;:2,&quot;2&quot;:0,&quot;5&quot;:{&quot;1&quot;:2,&quot;2&quot;:0}},{&quot;1&quot;:0,&quot;2&quot;:0,&quot;3&quot;:3},{&quot;1&quot;:1,&quot;2&quot;:0,&quot;4&quot;:1}]},&quot;10&quot;:0,&quot;11&quot;:4,&quot;12&quot;:0,&quot;15&quot;:&quot;Montserrat&quot;}\">Ett event d\u00e4r vi hyllar v\u00e5ra spelgrafiker och spelutvecklare. Bidrag l\u00e4mnas in till en jury som p\u00e5 kv\u00e4llen f\u00f6r eventet korar vinnarna.<\/span><\/p>\n\n\t\t\t\t\t\t<\/div>\n\t\t\t\t\t\n\t\t\t\t\t\t\t\t\t\t\t<div class=\"c-card__icon c-card__icon--nl\">\n\t\t\t\t\t\t\t\t\t\t\t\t\t\t<svg class=\"ams-icon ams-icon--arrow-right\" width=\"32\" height=\"32\" viewbox=\"0 0 32 32\" fill=\"currentColor\" aria-hidden=\"true\" xmlns=\"http:\/\/www.w3.org\/2000\/svg\">\n\t\t\t\t\t\t\t\t<path d=\"M19.3034 28L15.7415 24.4853L20.1077 20.2336L22.8079 17.966L22.7505 17.7392L17.6374 18.0794H0V12.8639H17.6374L22.7505 13.2041L22.8079 12.9773L20.1077 10.7098L15.7415 6.51474L19.3034 3L32 15.5283L19.3034 28Z\"\/>\n\t\t\t\t\t\t\t<\/svg>\n\t\t\t\t\t\t<\/div>\n\t\t\t\t\t\t\t\t\t<\/div>\n\n\t\t\t\t\t\t\t\t\t<div class=\"c-card__media \" style=\" \">\n\t\t\t\t\t\t<img decoding=\"async\" width=\"400\" height=\"400\" src=\"https:\/\/lbs.se\/wp-content\/uploads\/sites\/23\/2023\/06\/lbs-game-awards-400x400.jpg\" class=\"\" alt=\"LBS game awards logga.\" sizes=\"(min-width: 64em) 300px, (min-width: 48em) calc(.50 * (100vw - 304px)), calc(100vw - 208px)\" srcset=\"https:\/\/lbs.se\/wp-content\/uploads\/sites\/23\/2023\/06\/lbs-game-awards-400x400.jpg 400w, https:\/\/lbs.se\/wp-content\/uploads\/sites\/23\/2023\/06\/lbs-game-awards-150x150.jpg 150w, https:\/\/lbs.se\/wp-content\/uploads\/sites\/23\/2023\/06\/lbs-game-awards-300x300.jpg 300w, https:\/\/lbs.se\/wp-content\/uploads\/sites\/23\/2023\/06\/lbs-game-awards-600x600.jpg 600w, https:\/\/lbs.se\/wp-content\/uploads\/sites\/23\/2023\/06\/lbs-game-awards-800x800.jpg 800w, https:\/\/lbs.se\/wp-content\/uploads\/sites\/23\/2023\/06\/lbs-game-awards-1024x1024.jpg 1024w, https:\/\/lbs.se\/wp-content\/uploads\/sites\/23\/2023\/06\/lbs-game-awards.jpg 1200w\" \/>\n\t\t\t\t\t<\/div>\n\t\t\t\t\t\t\t<\/article>\n\t\t<\/li>\n\t\t\t<li class=\"l-col-6@md l-col-4@lg\">\n\t\t\t<article\n\t\t\t\tclass=\"\n\t\t\t\tc-card\n\t\t\t\t\n\t\t\t\thas-media-zoom\n\t\t\t\t\n\t\t\t\t\"\n\t\t\t\tdata-variant=\"simple\"\n\t\t\t\tdata-style=\"square\"\n\t\t\t\t data-click-area\n\t\t\t\t\n\t\t\t\t\n\t\t\t\t>\n\t\t\t\t<div class=\"c-card__content l-stack l-stack-sm is-left is-left@md\">\n\t\t\t\t\t\t\t\t\t\t\t<h3 class=\"c-card__title u-font-title-3\">\n\t\t\t\t\t\t\t\t\t\t\t\t\t\t\t<a class=\"c-card__link\" href=\"https:\/\/lbs.se\/varberg\/music-and-media-awards\/\" target=\"_self\">\n\t\t\t\t\t\t\t\t\tLBS MUSIC AND MEDIA AWARDS\n\t\t\t\t\t\t\t\t<\/a>\n\t\t\t\t\t\t\t\t\t\t\t\t\t<\/h3>\n\t\t\t\t\t\n\t\t\t\t\t\t\t\t\t\t\t<div class=\"c-card__text l-stack-xs u-font-body\">\n\t\t\t\t\t\t\t<p><span data-sheets-value=\"{&quot;1&quot;:2,&quot;2&quot;:&quot;LBS egna gala f\u00f6r musik-, design- och medieelever. Elevarbeten hyllas och prisas under en helkv\u00e4ll.&quot;}\" data-sheets-userformat=\"{&quot;2&quot;:5025,&quot;3&quot;:{&quot;1&quot;:0},&quot;8&quot;:{&quot;1&quot;:[{&quot;1&quot;:2,&quot;2&quot;:0,&quot;5&quot;:{&quot;1&quot;:2,&quot;2&quot;:0}},{&quot;1&quot;:0,&quot;2&quot;:0,&quot;3&quot;:3},{&quot;1&quot;:1,&quot;2&quot;:0,&quot;4&quot;:1}]},&quot;10&quot;:0,&quot;11&quot;:4,&quot;12&quot;:0,&quot;15&quot;:&quot;Montserrat&quot;}\">LBS egna gala f\u00f6r musik-, design- och medieelever. Elevarbeten hyllas och prisas under en helkv\u00e4ll.<\/span><\/p>\n\n\t\t\t\t\t\t<\/div>\n\t\t\t\t\t\n\t\t\t\t\t\t\t\t\t\t\t<div class=\"c-card__icon c-card__icon--nl\">\n\t\t\t\t\t\t\t\t\t\t\t\t\t\t<svg class=\"ams-icon ams-icon--arrow-right\" width=\"32\" height=\"32\" viewbox=\"0 0 32 32\" fill=\"currentColor\" aria-hidden=\"true\" xmlns=\"http:\/\/www.w3.org\/2000\/svg\">\n\t\t\t\t\t\t\t\t<path d=\"M19.3034 28L15.7415 24.4853L20.1077 20.2336L22.8079 17.966L22.7505 17.7392L17.6374 18.0794H0V12.8639H17.6374L22.7505 13.2041L22.8079 12.9773L20.1077 10.7098L15.7415 6.51474L19.3034 3L32 15.5283L19.3034 28Z\"\/>\n\t\t\t\t\t\t\t<\/svg>\n\t\t\t\t\t\t<\/div>\n\t\t\t\t\t\t\t\t\t<\/div>\n\n\t\t\t\t\t\t\t\t\t<div class=\"c-card__media \" style=\" \">\n\t\t\t\t\t\t<img decoding=\"async\" width=\"400\" height=\"400\" src=\"https:\/\/lbs.se\/wp-content\/uploads\/sites\/23\/2023\/06\/lbs-music-and-media-awards-400x400.jpg\" class=\"\" alt=\"LBS music media awards logga.\" sizes=\"(min-width: 64em) 300px, (min-width: 48em) calc(.50 * (100vw - 304px)), calc(100vw - 208px)\" srcset=\"https:\/\/lbs.se\/wp-content\/uploads\/sites\/23\/2023\/06\/lbs-music-and-media-awards-400x400.jpg 400w, https:\/\/lbs.se\/wp-content\/uploads\/sites\/23\/2023\/06\/lbs-music-and-media-awards-150x150.jpg 150w, https:\/\/lbs.se\/wp-content\/uploads\/sites\/23\/2023\/06\/lbs-music-and-media-awards-300x300.jpg 300w, https:\/\/lbs.se\/wp-content\/uploads\/sites\/23\/2023\/06\/lbs-music-and-media-awards-600x600.jpg 600w, https:\/\/lbs.se\/wp-content\/uploads\/sites\/23\/2023\/06\/lbs-music-and-media-awards-800x800.jpg 800w, https:\/\/lbs.se\/wp-content\/uploads\/sites\/23\/2023\/06\/lbs-music-and-media-awards-1024x1024.jpg 1024w, https:\/\/lbs.se\/wp-content\/uploads\/sites\/23\/2023\/06\/lbs-music-and-media-awards.jpg 1200w\" \/>\n\t\t\t\t\t<\/div>\n\t\t\t\t\t\t\t<\/article>\n\t\t<\/li>\n\t<\/ul>\n\t\n\t\t\t<\/div>\n\n\t\t\n\t\t\t\t\n\t\t\n\t\t\t\n\t\t\t\t\t\n\t\t\t\n\t\t\t\t\t\n\t\t\t\t\t\t\t\t\t\t\n\t\t\t\t\t\n\t\t\t\t\t\t\t\t\t\t\n\t\t\t\t\t\n\t\t\t\n\t\t\t\t\t\n\t\t\t\n\t\t\t\t\t\n\t\t<div class=\"c-image-offset\" style=\"--img-size-min:80;--img-size-max:200;--block-start-min:-25;--block-start-max:-105;--inline-end-min:20;--inline-end-max:70\">\n\t\t\t<img decoding=\"async\" width=\"317\" height=\"302\" src=\"https:\/\/lbs.se\/wp-content\/uploads\/sites\/23\/2023\/06\/lbsarkitektobjekt.png\" class=\"attachment-sm size-sm\" alt=\"\" srcset=\"https:\/\/lbs.se\/wp-content\/uploads\/sites\/23\/2023\/06\/lbsarkitektobjekt.png 317w, https:\/\/lbs.se\/wp-content\/uploads\/sites\/23\/2023\/06\/lbsarkitektobjekt-300x286.png 300w\" sizes=\"(max-width: 317px) 100vw, 317px\" \/>\n\t\t<\/div>\n\t\t\n\n<\/section>\n\n\n\n\t\n\t\n\t\n\n\t\n\t\n\t\t\n<section  class=\"c-block l-stacked  \" data-color-scheme=\"13\">\n\t<div class=\"ams-fifty ams-fifty--container ams-fifty--right ams-fifty--top l-container u-pt-fluid-3xl-6xl u-pb-fluid-3xl-6xl\">\n\t\t<div class=\"ams-fifty__content l-stack l-stack-xl is-left is-left@lg\">\n\t\t\t<div class=\"ams-fifty__text l-stack l-stack-lg\">\n\t\t\t\t\t\n\t<h2\n\tclass=\"c-heading u-font-title-1 \"\n\tstyle=\"\">\n\t\t\n\t\t\t\t\tMASTERCLASS\n\t\t\t\t\n\t<\/h2>\n\n\t\t\t\t\t\t\t\t\t<div class=\"text l-stack u-font-body\">\n\t\t\t\t\t\t<p><span data-sheets-value=\"{&quot;1&quot;:2,&quot;2&quot;:&quot;Masterclasses \u00e4r det vi kallar v\u00e5ra g\u00e4stf\u00f6rel\u00e4sningar, workshops och m\u00f6ten med branschen. Vi bjuder in personer som arbetar i eller studerar mot branscher relaterade till v\u00e5ra utbildningar. P\u00e5 s\u00e5 vis f\u00e5r du som elev inblick i arbetslivet och verklighetsf\u00f6rankring i din utbildning.&quot;}\" data-sheets-userformat=\"{&quot;2&quot;:4993,&quot;3&quot;:{&quot;1&quot;:0},&quot;10&quot;:0,&quot;11&quot;:4,&quot;12&quot;:0,&quot;15&quot;:&quot;Montserrat&quot;}\">Masterclasses \u00e4r det vi kallar v\u00e5ra g\u00e4stf\u00f6rel\u00e4sningar, workshops och m\u00f6ten med branschen. Vi bjuder in personer som arbetar i eller studerar mot branscher relaterade till v\u00e5ra utbildningar. P\u00e5 s\u00e5 vis f\u00e5r du som elev inblick i arbetslivet och verklighetsf\u00f6rankring i din utbildning.<\/span><\/p>\n\n\t\t\t\t\t<\/div>\n\t\t\t\t\t\t\t<\/div>\n\n\t\t\t\t<div class=\"ams-fifty__action u-inline-items\">\n\t\t\t\t\t\t\t\n\n\n<a href=\"https:\/\/lbs.se\/varberg\/var-skola\/lbs-masterclass\/\"\n\t\n\tclass=\"c-btn \"\n\tdata-style=\"square\"\n\tdata-size=\"md\"\n\tdata-width=\"full-mobile\"\n\tdata-variant=\"default\"\n\ttarget=\"_self\">\n\t\t\t<span class=\"label\"> Om Masterclass<\/span>\n\t\t\t<\/a>\n\t\t\t<\/div>\n\t\t<\/div>\n\n\t\t <div class=\"ams-fifty__media u-ratio-square\">\n\t\t \t\t\t\t\t<img decoding=\"async\" width=\"600\" height=\"600\" src=\"https:\/\/lbs.se\/wp-content\/uploads\/sites\/23\/2023\/06\/lbs-masterclass-branschen-600x600.jpg\" class=\"attachment-md size-md\" alt=\"Elev st\u00e5r och pratar framf\u00f6r klassen och presenterar ett spel p\u00e5 storbildsk\u00e4rm.\" sizes=\"(min-width: 64em) 600px, calc(100vw - 160px)\" srcset=\"https:\/\/lbs.se\/wp-content\/uploads\/sites\/23\/2023\/06\/lbs-masterclass-branschen-600x600.jpg 600w, https:\/\/lbs.se\/wp-content\/uploads\/sites\/23\/2023\/06\/lbs-masterclass-branschen-150x150.jpg 150w, https:\/\/lbs.se\/wp-content\/uploads\/sites\/23\/2023\/06\/lbs-masterclass-branschen-300x300.jpg 300w, https:\/\/lbs.se\/wp-content\/uploads\/sites\/23\/2023\/06\/lbs-masterclass-branschen-400x400.jpg 400w, https:\/\/lbs.se\/wp-content\/uploads\/sites\/23\/2023\/06\/lbs-masterclass-branschen-800x800.jpg 800w, https:\/\/lbs.se\/wp-content\/uploads\/sites\/23\/2023\/06\/lbs-masterclass-branschen-1024x1024.jpg 1024w, https:\/\/lbs.se\/wp-content\/uploads\/sites\/23\/2023\/06\/lbs-masterclass-branschen.jpg 1200w\" \/>\n\t\t\t\n\t\t\t\n\t\t\t\t\t<\/div>\n\t<\/div>\n\n\t\t\n\n<\/section>\n","protected":false},"excerpt":{"rendered":"","protected":false},"author":1,"featured_media":0,"parent":0,"menu_order":0,"comment_status":"closed","ping_status":"closed","template":"","meta":{"footnotes":""},"yoast_head":"<!-- This site is optimized with the Yoast SEO plugin v22.0 - https:\/\/yoast.com\/wordpress\/plugins\/seo\/ -->\n<title>LBS Gymnasium Varberg - V\u00e5r skola<\/title>\n<meta name=\"description\" content=\"H\u00e4r kan du l\u00e4sa Estetiska programmet eller Teknikprogrammet mot flera sp\u00e4nnande profiler. V\u00e4lkommen till LBS Kreativa Gymnasium Varberg!\" \/>\n<meta name=\"robots\" content=\"index, follow, max-snippet:-1, max-image-preview:large, max-video-preview:-1\" \/>\n<link rel=\"canonical\" href=\"https:\/\/lbs.se\/varberg\/var-skola\/\" \/>\n<meta property=\"og:locale\" content=\"sv_SE\" \/>\n<meta property=\"og:type\" content=\"article\" \/>\n<meta property=\"og:title\" content=\"LBS Gymnasium Varberg - V\u00e5r skola\" \/>\n<meta property=\"og:description\" content=\"H\u00e4r kan du l\u00e4sa Estetiska programmet eller Teknikprogrammet mot flera sp\u00e4nnande profiler. V\u00e4lkommen till LBS Kreativa Gymnasium Varberg!\" \/>\n<meta property=\"og:url\" content=\"https:\/\/lbs.se\/varberg\/var-skola\/\" \/>\n<meta property=\"og:site_name\" content=\"Varberg\" \/>\n<meta property=\"article:modified_time\" content=\"2024-09-02T12:51:43+00:00\" \/>\n<meta name=\"twitter:card\" content=\"summary_large_image\" \/>\n<meta name=\"twitter:title\" content=\"LBS Gymnasium Varberg - V\u00e5r skola\" \/>\n<meta name=\"twitter:description\" content=\"H\u00e4r kan du l\u00e4sa Estetiska programmet eller Teknikprogrammet mot flera sp\u00e4nnande profiler. V\u00e4lkommen till LBS Kreativa Gymnasium Varberg!\" \/>\n<meta name=\"twitter:label1\" content=\"Ber\u00e4knad l\u00e4stid\" \/>\n\t<meta name=\"twitter:data1\" content=\"3 minuter\" \/>\n<script type=\"application\/ld+json\" class=\"yoast-schema-graph\">{\"@context\":\"https:\/\/schema.org\",\"@graph\":[{\"@type\":\"WebPage\",\"@id\":\"https:\/\/lbs.se\/varberg\/var-skola\/\",\"url\":\"https:\/\/lbs.se\/varberg\/var-skola\/\",\"name\":\"LBS Gymnasium Varberg - V\u00e5r skola\",\"isPartOf\":{\"@id\":\"https:\/\/lbs.se\/varberg\/#website\"},\"datePublished\":\"2022-07-25T21:06:42+00:00\",\"dateModified\":\"2024-09-02T12:51:43+00:00\",\"description\":\"H\u00e4r kan du l\u00e4sa Estetiska programmet eller Teknikprogrammet mot flera sp\u00e4nnande profiler. V\u00e4lkommen till LBS Kreativa Gymnasium Varberg!\",\"breadcrumb\":{\"@id\":\"https:\/\/lbs.se\/varberg\/var-skola\/#breadcrumb\"},\"inLanguage\":\"sv-SE\",\"potentialAction\":[{\"@type\":\"ReadAction\",\"target\":[\"https:\/\/lbs.se\/varberg\/var-skola\/\"]}]},{\"@type\":\"BreadcrumbList\",\"@id\":\"https:\/\/lbs.se\/varberg\/var-skola\/#breadcrumb\",\"itemListElement\":[{\"@type\":\"ListItem\",\"position\":1,\"name\":\"Start\",\"item\":\"https:\/\/lbs.se\/varberg\/\"},{\"@type\":\"ListItem\",\"position\":2,\"name\":\"V\u00e5r skola\"}]},{\"@type\":\"WebSite\",\"@id\":\"https:\/\/lbs.se\/varberg\/#website\",\"url\":\"https:\/\/lbs.se\/varberg\/\",\"name\":\"Varberg\",\"description\":\"LBS Kreativa Gymnasiet\",\"potentialAction\":[{\"@type\":\"SearchAction\",\"target\":{\"@type\":\"EntryPoint\",\"urlTemplate\":\"https:\/\/lbs.se\/varberg\/?s={search_term_string}\"},\"query-input\":\"required name=search_term_string\"}],\"inLanguage\":\"sv-SE\"}]}<\/script>\n<!-- \/ Yoast SEO plugin. -->","yoast_head_json":{"title":"LBS Gymnasium Varberg - V\u00e5r skola","description":"H\u00e4r kan du l\u00e4sa Estetiska programmet eller Teknikprogrammet mot flera sp\u00e4nnande profiler. V\u00e4lkommen till LBS Kreativa Gymnasium Varberg!","robots":{"index":"index","follow":"follow","max-snippet":"max-snippet:-1","max-image-preview":"max-image-preview:large","max-video-preview":"max-video-preview:-1"},"canonical":"https:\/\/lbs.se\/varberg\/var-skola\/","og_locale":"sv_SE","og_type":"article","og_title":"LBS Gymnasium Varberg - V\u00e5r skola","og_description":"H\u00e4r kan du l\u00e4sa Estetiska programmet eller Teknikprogrammet mot flera sp\u00e4nnande profiler. V\u00e4lkommen till LBS Kreativa Gymnasium Varberg!","og_url":"https:\/\/lbs.se\/varberg\/var-skola\/","og_site_name":"Varberg","article_modified_time":"2024-09-02T12:51:43+00:00","twitter_card":"summary_large_image","twitter_title":"LBS Gymnasium Varberg - V\u00e5r skola","twitter_description":"H\u00e4r kan du l\u00e4sa Estetiska programmet eller Teknikprogrammet mot flera sp\u00e4nnande profiler. V\u00e4lkommen till LBS Kreativa Gymnasium Varberg!","twitter_misc":{"Ber\u00e4knad l\u00e4stid":"3 minuter"},"schema":{"@context":"https:\/\/schema.org","@graph":[{"@type":"WebPage","@id":"https:\/\/lbs.se\/varberg\/var-skola\/","url":"https:\/\/lbs.se\/varberg\/var-skola\/","name":"LBS Gymnasium Varberg - V\u00e5r skola","isPartOf":{"@id":"https:\/\/lbs.se\/varberg\/#website"},"datePublished":"2022-07-25T21:06:42+00:00","dateModified":"2024-09-02T12:51:43+00:00","description":"H\u00e4r kan du l\u00e4sa Estetiska programmet eller Teknikprogrammet mot flera sp\u00e4nnande profiler. V\u00e4lkommen till LBS Kreativa Gymnasium Varberg!","breadcrumb":{"@id":"https:\/\/lbs.se\/varberg\/var-skola\/#breadcrumb"},"inLanguage":"sv-SE","potentialAction":[{"@type":"ReadAction","target":["https:\/\/lbs.se\/varberg\/var-skola\/"]}]},{"@type":"BreadcrumbList","@id":"https:\/\/lbs.se\/varberg\/var-skola\/#breadcrumb","itemListElement":[{"@type":"ListItem","position":1,"name":"Start","item":"https:\/\/lbs.se\/varberg\/"},{"@type":"ListItem","position":2,"name":"V\u00e5r skola"}]},{"@type":"WebSite","@id":"https:\/\/lbs.se\/varberg\/#website","url":"https:\/\/lbs.se\/varberg\/","name":"Varberg","description":"LBS Kreativa Gymnasiet","potentialAction":[{"@type":"SearchAction","target":{"@type":"EntryPoint","urlTemplate":"https:\/\/lbs.se\/varberg\/?s={search_term_string}"},"query-input":"required name=search_term_string"}],"inLanguage":"sv-SE"}]}},"_links":{"self":[{"href":"https:\/\/lbs.se\/varberg\/wp-json\/wp\/v2\/pages\/19"}],"collection":[{"href":"https:\/\/lbs.se\/varberg\/wp-json\/wp\/v2\/pages"}],"about":[{"href":"https:\/\/lbs.se\/varberg\/wp-json\/wp\/v2\/types\/page"}],"author":[{"embeddable":true,"href":"https:\/\/lbs.se\/varberg\/wp-json\/wp\/v2\/users\/1"}],"replies":[{"embeddable":true,"href":"https:\/\/lbs.se\/varberg\/wp-json\/wp\/v2\/comments?post=19"}],"version-history":[{"count":10,"href":"https:\/\/lbs.se\/varberg\/wp-json\/wp\/v2\/pages\/19\/revisions"}],"predecessor-version":[{"id":1964,"href":"https:\/\/lbs.se\/varberg\/wp-json\/wp\/v2\/pages\/19\/revisions\/1964"}],"wp:attachment":[{"href":"https:\/\/lbs.se\/varberg\/wp-json\/wp\/v2\/media?parent=19"}],"curies":[{"name":"wp","href":"https:\/\/api.w.org\/{rel}","templated":true}]}}