{"id":19,"date":"2022-07-25T23:06:42","date_gmt":"2022-07-25T21:06:42","guid":{"rendered":"https:\/\/lbs.se\/stockholmsodra\/?page_id=19"},"modified":"2025-11-27T14:56:20","modified_gmt":"2025-11-27T13:56:20","slug":"var-skola","status":"publish","type":"page","link":"https:\/\/lbs.se\/stockholmsodra\/var-skola\/","title":{"rendered":"V\u00e5r skola"},"content":{"rendered":"\n\t\n\t\n\t\n\n\t\n\t\n\t\t\n<section  class=\"c-block l-stacked  \" data-color-scheme=\"new-standard-dark\">\n\t<div class=\"ams-fifty ams-fifty--container ams-fifty--left ams-fifty--top l-container u-pt-fluid-3xl-6xl u-pb-fluid-Ingen\">\n\t\t<div class=\"ams-fifty__content l-stack l-stack-xl is-left is-left@lg\">\n\t\t\t<div class=\"ams-fifty__text l-stack l-stack-lg\">\n\t\t\t\t\t\n\t<h1\n\tclass=\"c-heading u-font-title-1 \"\n\tstyle=\"\">\n\t\t\n\t\t\t\t\tOM LBS STOCKHOLM S\u00d6DRA\n\t\t\t\t\n\t<\/h1>\n\n\t\t\t\t\t\t\t\t\t<div class=\"text l-stack u-font-body\">\n\t\t\t\t\t\t<p><span data-sheets-value=\"{&quot;1&quot;:2,&quot;2&quot;:&quot;V\u00e4lkommen till LBS Stockholm S\u00f6dra \u2013 Skolan f\u00f6r kreativa talanger!\\n\\nLBS Stockholm S\u00f6dra \u00e4r bel\u00e4gen i Sveriges modernaste gymnasiecampus. Vi erbjuder utbildningar inom Grafisk design, Spelgrafik, Media beteende, Foto och Film, App- och webbutveckling samt Spelutveckling. V\u00e5r skola \u00e4r f\u00f6r alla elever som vill utveckla sin kreativitet och f\u00f6rbereda sig f\u00f6r att arbeta i kreativa branscher. Du beh\u00f6ver inte ha kunskaperna innan du b\u00f6rjar h\u00e4r, vi kommer att l\u00e4ra dig allt du beh\u00f6ver veta!\\n\\nV\u00e5r milj\u00f6\\nP\u00e5 LBS Stockholm S\u00f6dra \u00e4r det en trevlig st\u00e4mning mellan elever och l\u00e4rare. Skolan har anpassade lokaler f\u00f6r undervisning i pedagogisk framkant och f\u00f6r att ge utlopp f\u00f6r elevernas kreativitet. Vi ligger centralt p\u00e5 S\u00f6dermalm, med g\u00e5ngavst\u00e5nd fr\u00e5n Skanstull och S\u00f6dra Station.\\n\\nDet h\u00e4nder hos oss\\nUt\u00f6ver den ordinarie undervisningen deltar skolan i alla LBS Awards, anordnar LAN och har klubbar p\u00e5 skolan samt programveckor d\u00e4r vi skapar f\u00e4rdiga produkter tillsammans mellan programmen. Vi har \u00e4ven flera samarbeten med olika f\u00f6retag i branscherna och v\u00e5ra l\u00e4rare deltar i ledningsgrupper p\u00e5 Futuregames och The Game Assembly.\\n\\nGemenskap\\nDet b\u00e4sta med LBS Stockholm S\u00f6dra \u00e4r den starka gemenskapen mellan eleverna. De \u00e4r kreativa och sn\u00e4lla, vilket skapar en h\u00e4rlig atmosf\u00e4r. L\u00e4rarna \u00e4r genuint intresserade av elevernas utveckling, vilket leder till mycket goda relationer mellan elever och l\u00e4rare.\\n&quot;}\" data-sheets-userformat=\"{&quot;2&quot;:5025,&quot;3&quot;:{&quot;1&quot;:0},&quot;8&quot;:{&quot;1&quot;:[{&quot;1&quot;:2,&quot;2&quot;:0,&quot;5&quot;:{&quot;1&quot;:2,&quot;2&quot;:0}},{&quot;1&quot;:0,&quot;2&quot;:0,&quot;3&quot;:3},{&quot;1&quot;:1,&quot;2&quot;:0,&quot;4&quot;:1}]},&quot;10&quot;:0,&quot;11&quot;:4,&quot;12&quot;:0,&quot;15&quot;:&quot;Montserrat&quot;}\" data-sheets-textstyleruns=\"{&quot;1&quot;:0,&quot;2&quot;:{&quot;5&quot;:1}}\uee10{&quot;1&quot;:66}\uee10{&quot;1&quot;:487,&quot;2&quot;:{&quot;5&quot;:1}}\uee10{&quot;1&quot;:496}\uee10{&quot;1&quot;:774,&quot;2&quot;:{&quot;5&quot;:1}}\uee10{&quot;1&quot;:792}\uee10{&quot;1&quot;:1124,&quot;2&quot;:{&quot;5&quot;:1}}\uee10{&quot;1&quot;:1133}\">V\u00e4lkommen till LBS Kreativa Gymnasiet Stockholm S\u00f6dra \u2013 Skolan f\u00f6r digitalt skapande och h\u00f6gskolebeh\u00f6righet!<\/span><\/p>\n<p>LBS Kreativa Gymnasiet Stockholm S\u00f6dra \u00e4r bel\u00e4gen i toppmoderna Campus S\u00f6dermalm, p\u00e5 <a href=\"https:\/\/www.hitta.se\/kartan!~59.30591,18.08611,14z\/tr!i=8moQsNLY\/search!i=mptffcobx!q=LBS%20Kreativa%20Gymnasiet%20Stockholm%20S%C3%B6dra%2C%20Tullg%C3%A5rdsgatan%20Stockholm!t=single!st=cmp!a=59.30591:18.08611!ai=mptffcobx!aic=59.30591:18.08611?search=LBS%20Kreativa%20Gymnasiet%20G%C3%B6teborg%20%C3%96stra%20Hamngatan%2013%20G%C3%B6teborg&amp;st=single&amp;sst=cmp&amp;sids=cryecrxja&amp;srb=0\">Tullg\u00e5rdsgatan 12<\/a>. Vi erbjuder utbildningar inom Grafisk design, Digital design, Spelgrafik, AI och webbutveckling samt Spelutveckling. LBS Kreativa Gymnasiet passar dig som vill utveckla din kreativitet och f\u00f6rbereda dig f\u00f6r h\u00f6gskola och kreativa branscher. Du beh\u00f6ver inte ha n\u00e5gra kunskaperna innan du b\u00f6rjar h\u00e4r, vi kommer att l\u00e4ra dig allt du beh\u00f6ver veta!<\/p>\n<p>&nbsp;<\/p>\n\n\t\t\t\t\t<\/div>\n\t\t\t\t\t\t\t<\/div>\n\n\t\t\t\t<div class=\"ams-fifty__action u-inline-items\">\n\t\t\t\t\t\t\t\n\n\n<a href=\"https:\/\/lbs.se\/stockholmsodra\/oppet-hus\/\"\n\t\n\tclass=\"c-btn \"\n\tdata-style=\"square\"\n\tdata-size=\"md\"\n\tdata-width=\"full-mobile\"\n\tdata-variant=\"default\"\n\ttarget=\"_self\">\n\t\t\t<span class=\"label\"> Bes\u00f6k \u00d6ppet hus<\/span>\n\t\t\t<\/a>\n\t\t\t<\/div>\n\t\t<\/div>\n\n\t\t <div class=\"ams-fifty__media u-ratio-square\">\n\t\t \t\t\t\t\t<img decoding=\"async\" width=\"600\" height=\"600\" src=\"https:\/\/lbs.se\/wp-content\/uploads\/sites\/21\/2023\/06\/lbs-kreativa-gymnasiet-202304-600x600.jpg\" class=\"attachment-md size-md\" alt=\"Elever p\u00e5 LBS Stockholm S\u00f6dra.\" sizes=\"(min-width: 64em) 600px, calc(100vw - 160px)\" srcset=\"https:\/\/lbs.se\/wp-content\/uploads\/sites\/21\/2023\/06\/lbs-kreativa-gymnasiet-202304-600x600.jpg 600w, https:\/\/lbs.se\/wp-content\/uploads\/sites\/21\/2023\/06\/lbs-kreativa-gymnasiet-202304-150x150.jpg 150w, https:\/\/lbs.se\/wp-content\/uploads\/sites\/21\/2023\/06\/lbs-kreativa-gymnasiet-202304-300x300.jpg 300w, https:\/\/lbs.se\/wp-content\/uploads\/sites\/21\/2023\/06\/lbs-kreativa-gymnasiet-202304-400x400.jpg 400w, https:\/\/lbs.se\/wp-content\/uploads\/sites\/21\/2023\/06\/lbs-kreativa-gymnasiet-202304-800x800.jpg 800w, https:\/\/lbs.se\/wp-content\/uploads\/sites\/21\/2023\/06\/lbs-kreativa-gymnasiet-202304-1024x1024.jpg 1024w, https:\/\/lbs.se\/wp-content\/uploads\/sites\/21\/2023\/06\/lbs-kreativa-gymnasiet-202304.jpg 1200w\" \/>\n\t\t\t\n\t\t\t\n\t\t\t\t\t<\/div>\n\t<\/div>\n\n\t\t\n\n<\/section>\n\n\n\n<div class=\"module_wrapper ams_background_module  site__primary-bg   site__text-color--light  cp-120\" >\n<div class=\"container_width--full_width_conIcon\">\n\t\n\n<div class=\"wp-block-group is-style-container is-content-justification-left is-layout-constrained wp-container-core-group-layout-1 wp-block-group-is-layout-constrained\">\n<h2 class=\"wp-block-heading\">V\u00e5r milj\u00f6<\/h2>\n\n\n\n<p>P\u00e5 LBS gymnasium i s\u00f6dra Stockholm \u00e4r det en trevlig st\u00e4mning mellan elever och l\u00e4rare. Skolan har anpassade lokaler f\u00f6r undervisning i framkant och f\u00f6r att ge utlopp f\u00f6r din kreativitet. Vi ligger centralt p\u00e5 S\u00f6dermalm, med g\u00e5ngavst\u00e5nd fr\u00e5n Skanstull och S\u00f6dra Station.<\/p>\n\n\n\n<h3 class=\"wp-block-heading\">Det h\u00e4nder hos oss<\/h3>\n\n\n\n<p>Ut\u00f6ver den ordinarie undervisningen kommer du att f\u00e5 delta i LBS Awards, LAN och klubbar p\u00e5 skolan samt programveckor d\u00e4r du f\u00e5r skapa f\u00e4rdiga produkter tillsammans med andra elever mellan programmen. Vi har \u00e4ven flera samarbeten med olika f\u00f6retag i branscherna och v\u00e5ra l\u00e4rare deltar i ledningsgrupper p\u00e5 Futuregames och The Game Assembly -allt f\u00f6r att du ska f\u00e5 en verklighetsf\u00f6rankrad utbildning.<\/p>\n<\/div>\n\n\n\n\t\t\t\t\t\t\t\t\t\t\t\t\t<\/div>\n<\/div>\n\n\n\n\t\n\t\n\t\n\n\t\n\t\n\t\t\n<section  class=\"c-block l-stacked  \" data-color-scheme=\"new-standard-dark\">\n\t<div class=\"ams-fifty ams-fifty--container ams-fifty--right ams-fifty--top l-container u-pt-fluid-md-xl u-pb-fluid-3xl-6xl\">\n\t\t<div class=\"ams-fifty__content l-stack l-stack-xl is-left is-left@lg\">\n\t\t\t<div class=\"ams-fifty__text l-stack l-stack-lg\">\n\t\t\t\t\t\n\t<h2\n\tclass=\"c-heading u-font-title-1 \"\n\tstyle=\"\">\n\t\t\n\t\t\t\t\t\t\t\t\tRes utomlands under gymnasiet\n\t\t\t\t<span class=\"c-heading__sub is-below u-font-title-3\">\n\t\t\t\t\tVi \u00e4r Erasmus+ ackrediterade\n\t\t\t\t<\/span>\n\t\t\t\t\t\t\t\n\t<\/h2>\n\n\t\t\t\t\t\t\t\t\t<div class=\"text l-stack u-font-body\">\n\t\t\t\t\t\t<p>LBS Stockholm S\u00f6dra arbetar med Erasmus+, ett europeiskt utbytesprogram. Projekten inom Erasmus+ inneb\u00e4r att b\u00e5de elever och personal har m\u00f6jlighet att resa utomlands f\u00f6r att delta i utbildningsprojekt och jobbskuggning.<\/p>\n<p>Genom samarbetet med Erasmus+ \u00f6ppnas m\u00e5nga d\u00f6rrar f\u00f6r utbyten med skolor \u00f6ver hela v\u00e4rlden. Dessa resor ger dig chansen att utveckla dina kunskaper och s\u00e4kerst\u00e4ller att vi som skola forts\u00e4tter erbjuda utbildningar i framkant. V\u00e5rt m\u00e5l \u00e4r att varje \u00e5r erbjuda m\u00f6jligheten att ans\u00f6ka om att delta i ett utbytesprojekt med en skola utomlands, f\u00f6r de elever som vill. En elevresa varar cirka en vecka, och inneb\u00e4r att du som elev tillsammans med l\u00e4rare reser utomlands och arbetar med olika sp\u00e4nnande projekt med elever fr\u00e5n gymnasieskolor i andra europeiska l\u00e4nder.<\/p>\n<p>Resm\u00e5len varierar fr\u00e5n \u00e5r till \u00e5r, vi har tidigare \u00e5r bes\u00f6kt Tyskland och Italien. L\u00e4s\u00e5ret 24\/25 var v\u00e5ra elever till Amsterdam, Berlin och Italien.<\/p>\n\n\t\t\t\t\t<\/div>\n\t\t\t\t\t\t\t<\/div>\n\n\t\t\t\t\t<\/div>\n\n\t\t <div class=\"ams-fifty__media u-ratio-landscape\">\n\t\t \t\t\t\t\t<img decoding=\"async\" width=\"600\" height=\"600\" src=\"https:\/\/lbs.se\/wp-content\/uploads\/sites\/21\/2024\/05\/erasmus-600x600.jpeg\" class=\"attachment-md size-md\" alt=\"Erasmus+\" sizes=\"(min-width: 64em) 600px, calc(100vw - 160px)\" srcset=\"https:\/\/lbs.se\/wp-content\/uploads\/sites\/21\/2024\/05\/erasmus-600x600.jpeg 600w, https:\/\/lbs.se\/wp-content\/uploads\/sites\/21\/2024\/05\/erasmus-150x150.jpeg 150w, https:\/\/lbs.se\/wp-content\/uploads\/sites\/21\/2024\/05\/erasmus-300x300.jpeg 300w, https:\/\/lbs.se\/wp-content\/uploads\/sites\/21\/2024\/05\/erasmus-400x400.jpeg 400w, https:\/\/lbs.se\/wp-content\/uploads\/sites\/21\/2024\/05\/erasmus-800x800.jpeg 800w, https:\/\/lbs.se\/wp-content\/uploads\/sites\/21\/2024\/05\/erasmus.jpeg 1024w\" \/>\n\t\t\t\n\t\t\t\n\t\t\t\t\t<\/div>\n\t<\/div>\n\n\t\t\n\n<\/section>\n\n\n\n\n<section  class=\"ams-quote c-block l-stacked\" data-color-scheme=\"nytt-standard\">\n\t<div class=\"l-container l-stack l-stack-fluid-2xl u-pt-fluid-3xl-6xl u-pb-fluid-3xl-6xl is-center is-center@md\">\n\t\t\n\t\t\t\t\t<ul class=\"ams-quote__list l-grid u-gap-fluid-2xl-4xl u-justify-center\"\n\taria-label=\"Citat\">\n\t\t\t<li class=\"l-col-12@md\">\n\t\t\t<article class=\"c-card\" data-variant=\"neutral\" >\n\t\t\t\t<div class=\"c-card__content l-stack u-text-center\">\n\t\t\t\t\t\t\t\t\t\t\t<blockquote class=\"c-card__title u-font-title-3\">\n\t\t\t\t\t\t\t\t\t\t\t\t\t\t\t<p class=\"u-quote-marks\">V\u00e4ldigt fin skola med omt\u00e4nksamma l\u00e4rare och v\u00e4lkomnande milj\u00f6.<\/p>\n\t\t\t\t\t\t\t\t\t\t\t\t\t<\/blockquote>\n\t\t\t\t\t\n\t\t\t\t\t\t\t\t\t\t\t<p class=\"c-card__text\">\n\t\t\t\t\t\t\t<span class=\"author u-font-body\">Elev<\/span>\n\t\t\t\t\t\t\t<span class=\"title u-font-body\">Spelutveckling<\/span>\n\t\t\t\t\t\t<\/p>\n\t\t\t\t\t\t\t\t\t<\/div>\n\n\t\t\t\t\t\t\t<\/article>\n\t\t<\/li>\n\t<\/ul>\n\t\n\t\t\t<\/div>\n\n\t\t\n\n<\/section>\n\n\n\n\t\n\t\n\t\n\n\t\n\t\n\t\t\n<section  class=\"c-block l-stacked  \" data-color-scheme=\"new-pink-dark\">\n\t<div class=\"ams-fifty ams-fifty--container ams-fifty--right ams-fifty--top l-container u-pt-fluid-3xl-6xl u-pb-fluid-3xl-6xl\">\n\t\t<div class=\"ams-fifty__content l-stack l-stack-xl is-left is-left@lg\">\n\t\t\t<div class=\"ams-fifty__text l-stack l-stack-lg\">\n\t\t\t\t\t\n\t<h2\n\tclass=\"c-heading u-font-title-1 \"\n\tstyle=\"\">\n\t\t\n\t\t\t\t\tMASTERCLASS\n\t\t\t\t\n\t<\/h2>\n\n\t\t\t\t\t\t\t\t\t<div class=\"text l-stack u-font-body\">\n\t\t\t\t\t\t<p>Masterclasses \u00e4r g\u00e4stf\u00f6rel\u00e4sningar, workshops och m\u00f6ten med branschen d\u00e4r du som elev f\u00e5r en inblick i arbetslivet och olika jobbm\u00f6jligheter. Du kommer f\u00e5 tr\u00e4ffa och lyssna p\u00e5 personer som arbetar i eller studerar mot branscher relaterade till v\u00e5ra utbildningar. P\u00e5 s\u00e5 vis f\u00e5r du som elev inspiration och en verklighetsf\u00f6rankring i din utbildning.<\/p>\n\n\t\t\t\t\t<\/div>\n\t\t\t\t\t\t\t<\/div>\n\n\t\t\t\t<div class=\"ams-fifty__action u-inline-items\">\n\t\t\t\t\t\t\t\n\n\n<a href=\"https:\/\/lbs.se\/stockholmsodra\/var-skola\/lbs-masterclass\/\"\n\t\n\tclass=\"c-btn \"\n\tdata-style=\"square\"\n\tdata-size=\"md\"\n\tdata-width=\"full-mobile\"\n\tdata-variant=\"default\"\n\ttarget=\"_self\">\n\t\t\t<span class=\"label\"> Om Masterclass<\/span>\n\t\t\t<\/a>\n\t\t\t<\/div>\n\t\t<\/div>\n\n\t\t <div class=\"ams-fifty__media u-ratio-square\">\n\t\t \t\t\t\t\t<img decoding=\"async\" width=\"600\" height=\"600\" src=\"https:\/\/lbs.se\/wp-content\/uploads\/sites\/21\/2023\/06\/lbs-masterclass-branschen-600x600.jpg\" class=\"attachment-md size-md\" alt=\"Elev st\u00e5r och pratar framf\u00f6r klassen och presenterar ett spel p\u00e5 storbildsk\u00e4rm.\" sizes=\"(min-width: 64em) 600px, calc(100vw - 160px)\" srcset=\"https:\/\/lbs.se\/wp-content\/uploads\/sites\/21\/2023\/06\/lbs-masterclass-branschen-600x600.jpg 600w, https:\/\/lbs.se\/wp-content\/uploads\/sites\/21\/2023\/06\/lbs-masterclass-branschen-150x150.jpg 150w, https:\/\/lbs.se\/wp-content\/uploads\/sites\/21\/2023\/06\/lbs-masterclass-branschen-300x300.jpg 300w, https:\/\/lbs.se\/wp-content\/uploads\/sites\/21\/2023\/06\/lbs-masterclass-branschen-400x400.jpg 400w, https:\/\/lbs.se\/wp-content\/uploads\/sites\/21\/2023\/06\/lbs-masterclass-branschen-800x800.jpg 800w, https:\/\/lbs.se\/wp-content\/uploads\/sites\/21\/2023\/06\/lbs-masterclass-branschen-1024x1024.jpg 1024w, https:\/\/lbs.se\/wp-content\/uploads\/sites\/21\/2023\/06\/lbs-masterclass-branschen.jpg 1200w\" \/>\n\t\t\t\n\t\t\t\n\t\t\t\t\t<\/div>\n\t<\/div>\n\n\t\t\n\n<\/section>\n\n\n\n\n<section  class=\"ams-info-card c-block l-stacked\" data-color-scheme=\"new-kurslistning\">\n\t<div class=\"l-container l-stack l-stack-fluid-2xl u-pt-fluid-3xl-6xl u-pb-fluid-3xl-6xl is-center is-center@md\">\n\t\t\t\t\t<div class=\"ams-info-card__intro l-stack l-stack-lg\">\n\t\t\t\t\t\n\t<h2\n\tclass=\"c-heading u-font-title-1 \"\n\tstyle=\"\">\n\t\t\n\t\t\t\t\tV\u00c5RA AWARDS\n\t\t\t\t\n\t<\/h2>\n\n\t\t\t\t\t\t\t<\/div>\n\t\t\n\t\t\t\t\t\n<ul class=\"ams-info-card__list l-grid u-gap-2xl\">\n\t\t\t<li class=\"l-col-6@md\">\n\t\t\t<article\n\t\t\t\tclass=\"\n\t\t\t\tc-card\n\t\t\t\t\n\t\t\t\thas-media-zoom\n\t\t\t\t\n\t\t\t\t\"\n\t\t\t\tdata-variant=\"simple\"\n\t\t\t\tdata-style=\"square\"\n\t\t\t\t data-click-area\n\t\t\t\t\n\t\t\t\t\n\t\t\t\t>\n\t\t\t\t<div class=\"c-card__content l-stack l-stack-sm is-left is-left@md\">\n\t\t\t\t\t\t\t\t\t\t\t<h3 class=\"c-card__title u-font-title-3\">\n\t\t\t\t\t\t\t\t\t\t\t\t\t\t\t<a class=\"c-card__link\" href=\"https:\/\/lbs.se\/stockholmsodra\/game-awards\/\" target=\"_self\">\n\t\t\t\t\t\t\t\t\tLBS GAME AWARDS\n\t\t\t\t\t\t\t\t<\/a>\n\t\t\t\t\t\t\t\t\t\t\t\t\t<\/h3>\n\t\t\t\t\t\n\t\t\t\t\t\t\t\t\t\t\t<div class=\"c-card__text l-stack-xs u-font-body\">\n\t\t\t\t\t\t\t<p><span data-sheets-value=\"{&quot;1&quot;:2,&quot;2&quot;:&quot;Ett event d\u00e4r vi hyllar v\u00e5ra spelgrafiker och spelutvecklare. Bidrag l\u00e4mnas in till en jury som p\u00e5 kv\u00e4llen f\u00f6r eventet korar vinnarna.&quot;}\" data-sheets-userformat=\"{&quot;2&quot;:5033,&quot;3&quot;:{&quot;1&quot;:0},&quot;6&quot;:{&quot;1&quot;:[{&quot;1&quot;:2,&quot;2&quot;:0,&quot;5&quot;:{&quot;1&quot;:2,&quot;2&quot;:0}},{&quot;1&quot;:0,&quot;2&quot;:0,&quot;3&quot;:3},{&quot;1&quot;:1,&quot;2&quot;:0,&quot;4&quot;:1}]},&quot;8&quot;:{&quot;1&quot;:[{&quot;1&quot;:2,&quot;2&quot;:0,&quot;5&quot;:{&quot;1&quot;:2,&quot;2&quot;:0}},{&quot;1&quot;:0,&quot;2&quot;:0,&quot;3&quot;:3},{&quot;1&quot;:1,&quot;2&quot;:0,&quot;4&quot;:1}]},&quot;10&quot;:0,&quot;11&quot;:4,&quot;12&quot;:0,&quot;15&quot;:&quot;Montserrat&quot;}\">Ett event d\u00e4r vi hyllar v\u00e5ra spelgrafiker och spelutvecklare. Bidrag l\u00e4mnas in till en jury som p\u00e5 kv\u00e4llen f\u00f6r eventet korar vinnarna.<\/span><\/p>\n\n\t\t\t\t\t\t<\/div>\n\t\t\t\t\t\n\t\t\t\t\t\t\t\t\t\t\t<div class=\"c-card__icon c-card__icon--nl\">\n\t\t\t\t\t\t\t\t\t\t\t\t\t\t<svg class=\"ams-icon ams-icon--arrow-right\" width=\"32\" height=\"32\" viewbox=\"0 0 32 32\" fill=\"currentColor\" aria-hidden=\"true\" xmlns=\"http:\/\/www.w3.org\/2000\/svg\">\n\t\t\t\t\t\t\t\t<path d=\"M19.3034 28L15.7415 24.4853L20.1077 20.2336L22.8079 17.966L22.7505 17.7392L17.6374 18.0794H0V12.8639H17.6374L22.7505 13.2041L22.8079 12.9773L20.1077 10.7098L15.7415 6.51474L19.3034 3L32 15.5283L19.3034 28Z\"\/>\n\t\t\t\t\t\t\t<\/svg>\n\t\t\t\t\t\t<\/div>\n\t\t\t\t\t\t\t\t\t<\/div>\n\n\t\t\t\t\t\t\t\t\t<div class=\"c-card__media \" style=\" \">\n\t\t\t\t\t\t<img decoding=\"async\" width=\"600\" height=\"600\" src=\"https:\/\/lbs.se\/wp-content\/uploads\/sites\/21\/2023\/06\/lbs-game-awards-600x600.jpg\" class=\"\" alt=\"LBS game awards logga.\" sizes=\"(min-width: 80em) 600px, (min-width: 48em) calc(.50 * (100vw - 304px)), calc(100vw - 208px)\" srcset=\"https:\/\/lbs.se\/wp-content\/uploads\/sites\/21\/2023\/06\/lbs-game-awards-600x600.jpg 600w, https:\/\/lbs.se\/wp-content\/uploads\/sites\/21\/2023\/06\/lbs-game-awards-150x150.jpg 150w, https:\/\/lbs.se\/wp-content\/uploads\/sites\/21\/2023\/06\/lbs-game-awards-300x300.jpg 300w, https:\/\/lbs.se\/wp-content\/uploads\/sites\/21\/2023\/06\/lbs-game-awards-400x400.jpg 400w, https:\/\/lbs.se\/wp-content\/uploads\/sites\/21\/2023\/06\/lbs-game-awards-800x800.jpg 800w, https:\/\/lbs.se\/wp-content\/uploads\/sites\/21\/2023\/06\/lbs-game-awards-1024x1024.jpg 1024w, https:\/\/lbs.se\/wp-content\/uploads\/sites\/21\/2023\/06\/lbs-game-awards.jpg 1200w\" \/>\n\t\t\t\t\t<\/div>\n\t\t\t\t\t\t\t<\/article>\n\t\t<\/li>\n\t\t\t<li class=\"l-col-6@md\">\n\t\t\t<article\n\t\t\t\tclass=\"\n\t\t\t\tc-card\n\t\t\t\t\n\t\t\t\thas-media-zoom\n\t\t\t\t\n\t\t\t\t\"\n\t\t\t\tdata-variant=\"simple\"\n\t\t\t\tdata-style=\"square\"\n\t\t\t\t data-click-area\n\t\t\t\t\n\t\t\t\t\n\t\t\t\t>\n\t\t\t\t<div class=\"c-card__content l-stack l-stack-sm is-left is-left@md\">\n\t\t\t\t\t\t\t\t\t\t\t<h3 class=\"c-card__title u-font-title-3\">\n\t\t\t\t\t\t\t\t\t\t\t\t\t\t\t<a class=\"c-card__link\" href=\"https:\/\/lbs.se\/stockholmsodra\/music-and-media-awards\/\" target=\"_self\">\n\t\t\t\t\t\t\t\t\tLBS MUSIC AND MEDIA AWARDS\n\t\t\t\t\t\t\t\t<\/a>\n\t\t\t\t\t\t\t\t\t\t\t\t\t<\/h3>\n\t\t\t\t\t\n\t\t\t\t\t\t\t\t\t\t\t<div class=\"c-card__text l-stack-xs u-font-body\">\n\t\t\t\t\t\t\t<p><span data-sheets-value=\"{&quot;1&quot;:2,&quot;2&quot;:&quot;LBS egna gala f\u00f6r musik-, design- och medieelever. Elevarbeten hyllas och prisas under en helkv\u00e4ll.&quot;}\" data-sheets-userformat=\"{&quot;2&quot;:5025,&quot;3&quot;:{&quot;1&quot;:0},&quot;8&quot;:{&quot;1&quot;:[{&quot;1&quot;:2,&quot;2&quot;:0,&quot;5&quot;:{&quot;1&quot;:2,&quot;2&quot;:0}},{&quot;1&quot;:0,&quot;2&quot;:0,&quot;3&quot;:3},{&quot;1&quot;:1,&quot;2&quot;:0,&quot;4&quot;:1}]},&quot;10&quot;:0,&quot;11&quot;:4,&quot;12&quot;:0,&quot;15&quot;:&quot;Montserrat&quot;}\">LBS egna gala f\u00f6r musik-, design- och medieelever. Elevarbeten hyllas och prisas under en helkv\u00e4ll.<\/span><\/p>\n\n\t\t\t\t\t\t<\/div>\n\t\t\t\t\t\n\t\t\t\t\t\t\t\t\t\t\t<div class=\"c-card__icon c-card__icon--nl\">\n\t\t\t\t\t\t\t\t\t\t\t\t\t\t<svg class=\"ams-icon ams-icon--arrow-right\" width=\"32\" height=\"32\" viewbox=\"0 0 32 32\" fill=\"currentColor\" aria-hidden=\"true\" xmlns=\"http:\/\/www.w3.org\/2000\/svg\">\n\t\t\t\t\t\t\t\t<path d=\"M19.3034 28L15.7415 24.4853L20.1077 20.2336L22.8079 17.966L22.7505 17.7392L17.6374 18.0794H0V12.8639H17.6374L22.7505 13.2041L22.8079 12.9773L20.1077 10.7098L15.7415 6.51474L19.3034 3L32 15.5283L19.3034 28Z\"\/>\n\t\t\t\t\t\t\t<\/svg>\n\t\t\t\t\t\t<\/div>\n\t\t\t\t\t\t\t\t\t<\/div>\n\n\t\t\t\t\t\t\t\t\t<div class=\"c-card__media \" style=\" \">\n\t\t\t\t\t\t<img decoding=\"async\" width=\"600\" height=\"600\" src=\"https:\/\/lbs.se\/wp-content\/uploads\/sites\/21\/2023\/06\/lbs-music-and-media-awards-600x600.jpg\" class=\"\" alt=\"LBS music media awards logga.\" sizes=\"(min-width: 80em) 600px, (min-width: 48em) calc(.50 * (100vw - 304px)), calc(100vw - 208px)\" srcset=\"https:\/\/lbs.se\/wp-content\/uploads\/sites\/21\/2023\/06\/lbs-music-and-media-awards-600x600.jpg 600w, https:\/\/lbs.se\/wp-content\/uploads\/sites\/21\/2023\/06\/lbs-music-and-media-awards-150x150.jpg 150w, https:\/\/lbs.se\/wp-content\/uploads\/sites\/21\/2023\/06\/lbs-music-and-media-awards-300x300.jpg 300w, https:\/\/lbs.se\/wp-content\/uploads\/sites\/21\/2023\/06\/lbs-music-and-media-awards-400x400.jpg 400w, https:\/\/lbs.se\/wp-content\/uploads\/sites\/21\/2023\/06\/lbs-music-and-media-awards-800x800.jpg 800w, https:\/\/lbs.se\/wp-content\/uploads\/sites\/21\/2023\/06\/lbs-music-and-media-awards-1024x1024.jpg 1024w, https:\/\/lbs.se\/wp-content\/uploads\/sites\/21\/2023\/06\/lbs-music-and-media-awards.jpg 1200w\" \/>\n\t\t\t\t\t<\/div>\n\t\t\t\t\t\t\t<\/article>\n\t\t<\/li>\n\t<\/ul>\n\t\n\t\t\t<\/div>\n\n\t\t\n\t\t\t\t\n\t\t\n\t\t<div class=\"c-image-offset\" style=\"\">\n\t\t\t\n\t\t<\/div>\n\t\t\n\n<\/section>\n\n\n\n\n\n<section  class=\"ams-faq ams_event_module c-block l-stacked js-load-more\" data-color-scheme=\"new-green-dark\" data-count=\"30\" data-count-mobile=\"20\">\n\t<div class=\"l-container l-stack l-stack-fluid-2xl u-pt-fluid-3xl-6xl u-pb-fluid-3xl-6xl is-center is-center@md\">\n\t\t\t\t\t<div class=\"ams-faq__intro l-stack l-stack-lg\">\n\t\t\t\t\t\n\t<h2\n\tclass=\"c-heading u-font-title-1 \"\n\tstyle=\"\">\n\t\t\n\t\t\t\t\tVanliga fr\u00e5gor\n\t\t\t\t\n\t<\/h2>\n\n\t\t\t\t\t\t\t\t\t<div class=\"c-text l-stack u-cs-xl u-font-body\">\n\t\t\t\t\t\t<p><span data-sheets-value=\"{&quot;1&quot;:2,&quot;2&quot;:&quot;H\u00e4r har vi samlat vanliga fr\u00e5gor och svar om v\u00e5r skola. Har du andra fr\u00e5gor \u00e4r du varmt v\u00e4lkommen att kontakta oss.&quot;}\" data-sheets-userformat=\"{&quot;2&quot;:5033,&quot;3&quot;:{&quot;1&quot;:0},&quot;6&quot;:{&quot;1&quot;:[{&quot;1&quot;:2,&quot;2&quot;:0,&quot;5&quot;:{&quot;1&quot;:2,&quot;2&quot;:0}},{&quot;1&quot;:0,&quot;2&quot;:0,&quot;3&quot;:3},{&quot;1&quot;:1,&quot;2&quot;:0,&quot;4&quot;:1}]},&quot;8&quot;:{&quot;1&quot;:[{&quot;1&quot;:2,&quot;2&quot;:0,&quot;5&quot;:{&quot;1&quot;:2,&quot;2&quot;:0}},{&quot;1&quot;:0,&quot;2&quot;:0,&quot;3&quot;:3},{&quot;1&quot;:1,&quot;2&quot;:0,&quot;4&quot;:1}]},&quot;10&quot;:0,&quot;11&quot;:4,&quot;12&quot;:0,&quot;15&quot;:&quot;Montserrat&quot;}\">H\u00e4r har vi samlat vanliga fr\u00e5gor och svar om v\u00e5rt gymnasium. Har du andra fr\u00e5gor \u00e4r du varmt v\u00e4lkommen att <a href=\"https:\/\/lbs.se\/stockholmsodra\/kontakt\/\">kontakta oss<\/a>.<\/span><\/p>\n\n\t\t\t\t\t<\/div>\n\t\t\t\t\t\t\t<\/div>\n\t\t\n\t\t\n\t\n\t    \n\t\n\t<ul\n\t\tid=\"ams-faq-list-69f408750d15e\"\n\t\tclass=\"ams-faq__ac ams-accordion_module c-accordion js-results \"\n\t\taria-label=\"Vanliga fr\u00e5gor\"\n\t\tdata-variant=\"border-between\"\n\t\tdata-ajax-action=\"log_faq_view\"\n\t\tdata-ajax-url=\"https:\/\/lbs.se\/stockholmsodra\/wp-admin\/admin-ajax.php\"\n\t\tdata-ajax-nonce=\"3e69080fb4\"\n\t\tdata-filter-animation=\"off\">\n\n\t\t\n\t\t\t\t\t\t\t\t\t\t\t\t\t\t\t\n\t\t\t\n\t\t\t<li data-ajax-id=\"1280\" class=\"c-accordion__item \"\n\t\t\tdata-filter=\"om-gymnasievalet juni-2023\"\n\t\t\t>\n\t\t\t\t<h3 class=\"c-accordion__header\">\n\t\t\t\t\t\t\t\t\t\t<button class=\"c-accordion__trigger u-py-sm u-px-fluid-md-xl u-font-title-4\">\n\t\t\t\t\t\t<span>Vad \u00e4r det f\u00f6r meritv\u00e4rde p\u00e5 estetiska programmet?<\/span>\n\t\t\t\t\t\t<svg class=\"ams-icon ams-icon__arrow-down\" width=\"24\" height=\"24\" viewbox=\"0 0 24 24\" fill=\"currentColor\" aria-hidden=\"true\" xmlns=\"http:\/\/www.w3.org\/2000\/svg\">\n\t\t\t\t\t\t\t\t\t\t\t\t\t<path d=\"m11.2033 18.4294-10.872894-10.67584c-.440539-.42594-.440539-1.1147 0-1.54065l.665495-.64345c.440539-.42595 1.152899-.42595 1.593439 0l9.41066 9.27114 9.4107-9.26207c.4405-.42595 1.1529-.42595 1.5934 0l.6655.64345c.4405.42594.4405 1.1147 0 1.54065l-10.8729 10.67587c-.4405.4168-1.1529.4168-1.5934-.0091z\"\/>\n\t\t\t\t\t\n\t\t\t\t\t\t<\/svg>\n\t\t\t\t\t<\/button>\n\t\t\t\t<\/h3>\n\t\t\t\t<div class=\"c-accordion__body l-stack u-font-body\">\n\t\t\t\t\t<div class=\"c-accordion__body__inner u-p-fluid-md-xl l-stack\">\n\t\t\t\t\t\t<p><strong>2024<\/strong> hade Estetiska programmet med inriktning Grafisk design ett medianv\u00e4rde p\u00e5 232.5 po\u00e4ng.<\/p>\n<p><strong>2024<\/strong> hade Estetiska programmet med inriktning Spelgrafik ett medianv\u00e4rde p\u00e5 230 po\u00e4ng och en antagningsgr\u00e4ns p\u00e5 145 po\u00e4ng.<\/p>\n<p><strong>2024<\/strong> hade Estetiska programmet med inriktning Media-beteende ett medianv\u00e4rde p\u00e5 217.5 po\u00e4ng och en antagningsgr\u00e4ns p\u00e5 145 po\u00e4ng.<\/p>\n<p><strong>2024<\/strong> hade Estetiska programmet med inriktning Foto och film ett medianv\u00e4rde p\u00e5 217.5 po\u00e4ng och en antagningsgr\u00e4ns p\u00e5 195 po\u00e4ng.<\/p>\n<p><span data-sheets-value=\"{&quot;1&quot;:2,&quot;2&quot;:&quot;Estetiska programmet med inriktningen SPELGRAFIK hade \u00e5r 2022 en medelpo\u00e4ng p\u00e5 257.5 och en antagningsgr\u00e4ns p\u00e5 245 po\u00e4ng. Estetiska programmet med inriktningen SPELGRAFIK hade \u00e5r 2021 en medianpo\u00e4ng p\u00e5 265 och en antagningsgr\u00e4ns 235 po\u00e4ng. Kom ih\u00e5g att meritpo\u00e4ngen kan \u00e4ndras fr\u00e5n \u00e5r till \u00e5r beroende p\u00e5 hur m\u00e5nga som s\u00f6ker programmet och vad f\u00f6r betyg de har!\\n\\nEstetiska programmet med inriktningen FOTO &amp; FILM hade \u00e5r 2022 en medelpo\u00e4ng p\u00e5 237.5 och en antagningsgr\u00e4ns p\u00e5 200 po\u00e4ng. Estetiska programmet med inriktningen FOTO &amp; FILM hade \u00e5r 2021 en medianpo\u00e4ng p\u00e5 245 och en antagningsgr\u00e4ns 195 po\u00e4ng. Kom ih\u00e5g att meritpo\u00e4ngen kan \u00e4ndras fr\u00e5n \u00e5r till \u00e5r beroende p\u00e5 hur m\u00e5nga som s\u00f6ker programmet och vad f\u00f6r betyg de har!\\n\\nEstetiska programmet med inriktningen MEDIA - BETEENDE hade \u00e5r 2022 en medianpo\u00e4ng p\u00e5 235 och en antagningsgr\u00e4ns 217.5 po\u00e4ng. Estetiska programmet med inriktningen MEDIA - BETEENDE hade \u00e5r 2021 en medianpo\u00e4ng p\u00e5 232.5 och en antagningsgr\u00e4ns 192.5 po\u00e4ng. Kom ih\u00e5g att meritpo\u00e4ngen kan \u00e4ndras fr\u00e5n \u00e5r till \u00e5r beroende p\u00e5 hur m\u00e5nga som s\u00f6ker programmet och vad f\u00f6r betyg de har!&quot;}\" data-sheets-userformat=\"{&quot;2&quot;:13245,&quot;3&quot;:{&quot;1&quot;:0},&quot;5&quot;:{&quot;1&quot;:[{&quot;1&quot;:2,&quot;2&quot;:0,&quot;5&quot;:{&quot;1&quot;:2,&quot;2&quot;:0}},{&quot;1&quot;:0,&quot;2&quot;:0,&quot;3&quot;:3},{&quot;1&quot;:1,&quot;2&quot;:0,&quot;4&quot;:1}]},&quot;6&quot;:{&quot;1&quot;:[{&quot;1&quot;:2,&quot;2&quot;:0,&quot;5&quot;:{&quot;1&quot;:2,&quot;2&quot;:0}},{&quot;1&quot;:0,&quot;2&quot;:0,&quot;3&quot;:3},{&quot;1&quot;:1,&quot;2&quot;:0,&quot;4&quot;:1}]},&quot;7&quot;:{&quot;1&quot;:[{&quot;1&quot;:2,&quot;2&quot;:0,&quot;5&quot;:{&quot;1&quot;:2,&quot;2&quot;:0}},{&quot;1&quot;:0,&quot;2&quot;:0,&quot;3&quot;:3},{&quot;1&quot;:1,&quot;2&quot;:0,&quot;4&quot;:1}]},&quot;8&quot;:{&quot;1&quot;:[{&quot;1&quot;:2,&quot;2&quot;:0,&quot;5&quot;:{&quot;1&quot;:2,&quot;2&quot;:0}},{&quot;1&quot;:0,&quot;2&quot;:0,&quot;3&quot;:3},{&quot;1&quot;:1,&quot;2&quot;:0,&quot;4&quot;:1}]},&quot;10&quot;:2,&quot;11&quot;:3,&quot;12&quot;:0,&quot;15&quot;:&quot;Avenir&quot;,&quot;16&quot;:10}\"><strong>Kom ih\u00e5g<\/strong> att meritpo\u00e4ngen kan \u00e4ndras fr\u00e5n \u00e5r till \u00e5r beroende p\u00e5 hur m\u00e5nga som s\u00f6ker programmet och vad f\u00f6r betyg de har!<\/span><\/p>\n\n\t\t\t\t\t<\/div>\n\t\t\t\t<\/div>\n\t\t\t<\/li>\n\t\t\n\t\t\t\t\t\t\t\t\t\t\t\t\t\t\t\n\t\t\t\n\t\t\t<li data-ajax-id=\"1269\" class=\"c-accordion__item \"\n\t\t\tdata-filter=\"om-gymnasievalet juni-2023\"\n\t\t\t>\n\t\t\t\t<h3 class=\"c-accordion__header\">\n\t\t\t\t\t\t\t\t\t\t<button class=\"c-accordion__trigger u-py-sm u-px-fluid-md-xl u-font-title-4\">\n\t\t\t\t\t\t<span>Vad \u00e4r det f\u00f6r meritv\u00e4rde p\u00e5 teknikprogrammet?<\/span>\n\t\t\t\t\t\t<svg class=\"ams-icon ams-icon__arrow-down\" width=\"24\" height=\"24\" viewbox=\"0 0 24 24\" fill=\"currentColor\" aria-hidden=\"true\" xmlns=\"http:\/\/www.w3.org\/2000\/svg\">\n\t\t\t\t\t\t\t\t\t\t\t\t\t<path d=\"m11.2033 18.4294-10.872894-10.67584c-.440539-.42594-.440539-1.1147 0-1.54065l.665495-.64345c.440539-.42595 1.152899-.42595 1.593439 0l9.41066 9.27114 9.4107-9.26207c.4405-.42595 1.1529-.42595 1.5934 0l.6655.64345c.4405.42594.4405 1.1147 0 1.54065l-10.8729 10.67587c-.4405.4168-1.1529.4168-1.5934-.0091z\"\/>\n\t\t\t\t\t\n\t\t\t\t\t\t<\/svg>\n\t\t\t\t\t<\/button>\n\t\t\t\t<\/h3>\n\t\t\t\t<div class=\"c-accordion__body l-stack u-font-body\">\n\t\t\t\t\t<div class=\"c-accordion__body__inner u-p-fluid-md-xl l-stack\">\n\t\t\t\t\t\t<p><strong>2024<\/strong> hade Teknikprogrammet med inriktning Spelutveckling ett medianv\u00e4rde p\u00e5 265 po\u00e4ng och en antagningsgr\u00e4ns p\u00e5 220 po\u00e4ng.<\/p>\n<p><strong>2024<\/strong> hade Teknikprogrammet med inriktning AI och utveckling ett medianv\u00e4rde p\u00e5 212.5 po\u00e4ng och en antagningsgr\u00e4ns p\u00e5 192.5 po\u00e4ng.<\/p>\n<p><strong>2024<\/strong> hade Teknikprogrammet med inriktning App- och webbutveckling ett medianv\u00e4rde p\u00e5 247.5 po\u00e4ng och en antagningsgr\u00e4ns p\u00e5 210 po\u00e4ng.<\/p>\n<p><span data-sheets-value=\"{&quot;1&quot;:2,&quot;2&quot;:&quot;Teknikprogrammet med inriktningen SYSTEMUTVECKLING hade \u00e5r 2022 en medelpo\u00e4ng p\u00e5 260 och en antagningsgr\u00e4ns p\u00e5 240 po\u00e4ng. Teknikprogrammet med inriktningen SYSTEMUTVECKLING hade \u00e5r 2021 en medianpo\u00e4ng p\u00e5 257.5 och en antagningsgr\u00e4ns 207.5 po\u00e4ng. Kom ih\u00e5g att meritpo\u00e4ngen kan \u00e4ndras fr\u00e5n \u00e5r till \u00e5r beroende p\u00e5 hur m\u00e5nga som s\u00f6ker programmet och vad f\u00f6r betyg de har!&quot;}\" data-sheets-userformat=\"{&quot;2&quot;:13245,&quot;3&quot;:{&quot;1&quot;:0},&quot;5&quot;:{&quot;1&quot;:[{&quot;1&quot;:2,&quot;2&quot;:0,&quot;5&quot;:{&quot;1&quot;:2,&quot;2&quot;:0}},{&quot;1&quot;:0,&quot;2&quot;:0,&quot;3&quot;:3},{&quot;1&quot;:1,&quot;2&quot;:0,&quot;4&quot;:1}]},&quot;6&quot;:{&quot;1&quot;:[{&quot;1&quot;:2,&quot;2&quot;:0,&quot;5&quot;:{&quot;1&quot;:2,&quot;2&quot;:0}},{&quot;1&quot;:0,&quot;2&quot;:0,&quot;3&quot;:3},{&quot;1&quot;:1,&quot;2&quot;:0,&quot;4&quot;:1}]},&quot;7&quot;:{&quot;1&quot;:[{&quot;1&quot;:2,&quot;2&quot;:0,&quot;5&quot;:{&quot;1&quot;:2,&quot;2&quot;:0}},{&quot;1&quot;:0,&quot;2&quot;:0,&quot;3&quot;:3},{&quot;1&quot;:1,&quot;2&quot;:0,&quot;4&quot;:1}]},&quot;8&quot;:{&quot;1&quot;:[{&quot;1&quot;:2,&quot;2&quot;:0,&quot;5&quot;:{&quot;1&quot;:2,&quot;2&quot;:0}},{&quot;1&quot;:0,&quot;2&quot;:0,&quot;3&quot;:3},{&quot;1&quot;:1,&quot;2&quot;:0,&quot;4&quot;:1}]},&quot;10&quot;:2,&quot;11&quot;:3,&quot;12&quot;:0,&quot;15&quot;:&quot;Avenir&quot;,&quot;16&quot;:10}\"><strong>Kom ih\u00e5g<\/strong> att meritpo\u00e4ngen kan \u00e4ndras fr\u00e5n \u00e5r till \u00e5r beroende p\u00e5 hur m\u00e5nga som s\u00f6ker programmet och vad f\u00f6r betyg de har!<\/span><\/p>\n\n\t\t\t\t\t<\/div>\n\t\t\t\t<\/div>\n\t\t\t<\/li>\n\t\t\n\t\t\t\t\t\t\t\t\t\t\t\t\t\t\t\n\t\t\t\n\t\t\t<li data-ajax-id=\"1268\" class=\"c-accordion__item \"\n\t\t\tdata-filter=\"om-gymnasievalet juni-2023\"\n\t\t\t>\n\t\t\t\t<h3 class=\"c-accordion__header\">\n\t\t\t\t\t\t\t\t\t\t<button class=\"c-accordion__trigger u-py-sm u-px-fluid-md-xl u-font-title-4\">\n\t\t\t\t\t\t<span>Hur s\u00f6ker jag till er skola?<\/span>\n\t\t\t\t\t\t<svg class=\"ams-icon ams-icon__arrow-down\" width=\"24\" height=\"24\" viewbox=\"0 0 24 24\" fill=\"currentColor\" aria-hidden=\"true\" xmlns=\"http:\/\/www.w3.org\/2000\/svg\">\n\t\t\t\t\t\t\t\t\t\t\t\t\t<path d=\"m11.2033 18.4294-10.872894-10.67584c-.440539-.42594-.440539-1.1147 0-1.54065l.665495-.64345c.440539-.42595 1.152899-.42595 1.593439 0l9.41066 9.27114 9.4107-9.26207c.4405-.42595 1.1529-.42595 1.5934 0l.6655.64345c.4405.42594.4405 1.1147 0 1.54065l-10.8729 10.67587c-.4405.4168-1.1529.4168-1.5934-.0091z\"\/>\n\t\t\t\t\t\n\t\t\t\t\t\t<\/svg>\n\t\t\t\t\t<\/button>\n\t\t\t\t<\/h3>\n\t\t\t\t<div class=\"c-accordion__body l-stack u-font-body\">\n\t\t\t\t\t<div class=\"c-accordion__body__inner u-p-fluid-md-xl l-stack\">\n\t\t\t\t\t\t<p><span data-sheets-value=\"{&quot;1&quot;:2,&quot;2&quot;:&quot;Vet du redan att vill s\u00f6ka till oss s\u00e5 g\u00f6r du s\u00e5 h\u00e4r n\u00e4r antagningen \u00f6ppnar:\\n\\nLogga in med hj\u00e4lp av ditt l\u00f6senord p\u00e5 Gymnasieantagningen.\\n*V\u00e4lj v\u00e5r skola, programmet du vill l\u00e4sa samt inriktning.\\n*Bor du utanf\u00f6r Stockholms l\u00e4n kan du beh\u00f6va en s\u00f6kkod. Den hittar du p\u00e5 varje inriktningssida f\u00f6r den utbildningen du \u00e4r intresserad av..\\nVill du veta mer eller f\u00e5 hj\u00e4lp med att s\u00f6ka f\u00e5r du g\u00e4rna h\u00f6ra av dig till rektor eller SYV p\u00e5 skolan. Du kan ocks\u00e5 kontakta din SYV p\u00e5 grundskolan f\u00f6r att f\u00e5 hj\u00e4lp med ans\u00f6kan.&quot;}\" data-sheets-userformat=\"{&quot;2&quot;:13245,&quot;3&quot;:{&quot;1&quot;:0},&quot;5&quot;:{&quot;1&quot;:[{&quot;1&quot;:2,&quot;2&quot;:0,&quot;5&quot;:{&quot;1&quot;:2,&quot;2&quot;:0}},{&quot;1&quot;:0,&quot;2&quot;:0,&quot;3&quot;:3},{&quot;1&quot;:1,&quot;2&quot;:0,&quot;4&quot;:1}]},&quot;6&quot;:{&quot;1&quot;:[{&quot;1&quot;:2,&quot;2&quot;:0,&quot;5&quot;:{&quot;1&quot;:2,&quot;2&quot;:0}},{&quot;1&quot;:0,&quot;2&quot;:0,&quot;3&quot;:3},{&quot;1&quot;:1,&quot;2&quot;:0,&quot;4&quot;:1}]},&quot;7&quot;:{&quot;1&quot;:[{&quot;1&quot;:2,&quot;2&quot;:0,&quot;5&quot;:{&quot;1&quot;:2,&quot;2&quot;:0}},{&quot;1&quot;:0,&quot;2&quot;:0,&quot;3&quot;:3},{&quot;1&quot;:1,&quot;2&quot;:0,&quot;4&quot;:1}]},&quot;8&quot;:{&quot;1&quot;:[{&quot;1&quot;:2,&quot;2&quot;:0,&quot;5&quot;:{&quot;1&quot;:2,&quot;2&quot;:0}},{&quot;1&quot;:0,&quot;2&quot;:0,&quot;3&quot;:3},{&quot;1&quot;:1,&quot;2&quot;:0,&quot;4&quot;:1}]},&quot;10&quot;:2,&quot;11&quot;:3,&quot;12&quot;:0,&quot;15&quot;:&quot;Avenir&quot;,&quot;16&quot;:10}\">Vet du redan att vill s\u00f6ka till oss s\u00e5 g\u00f6r du s\u00e5 h\u00e4r n\u00e4r antagningen \u00f6ppnar:<\/span><\/p>\n<p>Logga in med hj\u00e4lp av ditt l\u00f6senord p\u00e5 Gymnasieantagningen.<br \/>\n*V\u00e4lj v\u00e5r skola, programmet du vill l\u00e4sa samt inriktning.<br \/>\n*Bor du utanf\u00f6r Stockholms l\u00e4n kan du beh\u00f6va en s\u00f6kkod. Den hittar du p\u00e5 varje inriktningssida f\u00f6r den utbildningen du \u00e4r intresserad av.<br \/>\nVill du veta mer eller f\u00e5 hj\u00e4lp med att s\u00f6ka f\u00e5r du g\u00e4rna h\u00f6ra av dig till rektor eller SYV p\u00e5 skolan. Du kan ocks\u00e5 kontakta din SYV p\u00e5 grundskolan f\u00f6r att f\u00e5 hj\u00e4lp med ans\u00f6kan.<\/p>\n\n\t\t\t\t\t<\/div>\n\t\t\t\t<\/div>\n\t\t\t<\/li>\n\t\t\n\t\t\t\t\t\t\t\t\t\t\t\t\t\t\t\n\t\t\t\n\t\t\t<li data-ajax-id=\"1260\" class=\"c-accordion__item \"\n\t\t\tdata-filter=\"om-skolan juni-2023\"\n\t\t\t>\n\t\t\t\t<h3 class=\"c-accordion__header\">\n\t\t\t\t\t\t\t\t\t\t<button class=\"c-accordion__trigger u-py-sm u-px-fluid-md-xl u-font-title-4\">\n\t\t\t\t\t\t<span>F\u00e5r man en dator?<\/span>\n\t\t\t\t\t\t<svg class=\"ams-icon ams-icon__arrow-down\" width=\"24\" height=\"24\" viewbox=\"0 0 24 24\" fill=\"currentColor\" aria-hidden=\"true\" xmlns=\"http:\/\/www.w3.org\/2000\/svg\">\n\t\t\t\t\t\t\t\t\t\t\t\t\t<path d=\"m11.2033 18.4294-10.872894-10.67584c-.440539-.42594-.440539-1.1147 0-1.54065l.665495-.64345c.440539-.42595 1.152899-.42595 1.593439 0l9.41066 9.27114 9.4107-9.26207c.4405-.42595 1.1529-.42595 1.5934 0l.6655.64345c.4405.42594.4405 1.1147 0 1.54065l-10.8729 10.67587c-.4405.4168-1.1529.4168-1.5934-.0091z\"\/>\n\t\t\t\t\t\n\t\t\t\t\t\t<\/svg>\n\t\t\t\t\t<\/button>\n\t\t\t\t<\/h3>\n\t\t\t\t<div class=\"c-accordion__body l-stack u-font-body\">\n\t\t\t\t\t<div class=\"c-accordion__body__inner u-p-fluid-md-xl l-stack\">\n\t\t\t\t\t\t<p><span data-sheets-value=\"{&quot;1&quot;:2,&quot;2&quot;:&quot;Ja, alla elever f\u00e5r l\u00e5na en PC under de tre skol\u00e5ren. Vid studenten brukar det finnas m\u00f6jlighet att k\u00f6pa loss datorn. Datorn \u00e4r utrustad med alla program som beh\u00f6vs f\u00f6r undervisningen och som anv\u00e4nds i branschen.&quot;}\" data-sheets-userformat=\"{&quot;2&quot;:6723,&quot;3&quot;:{&quot;1&quot;:0},&quot;4&quot;:{&quot;1&quot;:2,&quot;2&quot;:16777215},&quot;9&quot;:0,&quot;12&quot;:0,&quot;14&quot;:{&quot;1&quot;:2,&quot;2&quot;:0},&quot;15&quot;:&quot;docs-Avenir&quot;}\">Ja, alla elever f\u00e5r l\u00e5na en PC under de tre skol\u00e5ren. Vid studenten brukar det finnas m\u00f6jlighet att k\u00f6pa loss datorn. Datorn \u00e4r utrustad med alla program som beh\u00f6vs f\u00f6r undervisningen och som anv\u00e4nds i branschen.<\/span><\/p>\n\n\t\t\t\t\t<\/div>\n\t\t\t\t<\/div>\n\t\t\t<\/li>\n\t\t\n\t\t\t\t\t\t\t\t\t\t\t\t\t\t\t\n\t\t\t\n\t\t\t<li data-ajax-id=\"1259\" class=\"c-accordion__item \"\n\t\t\tdata-filter=\"om-skolan juni-2023\"\n\t\t\t>\n\t\t\t\t<h3 class=\"c-accordion__header\">\n\t\t\t\t\t\t\t\t\t\t<button class=\"c-accordion__trigger u-py-sm u-px-fluid-md-xl u-font-title-4\">\n\t\t\t\t\t\t<span>Hur ser schemat ut?<\/span>\n\t\t\t\t\t\t<svg class=\"ams-icon ams-icon__arrow-down\" width=\"24\" height=\"24\" viewbox=\"0 0 24 24\" fill=\"currentColor\" aria-hidden=\"true\" xmlns=\"http:\/\/www.w3.org\/2000\/svg\">\n\t\t\t\t\t\t\t\t\t\t\t\t\t<path d=\"m11.2033 18.4294-10.872894-10.67584c-.440539-.42594-.440539-1.1147 0-1.54065l.665495-.64345c.440539-.42595 1.152899-.42595 1.593439 0l9.41066 9.27114 9.4107-9.26207c.4405-.42595 1.1529-.42595 1.5934 0l.6655.64345c.4405.42594.4405 1.1147 0 1.54065l-10.8729 10.67587c-.4405.4168-1.1529.4168-1.5934-.0091z\"\/>\n\t\t\t\t\t\n\t\t\t\t\t\t<\/svg>\n\t\t\t\t\t<\/button>\n\t\t\t\t<\/h3>\n\t\t\t\t<div class=\"c-accordion__body l-stack u-font-body\">\n\t\t\t\t\t<div class=\"c-accordion__body__inner u-p-fluid-md-xl l-stack\">\n\t\t\t\t\t\t<p class=\"p1\">V\u00e5ra scheman skiljer sig fr\u00e5n dag till dag, vissa dagar b\u00f6rjar man lite tidigare och slutar tidigare och andra dagar b\u00f6rjar man senare och slutar lite senare.. Man kan b\u00f6rja som tidigast 08.30 och sluta som senast klockan 16.<\/p>\n\n\t\t\t\t\t<\/div>\n\t\t\t\t<\/div>\n\t\t\t<\/li>\n\t\t\n\t\t\t\t\t\t\t\t\t\t\t\t\t\t\t\n\t\t\t\n\t\t\t<li data-ajax-id=\"1258\" class=\"c-accordion__item \"\n\t\t\tdata-filter=\"om-skolan juni-2023\"\n\t\t\t>\n\t\t\t\t<h3 class=\"c-accordion__header\">\n\t\t\t\t\t\t\t\t\t\t<button class=\"c-accordion__trigger u-py-sm u-px-fluid-md-xl u-font-title-4\">\n\t\t\t\t\t\t<span>F\u00e5r jag ett busskort av skolan?<\/span>\n\t\t\t\t\t\t<svg class=\"ams-icon ams-icon__arrow-down\" width=\"24\" height=\"24\" viewbox=\"0 0 24 24\" fill=\"currentColor\" aria-hidden=\"true\" xmlns=\"http:\/\/www.w3.org\/2000\/svg\">\n\t\t\t\t\t\t\t\t\t\t\t\t\t<path d=\"m11.2033 18.4294-10.872894-10.67584c-.440539-.42594-.440539-1.1147 0-1.54065l.665495-.64345c.440539-.42595 1.152899-.42595 1.593439 0l9.41066 9.27114 9.4107-9.26207c.4405-.42595 1.1529-.42595 1.5934 0l.6655.64345c.4405.42594.4405 1.1147 0 1.54065l-10.8729 10.67587c-.4405.4168-1.1529.4168-1.5934-.0091z\"\/>\n\t\t\t\t\t\n\t\t\t\t\t\t<\/svg>\n\t\t\t\t\t<\/button>\n\t\t\t\t<\/h3>\n\t\t\t\t<div class=\"c-accordion__body l-stack u-font-body\">\n\t\t\t\t\t<div class=\"c-accordion__body__inner u-p-fluid-md-xl l-stack\">\n\t\t\t\t\t\t<p><span data-sheets-value=\"{&quot;1&quot;:2,&quot;2&quot;:&quot;Du har r\u00e4tt till SL-kort om du bor minst 6 KM fr\u00e5n skolan.&quot;}\" data-sheets-userformat=\"{&quot;2&quot;:13245,&quot;3&quot;:{&quot;1&quot;:0},&quot;5&quot;:{&quot;1&quot;:[{&quot;1&quot;:2,&quot;2&quot;:0,&quot;5&quot;:{&quot;1&quot;:2,&quot;2&quot;:0}},{&quot;1&quot;:0,&quot;2&quot;:0,&quot;3&quot;:3},{&quot;1&quot;:1,&quot;2&quot;:0,&quot;4&quot;:1}]},&quot;6&quot;:{&quot;1&quot;:[{&quot;1&quot;:2,&quot;2&quot;:0,&quot;5&quot;:{&quot;1&quot;:2,&quot;2&quot;:0}},{&quot;1&quot;:0,&quot;2&quot;:0,&quot;3&quot;:3},{&quot;1&quot;:1,&quot;2&quot;:0,&quot;4&quot;:1}]},&quot;7&quot;:{&quot;1&quot;:[{&quot;1&quot;:2,&quot;2&quot;:0,&quot;5&quot;:{&quot;1&quot;:2,&quot;2&quot;:0}},{&quot;1&quot;:0,&quot;2&quot;:0,&quot;3&quot;:3},{&quot;1&quot;:1,&quot;2&quot;:0,&quot;4&quot;:1}]},&quot;8&quot;:{&quot;1&quot;:[{&quot;1&quot;:2,&quot;2&quot;:0,&quot;5&quot;:{&quot;1&quot;:2,&quot;2&quot;:0}},{&quot;1&quot;:0,&quot;2&quot;:0,&quot;3&quot;:3},{&quot;1&quot;:1,&quot;2&quot;:0,&quot;4&quot;:1}]},&quot;10&quot;:2,&quot;11&quot;:3,&quot;12&quot;:0,&quot;15&quot;:&quot;Avenir&quot;,&quot;16&quot;:10}\">Du har r\u00e4tt till SL-kort om du bor minst 6 KM fr\u00e5n skolan.<\/span><\/p>\n\n\t\t\t\t\t<\/div>\n\t\t\t\t<\/div>\n\t\t\t<\/li>\n\t\t\n\t\t\t\t\t\t\t\t\t\t\t\t\t\t\t\n\t\t\t\n\t\t\t<li data-ajax-id=\"1257\" class=\"c-accordion__item \"\n\t\t\tdata-filter=\"om-skolan juni-2023\"\n\t\t\t>\n\t\t\t\t<h3 class=\"c-accordion__header\">\n\t\t\t\t\t\t\t\t\t\t<button class=\"c-accordion__trigger u-py-sm u-px-fluid-md-xl u-font-title-4\">\n\t\t\t\t\t\t<span>Har ni matsal?<\/span>\n\t\t\t\t\t\t<svg class=\"ams-icon ams-icon__arrow-down\" width=\"24\" height=\"24\" viewbox=\"0 0 24 24\" fill=\"currentColor\" aria-hidden=\"true\" xmlns=\"http:\/\/www.w3.org\/2000\/svg\">\n\t\t\t\t\t\t\t\t\t\t\t\t\t<path d=\"m11.2033 18.4294-10.872894-10.67584c-.440539-.42594-.440539-1.1147 0-1.54065l.665495-.64345c.440539-.42595 1.152899-.42595 1.593439 0l9.41066 9.27114 9.4107-9.26207c.4405-.42595 1.1529-.42595 1.5934 0l.6655.64345c.4405.42594.4405 1.1147 0 1.54065l-10.8729 10.67587c-.4405.4168-1.1529.4168-1.5934-.0091z\"\/>\n\t\t\t\t\t\n\t\t\t\t\t\t<\/svg>\n\t\t\t\t\t<\/button>\n\t\t\t\t<\/h3>\n\t\t\t\t<div class=\"c-accordion__body l-stack u-font-body\">\n\t\t\t\t\t<div class=\"c-accordion__body__inner u-p-fluid-md-xl l-stack\">\n\t\t\t\t\t\t<p><span data-sheets-value=\"{&quot;1&quot;:2,&quot;2&quot;:&quot;Ja, vi har en matsal d\u00e4r lunchen serveras varje dag. Maten tillagas av kockar p\u00e5 plats p\u00e5 Campus.&quot;}\" data-sheets-userformat=\"{&quot;2&quot;:13245,&quot;3&quot;:{&quot;1&quot;:0},&quot;5&quot;:{&quot;1&quot;:[{&quot;1&quot;:2,&quot;2&quot;:0,&quot;5&quot;:{&quot;1&quot;:2,&quot;2&quot;:0}},{&quot;1&quot;:0,&quot;2&quot;:0,&quot;3&quot;:3},{&quot;1&quot;:1,&quot;2&quot;:0,&quot;4&quot;:1}]},&quot;6&quot;:{&quot;1&quot;:[{&quot;1&quot;:2,&quot;2&quot;:0,&quot;5&quot;:{&quot;1&quot;:2,&quot;2&quot;:0}},{&quot;1&quot;:0,&quot;2&quot;:0,&quot;3&quot;:3},{&quot;1&quot;:1,&quot;2&quot;:0,&quot;4&quot;:1}]},&quot;7&quot;:{&quot;1&quot;:[{&quot;1&quot;:2,&quot;2&quot;:0,&quot;5&quot;:{&quot;1&quot;:2,&quot;2&quot;:0}},{&quot;1&quot;:0,&quot;2&quot;:0,&quot;3&quot;:3},{&quot;1&quot;:1,&quot;2&quot;:0,&quot;4&quot;:1}]},&quot;8&quot;:{&quot;1&quot;:[{&quot;1&quot;:2,&quot;2&quot;:0,&quot;5&quot;:{&quot;1&quot;:2,&quot;2&quot;:0}},{&quot;1&quot;:0,&quot;2&quot;:0,&quot;3&quot;:3},{&quot;1&quot;:1,&quot;2&quot;:0,&quot;4&quot;:1}]},&quot;10&quot;:2,&quot;11&quot;:3,&quot;12&quot;:0,&quot;15&quot;:&quot;Avenir&quot;,&quot;16&quot;:10}\">Ja, vi har en matsal d\u00e4r lunchen serveras varje dag. Maten tillagas av kockar p\u00e5 plats p\u00e5 Campus.<\/span><\/p>\n\n\t\t\t\t\t<\/div>\n\t\t\t\t<\/div>\n\t\t\t<\/li>\n\t\t\n\t\t\t\t\t\t\t\t\t\t\t\t\t\t\t\n\t\t\t\n\t\t\t<li data-ajax-id=\"1255\" class=\"c-accordion__item \"\n\t\t\tdata-filter=\"om-skolan juni-2023\"\n\t\t\t>\n\t\t\t\t<h3 class=\"c-accordion__header\">\n\t\t\t\t\t\t\t\t\t\t<button class=\"c-accordion__trigger u-py-sm u-px-fluid-md-xl u-font-title-4\">\n\t\t\t\t\t\t<span>Var har jag idrott?<\/span>\n\t\t\t\t\t\t<svg class=\"ams-icon ams-icon__arrow-down\" width=\"24\" height=\"24\" viewbox=\"0 0 24 24\" fill=\"currentColor\" aria-hidden=\"true\" xmlns=\"http:\/\/www.w3.org\/2000\/svg\">\n\t\t\t\t\t\t\t\t\t\t\t\t\t<path d=\"m11.2033 18.4294-10.872894-10.67584c-.440539-.42594-.440539-1.1147 0-1.54065l.665495-.64345c.440539-.42595 1.152899-.42595 1.593439 0l9.41066 9.27114 9.4107-9.26207c.4405-.42595 1.1529-.42595 1.5934 0l.6655.64345c.4405.42594.4405 1.1147 0 1.54065l-10.8729 10.67587c-.4405.4168-1.1529.4168-1.5934-.0091z\"\/>\n\t\t\t\t\t\n\t\t\t\t\t\t<\/svg>\n\t\t\t\t\t<\/button>\n\t\t\t\t<\/h3>\n\t\t\t\t<div class=\"c-accordion__body l-stack u-font-body\">\n\t\t\t\t\t<div class=\"c-accordion__body__inner u-p-fluid-md-xl l-stack\">\n\t\t\t\t\t\t<p><span data-sheets-value=\"{&quot;1&quot;:2,&quot;2&quot;:&quot;Vi har en egen idrottssal i skolan.&quot;}\" data-sheets-userformat=\"{&quot;2&quot;:13245,&quot;3&quot;:{&quot;1&quot;:0},&quot;5&quot;:{&quot;1&quot;:[{&quot;1&quot;:2,&quot;2&quot;:0,&quot;5&quot;:{&quot;1&quot;:2,&quot;2&quot;:0}},{&quot;1&quot;:0,&quot;2&quot;:0,&quot;3&quot;:3},{&quot;1&quot;:1,&quot;2&quot;:0,&quot;4&quot;:1}]},&quot;6&quot;:{&quot;1&quot;:[{&quot;1&quot;:2,&quot;2&quot;:0,&quot;5&quot;:{&quot;1&quot;:2,&quot;2&quot;:0}},{&quot;1&quot;:0,&quot;2&quot;:0,&quot;3&quot;:3},{&quot;1&quot;:1,&quot;2&quot;:0,&quot;4&quot;:1}]},&quot;7&quot;:{&quot;1&quot;:[{&quot;1&quot;:2,&quot;2&quot;:0,&quot;5&quot;:{&quot;1&quot;:2,&quot;2&quot;:0}},{&quot;1&quot;:0,&quot;2&quot;:0,&quot;3&quot;:3},{&quot;1&quot;:1,&quot;2&quot;:0,&quot;4&quot;:1}]},&quot;8&quot;:{&quot;1&quot;:[{&quot;1&quot;:2,&quot;2&quot;:0,&quot;5&quot;:{&quot;1&quot;:2,&quot;2&quot;:0}},{&quot;1&quot;:0,&quot;2&quot;:0,&quot;3&quot;:3},{&quot;1&quot;:1,&quot;2&quot;:0,&quot;4&quot;:1}]},&quot;10&quot;:2,&quot;11&quot;:3,&quot;12&quot;:0,&quot;15&quot;:&quot;Avenir&quot;,&quot;16&quot;:10}\">Vi har en egen idrottssal i skolan.<\/span><\/p>\n\n\t\t\t\t\t<\/div>\n\t\t\t\t<\/div>\n\t\t\t<\/li>\n\t\t\n\t\t\t\t\t\t\t\t\t\t\t\t\t\t\t\n\t\t\t\n\t\t\t<li data-ajax-id=\"1253\" class=\"c-accordion__item \"\n\t\t\tdata-filter=\"om-skolan juni-2023\"\n\t\t\t>\n\t\t\t\t<h3 class=\"c-accordion__header\">\n\t\t\t\t\t\t\t\t\t\t<button class=\"c-accordion__trigger u-py-sm u-px-fluid-md-xl u-font-title-4\">\n\t\t\t\t\t\t<span>Var ligger skolan?<\/span>\n\t\t\t\t\t\t<svg class=\"ams-icon ams-icon__arrow-down\" width=\"24\" height=\"24\" viewbox=\"0 0 24 24\" fill=\"currentColor\" aria-hidden=\"true\" xmlns=\"http:\/\/www.w3.org\/2000\/svg\">\n\t\t\t\t\t\t\t\t\t\t\t\t\t<path d=\"m11.2033 18.4294-10.872894-10.67584c-.440539-.42594-.440539-1.1147 0-1.54065l.665495-.64345c.440539-.42595 1.152899-.42595 1.593439 0l9.41066 9.27114 9.4107-9.26207c.4405-.42595 1.1529-.42595 1.5934 0l.6655.64345c.4405.42594.4405 1.1147 0 1.54065l-10.8729 10.67587c-.4405.4168-1.1529.4168-1.5934-.0091z\"\/>\n\t\t\t\t\t\n\t\t\t\t\t\t<\/svg>\n\t\t\t\t\t<\/button>\n\t\t\t\t<\/h3>\n\t\t\t\t<div class=\"c-accordion__body l-stack u-font-body\">\n\t\t\t\t\t<div class=\"c-accordion__body__inner u-p-fluid-md-xl l-stack\">\n\t\t\t\t\t\t<p><span data-sheets-value=\"{&quot;1&quot;:2,&quot;2&quot;:&quot;Vi finns p\u00e5 Tullg\u00e5rdsgatan 12 [https:\/\/www.google.com\/maps\/place\/LBS+Stockholm+S%C3%B6dra\/@59.3057741,18.0860385,15z\/data=!4m5!3m4!1s0x0:0xa2cfb7c87c847ce5!8m2!3d59.3058727!4d18.0859486] i Campus S\u00f6dermalm.&quot;}\" data-sheets-userformat=\"{&quot;2&quot;:13245,&quot;3&quot;:{&quot;1&quot;:0},&quot;5&quot;:{&quot;1&quot;:[{&quot;1&quot;:2,&quot;2&quot;:0,&quot;5&quot;:{&quot;1&quot;:2,&quot;2&quot;:0}},{&quot;1&quot;:0,&quot;2&quot;:0,&quot;3&quot;:3},{&quot;1&quot;:1,&quot;2&quot;:0,&quot;4&quot;:1}]},&quot;6&quot;:{&quot;1&quot;:[{&quot;1&quot;:2,&quot;2&quot;:0,&quot;5&quot;:{&quot;1&quot;:2,&quot;2&quot;:0}},{&quot;1&quot;:0,&quot;2&quot;:0,&quot;3&quot;:3},{&quot;1&quot;:1,&quot;2&quot;:0,&quot;4&quot;:1}]},&quot;7&quot;:{&quot;1&quot;:[{&quot;1&quot;:2,&quot;2&quot;:0,&quot;5&quot;:{&quot;1&quot;:2,&quot;2&quot;:0}},{&quot;1&quot;:0,&quot;2&quot;:0,&quot;3&quot;:3},{&quot;1&quot;:1,&quot;2&quot;:0,&quot;4&quot;:1}]},&quot;8&quot;:{&quot;1&quot;:[{&quot;1&quot;:2,&quot;2&quot;:0,&quot;5&quot;:{&quot;1&quot;:2,&quot;2&quot;:0}},{&quot;1&quot;:0,&quot;2&quot;:0,&quot;3&quot;:3},{&quot;1&quot;:1,&quot;2&quot;:0,&quot;4&quot;:1}]},&quot;10&quot;:2,&quot;11&quot;:3,&quot;12&quot;:0,&quot;15&quot;:&quot;Avenir&quot;,&quot;16&quot;:10}\">Vi finns p\u00e5 <a href=\"https:\/\/www.google.com\/maps\/place\/LBS+Stockholm+S%C3%B6dra\/@59.3057741,18.0860385,15z\/data=!4m5!3m4!1s0x0:0xa2cfb7c87c847ce5!8m2!3d59.3058727!4d18.0859486\" target=\"_blank\" rel=\"noopener\">Tullg\u00e5rdsgatan 12<\/a> p\u00e5 Campus S\u00f6dermalm.<\/span><\/p>\n\n\t\t\t\t\t<\/div>\n\t\t\t\t<\/div>\n\t\t\t<\/li>\n\t\t\n\t\t\t\t\t\t\t\t\t\t\t\t\t\t\t\n\t\t\t\n\t\t\t<li data-ajax-id=\"1682\" class=\"c-accordion__item \"\n\t\t\tdata-filter=\"om-skolan maj-2023\"\n\t\t\t>\n\t\t\t\t<h3 class=\"c-accordion__header\">\n\t\t\t\t\t\t\t\t\t\t<button class=\"c-accordion__trigger u-py-sm u-px-fluid-md-xl u-font-title-4\">\n\t\t\t\t\t\t<span>Vad st\u00e5r LBS f\u00f6r?<\/span>\n\t\t\t\t\t\t<svg class=\"ams-icon ams-icon__arrow-down\" width=\"24\" height=\"24\" viewbox=\"0 0 24 24\" fill=\"currentColor\" aria-hidden=\"true\" xmlns=\"http:\/\/www.w3.org\/2000\/svg\">\n\t\t\t\t\t\t\t\t\t\t\t\t\t<path d=\"m11.2033 18.4294-10.872894-10.67584c-.440539-.42594-.440539-1.1147 0-1.54065l.665495-.64345c.440539-.42595 1.152899-.42595 1.593439 0l9.41066 9.27114 9.4107-9.26207c.4405-.42595 1.1529-.42595 1.5934 0l.6655.64345c.4405.42594.4405 1.1147 0 1.54065l-10.8729 10.67587c-.4405.4168-1.1529.4168-1.5934-.0091z\"\/>\n\t\t\t\t\t\n\t\t\t\t\t\t<\/svg>\n\t\t\t\t\t<\/button>\n\t\t\t\t<\/h3>\n\t\t\t\t<div class=\"c-accordion__body l-stack u-font-body\">\n\t\t\t\t\t<div class=\"c-accordion__body__inner u-p-fluid-md-xl l-stack\">\n\t\t\t\t\t\t<p><span data-sheets-value=\"{&quot;1&quot;:2,&quot;2&quot;:&quot;LBS \u00e4r en f\u00f6rkortning av Ljud och Bildskolan. &quot;}\" data-sheets-userformat=\"{&quot;2&quot;:13119,&quot;3&quot;:{&quot;1&quot;:0},&quot;4&quot;:{&quot;1&quot;:2,&quot;2&quot;:13228792},&quot;5&quot;:{&quot;1&quot;:[{&quot;1&quot;:2,&quot;2&quot;:0,&quot;5&quot;:{&quot;1&quot;:2,&quot;2&quot;:0}},{&quot;1&quot;:0,&quot;2&quot;:0,&quot;3&quot;:3},{&quot;1&quot;:1,&quot;2&quot;:0,&quot;4&quot;:1}]},&quot;6&quot;:{&quot;1&quot;:[{&quot;1&quot;:2,&quot;2&quot;:0,&quot;5&quot;:{&quot;1&quot;:2,&quot;2&quot;:0}},{&quot;1&quot;:0,&quot;2&quot;:0,&quot;3&quot;:3},{&quot;1&quot;:1,&quot;2&quot;:0,&quot;4&quot;:1}]},&quot;7&quot;:{&quot;1&quot;:[{&quot;1&quot;:2,&quot;2&quot;:0,&quot;5&quot;:{&quot;1&quot;:2,&quot;2&quot;:0}},{&quot;1&quot;:0,&quot;2&quot;:0,&quot;3&quot;:3},{&quot;1&quot;:1,&quot;2&quot;:0,&quot;4&quot;:1}]},&quot;8&quot;:{&quot;1&quot;:[{&quot;1&quot;:2,&quot;2&quot;:0,&quot;5&quot;:{&quot;1&quot;:2,&quot;2&quot;:0}},{&quot;1&quot;:0,&quot;2&quot;:0,&quot;3&quot;:3},{&quot;1&quot;:1,&quot;2&quot;:0,&quot;4&quot;:1}]},&quot;11&quot;:3,&quot;12&quot;:0,&quot;15&quot;:&quot;Avenir&quot;,&quot;16&quot;:10}\">LBS \u00e4r en f\u00f6rkortning f\u00f6r Ljud- och Bildskolan. <\/span><\/p>\n\n\t\t\t\t\t<\/div>\n\t\t\t\t<\/div>\n\t\t\t<\/li>\n\t\t\n\t\t\t\t\t\t\t\t\t\t\t\t\t\t\t\n\t\t\t\n\t\t\t<li data-ajax-id=\"696\" class=\"c-accordion__item \"\n\t\t\tdata-filter=\"vanliga-fragor oktober-2022\"\n\t\t\t>\n\t\t\t\t<h3 class=\"c-accordion__header\">\n\t\t\t\t\t\t\t\t\t\t<button class=\"c-accordion__trigger u-py-sm u-px-fluid-md-xl u-font-title-4\">\n\t\t\t\t\t\t<span>F\u00e5r man h\u00f6gskolebeh\u00f6righet p\u00e5 LBS?<\/span>\n\t\t\t\t\t\t<svg class=\"ams-icon ams-icon__arrow-down\" width=\"24\" height=\"24\" viewbox=\"0 0 24 24\" fill=\"currentColor\" aria-hidden=\"true\" xmlns=\"http:\/\/www.w3.org\/2000\/svg\">\n\t\t\t\t\t\t\t\t\t\t\t\t\t<path d=\"m11.2033 18.4294-10.872894-10.67584c-.440539-.42594-.440539-1.1147 0-1.54065l.665495-.64345c.440539-.42595 1.152899-.42595 1.593439 0l9.41066 9.27114 9.4107-9.26207c.4405-.42595 1.1529-.42595 1.5934 0l.6655.64345c.4405.42594.4405 1.1147 0 1.54065l-10.8729 10.67587c-.4405.4168-1.1529.4168-1.5934-.0091z\"\/>\n\t\t\t\t\t\n\t\t\t\t\t\t<\/svg>\n\t\t\t\t\t<\/button>\n\t\t\t\t<\/h3>\n\t\t\t\t<div class=\"c-accordion__body l-stack u-font-body\">\n\t\t\t\t\t<div class=\"c-accordion__body__inner u-p-fluid-md-xl l-stack\">\n\t\t\t\t\t\t<p>Ja, b\u00e5de Estetiska programmet och Teknikprogrammet ger h\u00f6gskolebeh\u00f6righet och m\u00f6jligheten att studera vidare p\u00e5 universitet och h\u00f6gskola efter studenten. Under gymnasietiden ges \u00e4ven tv\u00e5 individuella val d\u00e4r man kan bredda sin beh\u00f6righet genom att exempelvis l\u00e4gga till en \u00e4mnesniv\u00e5 i matematik eller spr\u00e5k.<\/p>\n\n\t\t\t\t\t<\/div>\n\t\t\t\t<\/div>\n\t\t\t<\/li>\n\t\t\t<\/ul>\n\n\t<div class=\"no-results u-mt-0 u-hide\" data-filter-fallback-id=\"ams-faq-list-69f408750d15e\">\n\t<p>Det finns inga resultat som matchar din filtrering.<\/p>\n<\/div>\n\n\t    <div class=\"ams-faq__more u-inline-items js-load-more-btn\">\n        <button href=\"#\"\n                class=\"c-btn\"\n                data-style=\"square\"\n                data-size=\"md\"\n                data-width=\"full-mobile\"\n                data-variant=\"outline\">\n        \tVisa fler vanliga fr\u00e5gor\n        <\/button>\n    <\/div>\n\n\n\t\t\n\t\t\t<div class=\"ams-faq__action u-inline-items\">\n\t\t\t\t\t\t\t\n\n\n<a href=\"https:\/\/lbs.se\/stockholmsodra\/vanliga-fragor\/\"\n\t\n\tclass=\"c-btn \"\n\tdata-style=\"square\"\n\tdata-size=\"md\"\n\tdata-width=\"full-mobile\"\n\tdata-variant=\"outline\"\n\ttarget=\"_self\">\n\t\t\t<span class=\"label\"> Se alla vanliga fr\u00e5gor<\/span>\n\t\t\t<\/a>\n\t\t\t<\/div>\n\t<\/div>\n\n\t\t\n\n<\/section>\n\n\n\n\t<div class=\"module_wrapper ams_remote_pages_module \">\n\t\t<div\n\t\n\tclass=\"\n\tc-separator\n\tc-separator--line\n\tc-separator--center\n\tc-separator--center@md\n\t\n\tu-mt-fluid-Ingen\n\tu-mb-fluid-Ingen\n\t\n\t\"\n\tstyle=\"\n\t--width-desk: 100%;\n\t--width-mob: 100%;\n\t--height-desk: 30px;\n\t--height-mob: 30px;\n\t--style: solid;\n\t--color: #00E676;\n\t\">\n\t\t\t<div class=\"c-separator__line\"><\/div>\n\t<\/div>\n\t<\/div>\n\n\t","protected":false},"excerpt":{"rendered":"","protected":false},"author":1,"featured_media":0,"parent":0,"menu_order":0,"comment_status":"closed","ping_status":"closed","template":"","meta":{"footnotes":""},"yoast_head":"<!-- This site is optimized with the Yoast SEO plugin v22.0 - https:\/\/yoast.com\/wordpress\/plugins\/seo\/ -->\n<title>V\u00e5r skola - LBS Gymnasium Stockholm S\u00f6dra<\/title>\n<meta name=\"description\" content=\"Vi ligger centralt p\u00e5 S\u00f6dermalm, med g\u00e5ngavst\u00e5nd fr\u00e5n Skanstull och S\u00f6dra Station. V\u00e4lkommen till LBS Gymnasium i Stockholm!\" \/>\n<meta name=\"robots\" content=\"index, follow, max-snippet:-1, max-image-preview:large, max-video-preview:-1\" \/>\n<link rel=\"canonical\" href=\"https:\/\/lbs.se\/stockholmsodra\/var-skola\/\" \/>\n<meta property=\"og:locale\" content=\"sv_SE\" \/>\n<meta property=\"og:type\" content=\"article\" \/>\n<meta property=\"og:title\" content=\"V\u00e5r skola - LBS Gymnasium Stockholm S\u00f6dra\" \/>\n<meta property=\"og:description\" content=\"Vi ligger centralt p\u00e5 S\u00f6dermalm, med g\u00e5ngavst\u00e5nd fr\u00e5n Skanstull och S\u00f6dra Station. V\u00e4lkommen till LBS Gymnasium i Stockholm!\" \/>\n<meta property=\"og:url\" content=\"https:\/\/lbs.se\/stockholmsodra\/var-skola\/\" \/>\n<meta property=\"og:site_name\" content=\"Stockholm S\u00f6dra\" \/>\n<meta property=\"article:modified_time\" content=\"2025-11-27T13:56:20+00:00\" \/>\n<meta name=\"twitter:card\" content=\"summary_large_image\" \/>\n<meta name=\"twitter:title\" content=\"V\u00e5r skola - LBS Gymnasium Stockholm S\u00f6dra\" \/>\n<meta name=\"twitter:description\" content=\"Vi ligger centralt p\u00e5 S\u00f6dermalm, med g\u00e5ngavst\u00e5nd fr\u00e5n Skanstull och S\u00f6dra Station. V\u00e4lkommen till LBS Gymnasium i Stockholm!\" \/>\n<meta name=\"twitter:label1\" content=\"Ber\u00e4knad l\u00e4stid\" \/>\n\t<meta name=\"twitter:data1\" content=\"4 minuter\" \/>\n<script type=\"application\/ld+json\" class=\"yoast-schema-graph\">{\"@context\":\"https:\/\/schema.org\",\"@graph\":[{\"@type\":\"WebPage\",\"@id\":\"https:\/\/lbs.se\/stockholmsodra\/var-skola\/\",\"url\":\"https:\/\/lbs.se\/stockholmsodra\/var-skola\/\",\"name\":\"V\u00e5r skola - LBS Gymnasium Stockholm S\u00f6dra\",\"isPartOf\":{\"@id\":\"https:\/\/lbs.se\/stockholmsodra\/#website\"},\"datePublished\":\"2022-07-25T21:06:42+00:00\",\"dateModified\":\"2025-11-27T13:56:20+00:00\",\"description\":\"Vi ligger centralt p\u00e5 S\u00f6dermalm, med g\u00e5ngavst\u00e5nd fr\u00e5n Skanstull och S\u00f6dra Station. V\u00e4lkommen till LBS Gymnasium i Stockholm!\",\"breadcrumb\":{\"@id\":\"https:\/\/lbs.se\/stockholmsodra\/var-skola\/#breadcrumb\"},\"inLanguage\":\"sv-SE\",\"potentialAction\":[{\"@type\":\"ReadAction\",\"target\":[\"https:\/\/lbs.se\/stockholmsodra\/var-skola\/\"]}]},{\"@type\":\"BreadcrumbList\",\"@id\":\"https:\/\/lbs.se\/stockholmsodra\/var-skola\/#breadcrumb\",\"itemListElement\":[{\"@type\":\"ListItem\",\"position\":1,\"name\":\"Start\",\"item\":\"https:\/\/lbs.se\/stockholmsodra\/\"},{\"@type\":\"ListItem\",\"position\":2,\"name\":\"V\u00e5r skola\"}]},{\"@type\":\"WebSite\",\"@id\":\"https:\/\/lbs.se\/stockholmsodra\/#website\",\"url\":\"https:\/\/lbs.se\/stockholmsodra\/\",\"name\":\"Stockholm S\u00f6dra\",\"description\":\"LBS Kreativa Gymnasiet\",\"potentialAction\":[{\"@type\":\"SearchAction\",\"target\":{\"@type\":\"EntryPoint\",\"urlTemplate\":\"https:\/\/lbs.se\/stockholmsodra\/?s={search_term_string}\"},\"query-input\":\"required name=search_term_string\"}],\"inLanguage\":\"sv-SE\"}]}<\/script>\n<!-- \/ Yoast SEO plugin. -->","yoast_head_json":{"title":"V\u00e5r skola - LBS Gymnasium Stockholm S\u00f6dra","description":"Vi ligger centralt p\u00e5 S\u00f6dermalm, med g\u00e5ngavst\u00e5nd fr\u00e5n Skanstull och S\u00f6dra Station. V\u00e4lkommen till LBS Gymnasium i Stockholm!","robots":{"index":"index","follow":"follow","max-snippet":"max-snippet:-1","max-image-preview":"max-image-preview:large","max-video-preview":"max-video-preview:-1"},"canonical":"https:\/\/lbs.se\/stockholmsodra\/var-skola\/","og_locale":"sv_SE","og_type":"article","og_title":"V\u00e5r skola - LBS Gymnasium Stockholm S\u00f6dra","og_description":"Vi ligger centralt p\u00e5 S\u00f6dermalm, med g\u00e5ngavst\u00e5nd fr\u00e5n Skanstull och S\u00f6dra Station. V\u00e4lkommen till LBS Gymnasium i Stockholm!","og_url":"https:\/\/lbs.se\/stockholmsodra\/var-skola\/","og_site_name":"Stockholm S\u00f6dra","article_modified_time":"2025-11-27T13:56:20+00:00","twitter_card":"summary_large_image","twitter_title":"V\u00e5r skola - LBS Gymnasium Stockholm S\u00f6dra","twitter_description":"Vi ligger centralt p\u00e5 S\u00f6dermalm, med g\u00e5ngavst\u00e5nd fr\u00e5n Skanstull och S\u00f6dra Station. V\u00e4lkommen till LBS Gymnasium i Stockholm!","twitter_misc":{"Ber\u00e4knad l\u00e4stid":"4 minuter"},"schema":{"@context":"https:\/\/schema.org","@graph":[{"@type":"WebPage","@id":"https:\/\/lbs.se\/stockholmsodra\/var-skola\/","url":"https:\/\/lbs.se\/stockholmsodra\/var-skola\/","name":"V\u00e5r skola - LBS Gymnasium Stockholm S\u00f6dra","isPartOf":{"@id":"https:\/\/lbs.se\/stockholmsodra\/#website"},"datePublished":"2022-07-25T21:06:42+00:00","dateModified":"2025-11-27T13:56:20+00:00","description":"Vi ligger centralt p\u00e5 S\u00f6dermalm, med g\u00e5ngavst\u00e5nd fr\u00e5n Skanstull och S\u00f6dra Station. V\u00e4lkommen till LBS Gymnasium i Stockholm!","breadcrumb":{"@id":"https:\/\/lbs.se\/stockholmsodra\/var-skola\/#breadcrumb"},"inLanguage":"sv-SE","potentialAction":[{"@type":"ReadAction","target":["https:\/\/lbs.se\/stockholmsodra\/var-skola\/"]}]},{"@type":"BreadcrumbList","@id":"https:\/\/lbs.se\/stockholmsodra\/var-skola\/#breadcrumb","itemListElement":[{"@type":"ListItem","position":1,"name":"Start","item":"https:\/\/lbs.se\/stockholmsodra\/"},{"@type":"ListItem","position":2,"name":"V\u00e5r skola"}]},{"@type":"WebSite","@id":"https:\/\/lbs.se\/stockholmsodra\/#website","url":"https:\/\/lbs.se\/stockholmsodra\/","name":"Stockholm S\u00f6dra","description":"LBS Kreativa Gymnasiet","potentialAction":[{"@type":"SearchAction","target":{"@type":"EntryPoint","urlTemplate":"https:\/\/lbs.se\/stockholmsodra\/?s={search_term_string}"},"query-input":"required name=search_term_string"}],"inLanguage":"sv-SE"}]}},"_links":{"self":[{"href":"https:\/\/lbs.se\/stockholmsodra\/wp-json\/wp\/v2\/pages\/19"}],"collection":[{"href":"https:\/\/lbs.se\/stockholmsodra\/wp-json\/wp\/v2\/pages"}],"about":[{"href":"https:\/\/lbs.se\/stockholmsodra\/wp-json\/wp\/v2\/types\/page"}],"author":[{"embeddable":true,"href":"https:\/\/lbs.se\/stockholmsodra\/wp-json\/wp\/v2\/users\/1"}],"replies":[{"embeddable":true,"href":"https:\/\/lbs.se\/stockholmsodra\/wp-json\/wp\/v2\/comments?post=19"}],"version-history":[{"count":9,"href":"https:\/\/lbs.se\/stockholmsodra\/wp-json\/wp\/v2\/pages\/19\/revisions"}],"predecessor-version":[{"id":2360,"href":"https:\/\/lbs.se\/stockholmsodra\/wp-json\/wp\/v2\/pages\/19\/revisions\/2360"}],"wp:attachment":[{"href":"https:\/\/lbs.se\/stockholmsodra\/wp-json\/wp\/v2\/media?parent=19"}],"curies":[{"name":"wp","href":"https:\/\/api.w.org\/{rel}","templated":true}]}}