{"id":27,"date":"2022-07-25T23:08:14","date_gmt":"2022-07-25T21:08:14","guid":{"rendered":"https:\/\/lbs.se\/lund\/?page_id=27"},"modified":"2025-06-27T10:30:37","modified_gmt":"2025-06-27T08:30:37","slug":"elevhalsa","status":"publish","type":"page","link":"https:\/\/lbs.se\/lund\/var-skola\/elevhalsa\/","title":{"rendered":"Elevh\u00e4lsa"},"content":{"rendered":"\n\t\n\t\n\t\n\n\t\n\t\n\t\t\n<section  class=\"c-block l-stacked  \" data-color-scheme=\"new-standard-dark\">\n\t<div class=\"ams-fifty ams-fifty--container ams-fifty--left ams-fifty--top l-container u-pt-fluid-3xl-6xl u-pb-fluid-3xl-6xl\">\n\t\t<div class=\"ams-fifty__content l-stack l-stack-xl is-left is-left@lg\">\n\t\t\t<div class=\"ams-fifty__text l-stack l-stack-lg\">\n\t\t\t\t\t\n\t<h1\n\tclass=\"c-heading u-font-title-1 \"\n\tstyle=\"\">\n\t\t\n\t\t\t\t\tELEVH\u00c4LSA\n\t\t\t\t\n\t<\/h1>\n\n\t\t\t\t\t\t\t\t\t<div class=\"text l-stack u-font-body\">\n\t\t\t\t\t\t<p><span data-sheets-value=\"{&quot;1&quot;:2,&quot;2&quot;:&quot;Vi har ett elevh\u00e4lsoteam p\u00e5 skolan best\u00e5ende av bitr\u00e4dande rektor, studie- och yrkesv\u00e4gledare, kurator, skolsk\u00f6terska samt elevst\u00f6djare. Skolan har ocks\u00e5 tillg\u00e5ng till en skoll\u00e4kare och skolpsykolog. Elevh\u00e4lsan arbetar f\u00f6rebyggande och h\u00e4lsofr\u00e4mjande med syfte att st\u00f6dja elevernas utveckling mot m\u00e5len. Elevh\u00e4lsan \u00e4r en viktig del av skolans arbete med att v\u00e5ra elever ska m\u00e5 bra och lyckas samt att skapa en trygg och till\u00e5tande skolmilj\u00f6. \\n\\nV\u00e5ra studiest\u00f6djare arbetar s\u00e4rskilt med de elever som beh\u00f6ver extra st\u00f6d och hj\u00e4lp. Studiest\u00f6djarna utg\u00e5r fr\u00e5n ett s\u00e4rskilt anpassat klassrum d\u00e4r du som elev kan f\u00e5 studera i en lugn milj\u00f6 och f\u00e5 hj\u00e4lp med att till exempel strukturera upp dina studier, eller f\u00e5 skriv- och l\u00e4sst\u00f6d. Studiest\u00f6djarna arbetar ocks\u00e5 ute i klassrummen tillsammans med l\u00e4rarna och st\u00f6ttar upp b\u00e5de p\u00e5 individniv\u00e5 och gruppniv\u00e5.   &quot;}\" data-sheets-userformat=\"{&quot;2&quot;:5025,&quot;3&quot;:{&quot;1&quot;:0},&quot;8&quot;:{&quot;1&quot;:[{&quot;1&quot;:2,&quot;2&quot;:0,&quot;5&quot;:{&quot;1&quot;:2,&quot;2&quot;:0}},{&quot;1&quot;:0,&quot;2&quot;:0,&quot;3&quot;:3},{&quot;1&quot;:1,&quot;2&quot;:0,&quot;4&quot;:1}]},&quot;10&quot;:0,&quot;11&quot;:4,&quot;12&quot;:0,&quot;15&quot;:&quot;Montserrat&quot;}\">Vi har ett elevh\u00e4lsoteam p\u00e5 skolan best\u00e5ende av bitr\u00e4dande rektor, studie- och yrkesv\u00e4gledare, kurator, skolsk\u00f6terska samt elevst\u00f6djare. Skolan har ocks\u00e5 tillg\u00e5ng till en skoll\u00e4kare och skolpsykolog. Elevh\u00e4lsan arbetar f\u00f6rebyggande och h\u00e4lsofr\u00e4mjande med syfte att st\u00f6dja elevernas utveckling mot m\u00e5len. Elevh\u00e4lsan \u00e4r en viktig del av skolans arbete med att v\u00e5ra elever ska m\u00e5 bra och lyckas samt att skapa en trygg och till\u00e5tande skolmilj\u00f6.<\/p>\n<p>V\u00e5ra studiest\u00f6djare arbetar s\u00e4rskilt med de elever som beh\u00f6ver extra st\u00f6d och hj\u00e4lp. Studiest\u00f6djarna utg\u00e5r fr\u00e5n ett s\u00e4rskilt anpassat klassrum d\u00e4r du som elev kan f\u00e5 studera i en lugn milj\u00f6 och f\u00e5 hj\u00e4lp med att till exempel strukturera upp dina studier, eller f\u00e5 skriv- och l\u00e4sst\u00f6d. Studiest\u00f6djarna arbetar ocks\u00e5 ute i klassrummen tillsammans med l\u00e4rarna och st\u00f6ttar upp b\u00e5de p\u00e5 individniv\u00e5 och gruppniv\u00e5. <\/span><\/p>\n\n\t\t\t\t\t<\/div>\n\t\t\t\t\t\t\t<\/div>\n\n\t\t\t\t\t<\/div>\n\n\t\t <div class=\"ams-fifty__media u-ratio-square\">\n\t\t \t\t\t\t\t<img decoding=\"async\" width=\"600\" height=\"600\" src=\"https:\/\/lbs.se\/wp-content\/uploads\/sites\/17\/2023\/06\/lbs-elevhalsa-202304-600x600.jpg\" class=\"attachment-md size-md\" alt=\"Elever h\u00e4nger bland rosa f\u00e5t\u00f6ljer i korridoren.\" sizes=\"(min-width: 64em) 600px, calc(100vw - 160px)\" srcset=\"https:\/\/lbs.se\/wp-content\/uploads\/sites\/17\/2023\/06\/lbs-elevhalsa-202304-600x600.jpg 600w, https:\/\/lbs.se\/wp-content\/uploads\/sites\/17\/2023\/06\/lbs-elevhalsa-202304-150x150.jpg 150w, https:\/\/lbs.se\/wp-content\/uploads\/sites\/17\/2023\/06\/lbs-elevhalsa-202304-300x300.jpg 300w, https:\/\/lbs.se\/wp-content\/uploads\/sites\/17\/2023\/06\/lbs-elevhalsa-202304-400x400.jpg 400w, https:\/\/lbs.se\/wp-content\/uploads\/sites\/17\/2023\/06\/lbs-elevhalsa-202304-800x800.jpg 800w, https:\/\/lbs.se\/wp-content\/uploads\/sites\/17\/2023\/06\/lbs-elevhalsa-202304-1024x1024.jpg 1024w, https:\/\/lbs.se\/wp-content\/uploads\/sites\/17\/2023\/06\/lbs-elevhalsa-202304.jpg 1200w\" \/>\n\t\t\t\n\t\t\t\n\t\t\t\t\t<\/div>\n\t<\/div>\n\n\t\t\n\n<\/section>\n\n\n\n\n<section  class=\"ams-cta ams-cta--stacked c-block l-stacked\" data-color-scheme=\"nytt-standard\">\n\t<div class=\"l-container l-stack l-stack-fluid-2xl u-pt-fluid-3xl-6xl u-pb-fluid-3xl-6xl is-center is-center@md\">\n\t\t\t\t\t<div class=\"ams-cta__intro l-stack l-stack-lg\">\n\t\t\t\t\t\n\t<h2\n\tclass=\"c-heading u-font-title-1 \"\n\tstyle=\"\">\n\t\t\n\t\t\t\t\tKONTAKTA V\u00c5RT ELEVH\u00c4LSOTEAM\n\t\t\t\t\n\t<\/h2>\n\n\t\t\t\t\t\t\t\t\t<div class=\"c-text l-stack u-cs-xl u-font-body\">\n\t\t\t\t\t\t<p><span data-sheets-value=\"{&quot;1&quot;:2,&quot;2&quot;:&quot;Om du har fr\u00e5gor om v\u00e5r elevh\u00e4lsa \u00e4r du varmt v\u00e4lkommen att kontakta oss.&quot;}\" data-sheets-userformat=\"{&quot;2&quot;:5025,&quot;3&quot;:{&quot;1&quot;:0},&quot;8&quot;:{&quot;1&quot;:[{&quot;1&quot;:2,&quot;2&quot;:0,&quot;5&quot;:{&quot;1&quot;:2,&quot;2&quot;:0}},{&quot;1&quot;:0,&quot;2&quot;:0,&quot;3&quot;:3},{&quot;1&quot;:1,&quot;2&quot;:0,&quot;4&quot;:1}]},&quot;10&quot;:0,&quot;11&quot;:4,&quot;12&quot;:0,&quot;15&quot;:&quot;Montserrat&quot;}\">Om du har fr\u00e5gor om v\u00e5r elevh\u00e4lsa \u00e4r du varmt v\u00e4lkommen att kontakta oss.<\/span><\/p>\n\n\t\t\t\t\t<\/div>\n\t\t\t\t\t\t\t<\/div>\n\t\t\n\t\t\n\t\t\t<div class=\"ams-cta__action u-inline-items\">\n\t\t\t\t\t\t\t\n\n\n<a href=\"https:\/\/lbs.se\/lund\/kontakt\/\"\n\t\n\tclass=\"c-btn \"\n\tdata-style=\"square\"\n\tdata-size=\"md\"\n\tdata-width=\"full-mobile\"\n\tdata-variant=\"default\"\n\ttarget=\"_self\">\n\t\t\t<span class=\"label\"> Kontakta oss<\/span>\n\t\t\t<\/a>\n\t\t\t<\/div>\n\t<\/div>\n\n\t\t\n\t\t\t\t\n\t\t\n\t\t\t\n\t\t\t\t\t\n\t\t\t\n\t\t\t\t\t\n\t\t\t\t\t\t\t\t\t\t\n\t\t\t\t\t\n\t\t\t\t\t\t\t\t\t\t\n\t\t\t\t\t\n\t\t\t\n\t\t\t\t\t\n\t\t\t\n\t\t\t\t\t\n\t\t<div class=\"c-image-offset\" style=\"--img-size-min:100;--img-size-max:230;--block-start-min:-50;--block-start-max:-120;--inline-end-min:20;--inline-end-max:70\">\n\t\t\t<img decoding=\"async\" width=\"333\" height=\"319\" src=\"https:\/\/lbs.se\/wp-content\/uploads\/sites\/17\/2023\/06\/lbsfoto-filmobjekt.png\" class=\"attachment-sm size-sm\" alt=\"\" srcset=\"https:\/\/lbs.se\/wp-content\/uploads\/sites\/17\/2023\/06\/lbsfoto-filmobjekt.png 333w, https:\/\/lbs.se\/wp-content\/uploads\/sites\/17\/2023\/06\/lbsfoto-filmobjekt-300x287.png 300w\" sizes=\"(max-width: 333px) 100vw, 333px\" \/>\n\t\t<\/div>\n\t\t\n\n<\/section>\n","protected":false},"excerpt":{"rendered":"","protected":false},"author":1,"featured_media":0,"parent":19,"menu_order":0,"comment_status":"closed","ping_status":"closed","template":"","meta":{"footnotes":""},"yoast_head":"<!-- This site is optimized with the Yoast SEO plugin v22.0 - https:\/\/yoast.com\/wordpress\/plugins\/seo\/ -->\n<title>Elevh\u00e4lsa - LBS Gymnasium Lund<\/title>\n<meta name=\"description\" content=\"Vi har ett elevh\u00e4lsoteam p\u00e5 skolan best\u00e5ende av bitr\u00e4dande rektor, studie- och yrkesv\u00e4gledare, kurator, skolsk\u00f6terska samt elevst\u00f6djare.\" \/>\n<meta name=\"robots\" content=\"index, follow, max-snippet:-1, max-image-preview:large, max-video-preview:-1\" \/>\n<link rel=\"canonical\" href=\"https:\/\/lbs.se\/lund\/var-skola\/elevhalsa\/\" \/>\n<meta property=\"og:locale\" content=\"sv_SE\" \/>\n<meta property=\"og:type\" content=\"article\" \/>\n<meta property=\"og:title\" content=\"Elevh\u00e4lsa - LBS Gymnasium Lund\" \/>\n<meta property=\"og:description\" content=\"Vi har ett elevh\u00e4lsoteam p\u00e5 skolan best\u00e5ende av bitr\u00e4dande rektor, studie- och yrkesv\u00e4gledare, kurator, skolsk\u00f6terska samt elevst\u00f6djare.\" \/>\n<meta property=\"og:url\" content=\"https:\/\/lbs.se\/lund\/var-skola\/elevhalsa\/\" \/>\n<meta property=\"og:site_name\" content=\"Lund\" \/>\n<meta property=\"article:modified_time\" content=\"2025-06-27T08:30:37+00:00\" \/>\n<meta name=\"twitter:card\" content=\"summary_large_image\" \/>\n<meta name=\"twitter:title\" content=\"Elevh\u00e4lsa - LBS Gymnasium Lund\" \/>\n<meta name=\"twitter:description\" content=\"Vi har ett elevh\u00e4lsoteam p\u00e5 skolan best\u00e5ende av bitr\u00e4dande rektor, studie- och yrkesv\u00e4gledare, kurator, skolsk\u00f6terska samt elevst\u00f6djare.\" \/>\n<meta name=\"twitter:label1\" content=\"Ber\u00e4knad l\u00e4stid\" \/>\n\t<meta name=\"twitter:data1\" content=\"2 minuter\" \/>\n<script type=\"application\/ld+json\" class=\"yoast-schema-graph\">{\"@context\":\"https:\/\/schema.org\",\"@graph\":[{\"@type\":\"WebPage\",\"@id\":\"https:\/\/lbs.se\/lund\/var-skola\/elevhalsa\/\",\"url\":\"https:\/\/lbs.se\/lund\/var-skola\/elevhalsa\/\",\"name\":\"Elevh\u00e4lsa - LBS Gymnasium Lund\",\"isPartOf\":{\"@id\":\"https:\/\/lbs.se\/lund\/#website\"},\"datePublished\":\"2022-07-25T21:08:14+00:00\",\"dateModified\":\"2025-06-27T08:30:37+00:00\",\"description\":\"Vi har ett elevh\u00e4lsoteam p\u00e5 skolan best\u00e5ende av bitr\u00e4dande rektor, studie- och yrkesv\u00e4gledare, kurator, skolsk\u00f6terska samt elevst\u00f6djare.\",\"breadcrumb\":{\"@id\":\"https:\/\/lbs.se\/lund\/var-skola\/elevhalsa\/#breadcrumb\"},\"inLanguage\":\"sv-SE\",\"potentialAction\":[{\"@type\":\"ReadAction\",\"target\":[\"https:\/\/lbs.se\/lund\/var-skola\/elevhalsa\/\"]}]},{\"@type\":\"BreadcrumbList\",\"@id\":\"https:\/\/lbs.se\/lund\/var-skola\/elevhalsa\/#breadcrumb\",\"itemListElement\":[{\"@type\":\"ListItem\",\"position\":1,\"name\":\"Start\",\"item\":\"https:\/\/lbs.se\/lund\/\"},{\"@type\":\"ListItem\",\"position\":2,\"name\":\"V\u00e5r skola\",\"item\":\"https:\/\/lbs.se\/lund\/var-skola\/\"},{\"@type\":\"ListItem\",\"position\":3,\"name\":\"Elevh\u00e4lsa\"}]},{\"@type\":\"WebSite\",\"@id\":\"https:\/\/lbs.se\/lund\/#website\",\"url\":\"https:\/\/lbs.se\/lund\/\",\"name\":\"Lund\",\"description\":\"LBS Kreativa Gymnasiet\",\"potentialAction\":[{\"@type\":\"SearchAction\",\"target\":{\"@type\":\"EntryPoint\",\"urlTemplate\":\"https:\/\/lbs.se\/lund\/?s={search_term_string}\"},\"query-input\":\"required name=search_term_string\"}],\"inLanguage\":\"sv-SE\"}]}<\/script>\n<!-- \/ Yoast SEO plugin. -->","yoast_head_json":{"title":"Elevh\u00e4lsa - LBS Gymnasium Lund","description":"Vi har ett elevh\u00e4lsoteam p\u00e5 skolan best\u00e5ende av bitr\u00e4dande rektor, studie- och yrkesv\u00e4gledare, kurator, skolsk\u00f6terska samt elevst\u00f6djare.","robots":{"index":"index","follow":"follow","max-snippet":"max-snippet:-1","max-image-preview":"max-image-preview:large","max-video-preview":"max-video-preview:-1"},"canonical":"https:\/\/lbs.se\/lund\/var-skola\/elevhalsa\/","og_locale":"sv_SE","og_type":"article","og_title":"Elevh\u00e4lsa - LBS Gymnasium Lund","og_description":"Vi har ett elevh\u00e4lsoteam p\u00e5 skolan best\u00e5ende av bitr\u00e4dande rektor, studie- och yrkesv\u00e4gledare, kurator, skolsk\u00f6terska samt elevst\u00f6djare.","og_url":"https:\/\/lbs.se\/lund\/var-skola\/elevhalsa\/","og_site_name":"Lund","article_modified_time":"2025-06-27T08:30:37+00:00","twitter_card":"summary_large_image","twitter_title":"Elevh\u00e4lsa - LBS Gymnasium Lund","twitter_description":"Vi har ett elevh\u00e4lsoteam p\u00e5 skolan best\u00e5ende av bitr\u00e4dande rektor, studie- och yrkesv\u00e4gledare, kurator, skolsk\u00f6terska samt elevst\u00f6djare.","twitter_misc":{"Ber\u00e4knad l\u00e4stid":"2 minuter"},"schema":{"@context":"https:\/\/schema.org","@graph":[{"@type":"WebPage","@id":"https:\/\/lbs.se\/lund\/var-skola\/elevhalsa\/","url":"https:\/\/lbs.se\/lund\/var-skola\/elevhalsa\/","name":"Elevh\u00e4lsa - LBS Gymnasium Lund","isPartOf":{"@id":"https:\/\/lbs.se\/lund\/#website"},"datePublished":"2022-07-25T21:08:14+00:00","dateModified":"2025-06-27T08:30:37+00:00","description":"Vi har ett elevh\u00e4lsoteam p\u00e5 skolan best\u00e5ende av bitr\u00e4dande rektor, studie- och yrkesv\u00e4gledare, kurator, skolsk\u00f6terska samt elevst\u00f6djare.","breadcrumb":{"@id":"https:\/\/lbs.se\/lund\/var-skola\/elevhalsa\/#breadcrumb"},"inLanguage":"sv-SE","potentialAction":[{"@type":"ReadAction","target":["https:\/\/lbs.se\/lund\/var-skola\/elevhalsa\/"]}]},{"@type":"BreadcrumbList","@id":"https:\/\/lbs.se\/lund\/var-skola\/elevhalsa\/#breadcrumb","itemListElement":[{"@type":"ListItem","position":1,"name":"Start","item":"https:\/\/lbs.se\/lund\/"},{"@type":"ListItem","position":2,"name":"V\u00e5r skola","item":"https:\/\/lbs.se\/lund\/var-skola\/"},{"@type":"ListItem","position":3,"name":"Elevh\u00e4lsa"}]},{"@type":"WebSite","@id":"https:\/\/lbs.se\/lund\/#website","url":"https:\/\/lbs.se\/lund\/","name":"Lund","description":"LBS Kreativa Gymnasiet","potentialAction":[{"@type":"SearchAction","target":{"@type":"EntryPoint","urlTemplate":"https:\/\/lbs.se\/lund\/?s={search_term_string}"},"query-input":"required name=search_term_string"}],"inLanguage":"sv-SE"}]}},"_links":{"self":[{"href":"https:\/\/lbs.se\/lund\/wp-json\/wp\/v2\/pages\/27"}],"collection":[{"href":"https:\/\/lbs.se\/lund\/wp-json\/wp\/v2\/pages"}],"about":[{"href":"https:\/\/lbs.se\/lund\/wp-json\/wp\/v2\/types\/page"}],"author":[{"embeddable":true,"href":"https:\/\/lbs.se\/lund\/wp-json\/wp\/v2\/users\/1"}],"replies":[{"embeddable":true,"href":"https:\/\/lbs.se\/lund\/wp-json\/wp\/v2\/comments?post=27"}],"version-history":[{"count":10,"href":"https:\/\/lbs.se\/lund\/wp-json\/wp\/v2\/pages\/27\/revisions"}],"predecessor-version":[{"id":1971,"href":"https:\/\/lbs.se\/lund\/wp-json\/wp\/v2\/pages\/27\/revisions\/1971"}],"up":[{"embeddable":true,"href":"https:\/\/lbs.se\/lund\/wp-json\/wp\/v2\/pages\/19"}],"wp:attachment":[{"href":"https:\/\/lbs.se\/lund\/wp-json\/wp\/v2\/media?parent=27"}],"curies":[{"name":"wp","href":"https:\/\/api.w.org\/{rel}","templated":true}]}}