{"id":19,"date":"2022-07-25T23:06:42","date_gmt":"2022-07-25T21:06:42","guid":{"rendered":"https:\/\/lbs.se\/lund\/?page_id=19"},"modified":"2025-11-27T14:39:50","modified_gmt":"2025-11-27T13:39:50","slug":"var-skola","status":"publish","type":"page","link":"https:\/\/lbs.se\/lund\/var-skola\/","title":{"rendered":"V\u00e5r skola"},"content":{"rendered":"\n\t\n\t\n\t\n\n\t\n\t\n\t\t\n<section  class=\"c-block l-stacked  \" data-color-scheme=\"new-standard-dark\">\n\t<div class=\"ams-fifty ams-fifty--container ams-fifty--left ams-fifty--top l-container u-pt-fluid-3xl-6xl u-pb-fluid-Ingen\">\n\t\t<div class=\"ams-fifty__content l-stack l-stack-xl is-left is-left@lg\">\n\t\t\t<div class=\"ams-fifty__text l-stack l-stack-lg\">\n\t\t\t\t\t\n\t<h1\n\tclass=\"c-heading u-font-title-1 \"\n\tstyle=\"\">\n\t\t\n\t\t\t\t\tOM LBS KREATIVA GYMNASIET LUND\n\t\t\t\t\n\t<\/h1>\n\n\t\t\t\t\t\t\t\t\t<div class=\"text l-stack u-font-body\">\n\t\t\t\t\t\t<h2>H\u00e4r fl\u00f6dar kreativitet och id\u00e9er<\/h2>\n<p><span data-sheets-value=\"{&quot;1&quot;:2,&quot;2&quot;:&quot;H\u00e4r fl\u00f6dar kreativitet och id\u00e9er\\nV\u00e5ra lokaler ligger i centrala Lund med bara n\u00e5gra minuters promenad fr\u00e5n Lunds centralstation. H\u00e4r finns studios f\u00f6r m\u00e5nga slags skapande: musik-, film-, foto-, och poddstudio. H\u00e4r kan du v\u00e4lja mellan det Estetiska programmet eller Teknikprogrammet som b\u00e5da ger dig beh\u00f6righet att plugga vidare efter gymnasiet. P\u00e5 LBS kommer du f\u00e5 en gymnasieutbildning av h\u00f6g kvalitet samtidigt som du ges en unik m\u00f6jlighet att f\u00f6rverkliga dina dr\u00f6mmar om en karri\u00e4r inom grafik-, medie-, app-, musik- eller spelbranschen.\\nDet h\u00e4nder hos oss\\nVarje \u00e5r har vi projektveckor d\u00e4r du fokuserat f\u00e5r g\u00f6ra projekt kopplat till din utbildning. Exempelvis utvecklar spelgrafiker och spelutvecklarna spel tillsammans. Vi arrangerar \u00e4ven LAN och andra aktiviteter under \u00e5ret.\\nBranschkoppling\\nI Lund finns m\u00e4ngder av m\u00f6jligheter f\u00f6r oss att integrera utbildningen med s\u00e5v\u00e4l medie- som spelbranschen. Vi har samarbeten med h\u00f6gskolor och ger v\u00e5ra elever skarpa projekt f\u00f6r att testa p\u00e5 framtidens kreativa branscher redan p\u00e5 gymnasiet.\\nGemenskap\\nP\u00e5 LBS f\u00e5r du g\u00e5 med likasinnade elever som brinner f\u00f6r att skapa spel, grafik, musik, foto och film. Det skapar en fin gemenskap d\u00e4r alla brinner f\u00f6r samma sak, fast inom olika intressen.&quot;}\" data-sheets-userformat=\"{&quot;2&quot;:5025,&quot;3&quot;:{&quot;1&quot;:0},&quot;8&quot;:{&quot;1&quot;:[{&quot;1&quot;:2,&quot;2&quot;:0,&quot;5&quot;:{&quot;1&quot;:2,&quot;2&quot;:0}},{&quot;1&quot;:0,&quot;2&quot;:0,&quot;3&quot;:3},{&quot;1&quot;:1,&quot;2&quot;:0,&quot;4&quot;:1}]},&quot;10&quot;:0,&quot;11&quot;:4,&quot;12&quot;:0,&quot;15&quot;:&quot;Montserrat&quot;}\" data-sheets-textstyleruns=\"{&quot;1&quot;:0,&quot;2&quot;:{&quot;5&quot;:1}}\uee10{&quot;1&quot;:32}\uee10{&quot;1&quot;:542,&quot;2&quot;:{&quot;5&quot;:1}}\uee10{&quot;1&quot;:560}\uee10{&quot;1&quot;:783,&quot;2&quot;:{&quot;5&quot;:1}}\uee10{&quot;1&quot;:798}\uee10{&quot;1&quot;:1040,&quot;2&quot;:{&quot;5&quot;:1}}\uee10{&quot;1&quot;:1049}\">V\u00e5ra lokaler ligger i centrala Lund, p\u00e5 <a href=\"https:\/\/www.hitta.se\/kartan!~55.70696,13.19282,14z\/tr!i=8moQsNLY\/search!i=icnqqrrb!q=LBS%20Kreativa%20Gymnasiet%20Lund%2C%20Bredgatan%20Lund!t=single!st=cmp!a=55.70696:13.19282!ai=icnqqrrb!aic=55.70696:13.19282?search=LBS%20Kreativa%20Gymnasiet%20G%C3%B6teborg%20%C3%96stra%20Hamngatan%2013%20G%C3%B6teborg&amp;st=single&amp;sst=cmp&amp;sids=cryecrxja&amp;srb=0\">Bredgatan 10<\/a>, med bara n\u00e5gra minuters promenad fr\u00e5n Lunds centralstation. H\u00e4r finns studios f\u00f6r m\u00e5nga slags skapande: musik-, film-, foto-, och poddstudio. H\u00e4r kan du v\u00e4lja mellan det Estetiska programmet och Teknikprogrammet som b\u00e5da ger dig beh\u00f6righet att plugga vidare efter gymnasiet. P\u00e5 LBS gymnasium Lund kommer du f\u00e5 en gymnasieutbildning av h\u00f6g kvalitet samtidigt som du ges en unik m\u00f6jlighet att f\u00f6rverkliga dina dr\u00f6mmar om en karri\u00e4r inom grafik-, medie-, app-, musik- eller spelbranschen.<\/span><\/p>\n\n\t\t\t\t\t<\/div>\n\t\t\t\t\t\t\t<\/div>\n\n\t\t\t\t<div class=\"ams-fifty__action u-inline-items\">\n\t\t\t\t\t\t\t\n\n\n<a href=\"https:\/\/lbs.se\/lund\/oppet-hus\/\"\n\t\n\tclass=\"c-btn \"\n\tdata-style=\"square\"\n\tdata-size=\"md\"\n\tdata-width=\"full-mobile\"\n\tdata-variant=\"default\"\n\ttarget=\"_self\">\n\t\t\t<span class=\"label\"> Bes\u00f6k \u00d6ppet hus<\/span>\n\t\t\t<\/a>\n\t\t\t<\/div>\n\t\t<\/div>\n\n\t\t <div class=\"ams-fifty__media u-ratio-square\">\n\t\t \t\t\t\t\t<img decoding=\"async\" width=\"600\" height=\"600\" src=\"https:\/\/lbs.se\/wp-content\/uploads\/sites\/17\/2023\/06\/lbs-kreativa-gymnasiet-202304-600x600.jpg\" class=\"attachment-md size-md\" alt=\"Elever leer mot kameran och ritar tillsammans vid ett bord.\" sizes=\"(min-width: 64em) 600px, calc(100vw - 160px)\" srcset=\"https:\/\/lbs.se\/wp-content\/uploads\/sites\/17\/2023\/06\/lbs-kreativa-gymnasiet-202304-600x600.jpg 600w, https:\/\/lbs.se\/wp-content\/uploads\/sites\/17\/2023\/06\/lbs-kreativa-gymnasiet-202304-150x150.jpg 150w, https:\/\/lbs.se\/wp-content\/uploads\/sites\/17\/2023\/06\/lbs-kreativa-gymnasiet-202304-300x300.jpg 300w, https:\/\/lbs.se\/wp-content\/uploads\/sites\/17\/2023\/06\/lbs-kreativa-gymnasiet-202304-400x400.jpg 400w, https:\/\/lbs.se\/wp-content\/uploads\/sites\/17\/2023\/06\/lbs-kreativa-gymnasiet-202304-800x800.jpg 800w, https:\/\/lbs.se\/wp-content\/uploads\/sites\/17\/2023\/06\/lbs-kreativa-gymnasiet-202304-1024x1024.jpg 1024w, https:\/\/lbs.se\/wp-content\/uploads\/sites\/17\/2023\/06\/lbs-kreativa-gymnasiet-202304.jpg 1200w\" \/>\n\t\t\t\n\t\t\t\n\t\t\t\t\t<\/div>\n\t<\/div>\n\n\t\t\n\n<\/section>\n\n\n\n<div class=\"module_wrapper ams_background_module  site__primary-bg   site__text-color--light  cp-120\" >\n<div class=\"container_width--full_width_conIcon\">\n\t\n\n<div class=\"wp-block-group is-style-container is-content-justification-left is-layout-constrained wp-container-core-group-layout-1 wp-block-group-is-layout-constrained\">\n<h2 class=\"wp-block-heading\">Det h\u00e4nder hos oss i Lund<\/h2>\n\n\n\n<p>Varje \u00e5r har vi projektveckor d\u00e4r du fokuserat f\u00e5r g\u00f6ra projekt kopplat till din utbildning. Exempelvis utvecklar spelgrafiker och spelutvecklarna spel tillsammans. Vi arrangerar \u00e4ven LAN och andra aktiviteter under \u00e5ret. Det ger din gymnasietid det lilla extra!<\/p>\n\n\n\n<h3 class=\"wp-block-heading\">Branschkoppling redan p\u00e5 gymnasiet<\/h3>\n\n\n\n<p>I Lund finns m\u00e5nga m\u00f6jligheter f\u00f6r oss att integrera utbildningen med medie- och spelbranschen. Vi str\u00e4var efter att ha samarbeten med h\u00f6gskolor och f\u00f6retag f\u00f6r att ge v\u00e5ra en verklighetsf\u00f6rankrad utbildning.<\/p>\n\n\n\n<h3 class=\"wp-block-heading\">Gemenskap<\/h3>\n\n\n\n<p>P\u00e5 LBS gymnasium i Lund f\u00e5r du g\u00e5 med likasinnade elever som brinner f\u00f6r att skapa spel, grafik, musik, foto och film. Det skapar en fin gemenskap d\u00e4r alla brinner f\u00f6r samma sak, fast inom olika intressen.<\/p>\n<\/div>\n\n\n\n\t\t\t\t\t\t\t\t\t\t\t\t\t<\/div>\n<\/div>\n\n\n\n\n<section  class=\"ams-quote c-block l-stacked\" data-color-scheme=\"nytt-standard\">\n\t<div class=\"l-container l-stack l-stack-fluid-2xl u-pt-fluid-3xl-6xl u-pb-fluid-3xl-6xl is-center is-center@md\">\n\t\t\n\t\t\t\t\t<ul class=\"ams-quote__list l-grid u-gap-fluid-2xl-4xl u-justify-center\"\n\taria-label=\"Citat\">\n\t\t\t<li class=\"l-col-12@md\">\n\t\t\t<article class=\"c-card\" data-variant=\"neutral\" >\n\t\t\t\t<div class=\"c-card__content l-stack u-text-center\">\n\t\t\t\t\t\t\t\t\t\t\t<blockquote class=\"c-card__title u-font-title-3\">\n\t\t\t\t\t\t\t\t\t\t\t\t\t\t\t<p class=\"u-quote-marks\">Trivsam och trygg milj\u00f6 med v\u00e4ldigt bra l\u00e4rare och utvecklade program, rekommenderar starkt!<\/p>\n\t\t\t\t\t\t\t\t\t\t\t\t\t<\/blockquote>\n\t\t\t\t\t\n\t\t\t\t\t\t\t\t\t\t\t<p class=\"c-card__text\">\n\t\t\t\t\t\t\t<span class=\"author u-font-body\">Elev<\/span>\n\t\t\t\t\t\t\t<span class=\"title u-font-body\"><\/span>\n\t\t\t\t\t\t<\/p>\n\t\t\t\t\t\t\t\t\t<\/div>\n\n\t\t\t\t\t\t\t<\/article>\n\t\t<\/li>\n\t<\/ul>\n\t\n\t\t\t<\/div>\n\n\t\t\n\n<\/section>\n\n\n\n\t\n\t\n\t\n\n\t\n\t\n\t\t\n<section  class=\"c-block l-stacked  \" data-color-scheme=\"new-pink-dark\">\n\t<div class=\"ams-fifty ams-fifty--container ams-fifty--right ams-fifty--top l-container u-pt-fluid-3xl-6xl u-pb-fluid-3xl-6xl\">\n\t\t<div class=\"ams-fifty__content l-stack l-stack-xl is-left is-left@lg\">\n\t\t\t<div class=\"ams-fifty__text l-stack l-stack-lg\">\n\t\t\t\t\t\n\t<h2\n\tclass=\"c-heading u-font-title-1 \"\n\tstyle=\"\">\n\t\t\n\t\t\t\t\tMASTERCLASS\n\t\t\t\t\n\t<\/h2>\n\n\t\t\t\t\t\t\t\t\t<div class=\"text l-stack u-font-body\">\n\t\t\t\t\t\t<p>Masterclasses \u00e4r g\u00e4stf\u00f6rel\u00e4sningar, workshops och m\u00f6ten med branschen d\u00e4r du som elev f\u00e5r en inblick i arbetslivet och olika jobbm\u00f6jligheter. Du kommer f\u00e5 tr\u00e4ffa och lyssna p\u00e5 personer som arbetar i eller studerar mot branscher relaterade till v\u00e5ra utbildningar. P\u00e5 s\u00e5 vis f\u00e5r du som elev inspiration och en verklighetsf\u00f6rankring i din utbildning.<\/p>\n\n\t\t\t\t\t<\/div>\n\t\t\t\t\t\t\t<\/div>\n\n\t\t\t\t<div class=\"ams-fifty__action u-inline-items\">\n\t\t\t\t\t\t\t\n\n\n<a href=\"https:\/\/lbs.se\/lund\/var-skola\/lbs-masterclass\/\"\n\t\n\tclass=\"c-btn \"\n\tdata-style=\"square\"\n\tdata-size=\"md\"\n\tdata-width=\"full-mobile\"\n\tdata-variant=\"default\"\n\ttarget=\"_self\">\n\t\t\t<span class=\"label\"> Om Masterclass<\/span>\n\t\t\t<\/a>\n\t\t\t<\/div>\n\t\t<\/div>\n\n\t\t <div class=\"ams-fifty__media u-ratio-square\">\n\t\t \t\t\t\t\t<img decoding=\"async\" width=\"600\" height=\"600\" src=\"https:\/\/lbs.se\/wp-content\/uploads\/sites\/17\/2023\/06\/lbs-masterclass-branschen-600x600.jpg\" class=\"attachment-md size-md\" alt=\"Elev st\u00e5r och pratar framf\u00f6r klassen och presenterar ett spel p\u00e5 storbildsk\u00e4rm.\" sizes=\"(min-width: 64em) 600px, calc(100vw - 160px)\" srcset=\"https:\/\/lbs.se\/wp-content\/uploads\/sites\/17\/2023\/06\/lbs-masterclass-branschen-600x600.jpg 600w, https:\/\/lbs.se\/wp-content\/uploads\/sites\/17\/2023\/06\/lbs-masterclass-branschen-150x150.jpg 150w, https:\/\/lbs.se\/wp-content\/uploads\/sites\/17\/2023\/06\/lbs-masterclass-branschen-300x300.jpg 300w, https:\/\/lbs.se\/wp-content\/uploads\/sites\/17\/2023\/06\/lbs-masterclass-branschen-400x400.jpg 400w, https:\/\/lbs.se\/wp-content\/uploads\/sites\/17\/2023\/06\/lbs-masterclass-branschen-800x800.jpg 800w, https:\/\/lbs.se\/wp-content\/uploads\/sites\/17\/2023\/06\/lbs-masterclass-branschen-1024x1024.jpg 1024w, https:\/\/lbs.se\/wp-content\/uploads\/sites\/17\/2023\/06\/lbs-masterclass-branschen.jpg 1200w\" \/>\n\t\t\t\n\t\t\t\n\t\t\t\t\t<\/div>\n\t<\/div>\n\n\t\t\n\n<\/section>\n\n\n\n\n<section  class=\"ams-info-card c-block l-stacked\" data-color-scheme=\"new-kurslistning\">\n\t<div class=\"l-container l-stack l-stack-fluid-2xl u-pt-fluid-3xl-6xl u-pb-fluid-3xl-6xl is-center is-center@md\">\n\t\t\t\t\t<div class=\"ams-info-card__intro l-stack l-stack-lg\">\n\t\t\t\t\t\n\t<h2\n\tclass=\"c-heading u-font-title-1 \"\n\tstyle=\"\">\n\t\t\n\t\t\t\t\tV\u00c5RA AWARDS\n\t\t\t\t\n\t<\/h2>\n\n\t\t\t\t\t\t\t<\/div>\n\t\t\n\t\t\t\t\t\n<ul class=\"ams-info-card__list l-grid u-gap-2xl\">\n\t\t\t<li class=\"l-col-6@md\">\n\t\t\t<article\n\t\t\t\tclass=\"\n\t\t\t\tc-card\n\t\t\t\t\n\t\t\t\thas-media-zoom\n\t\t\t\t\n\t\t\t\t\"\n\t\t\t\tdata-variant=\"simple\"\n\t\t\t\tdata-style=\"square\"\n\t\t\t\t data-click-area\n\t\t\t\t\n\t\t\t\t\n\t\t\t\t>\n\t\t\t\t<div class=\"c-card__content l-stack l-stack-sm is-left is-left@md\">\n\t\t\t\t\t\t\t\t\t\t\t<h3 class=\"c-card__title u-font-title-3\">\n\t\t\t\t\t\t\t\t\t\t\t\t\t\t\t<a class=\"c-card__link\" href=\"https:\/\/lbs.se\/lund\/game-awards\/\" target=\"_self\">\n\t\t\t\t\t\t\t\t\tLBS GAME AWARDS\n\t\t\t\t\t\t\t\t<\/a>\n\t\t\t\t\t\t\t\t\t\t\t\t\t<\/h3>\n\t\t\t\t\t\n\t\t\t\t\t\t\t\t\t\t\t<div class=\"c-card__text l-stack-xs u-font-body\">\n\t\t\t\t\t\t\t<p><span data-sheets-value=\"{&quot;1&quot;:2,&quot;2&quot;:&quot;Ett event d\u00e4r vi hyllar v\u00e5ra spelgrafiker och spelutvecklare. Bidrag l\u00e4mnas in till en jury som p\u00e5 kv\u00e4llen f\u00f6r eventet korar vinnarna.&quot;}\" data-sheets-userformat=\"{&quot;2&quot;:5033,&quot;3&quot;:{&quot;1&quot;:0},&quot;6&quot;:{&quot;1&quot;:[{&quot;1&quot;:2,&quot;2&quot;:0,&quot;5&quot;:{&quot;1&quot;:2,&quot;2&quot;:0}},{&quot;1&quot;:0,&quot;2&quot;:0,&quot;3&quot;:3},{&quot;1&quot;:1,&quot;2&quot;:0,&quot;4&quot;:1}]},&quot;8&quot;:{&quot;1&quot;:[{&quot;1&quot;:2,&quot;2&quot;:0,&quot;5&quot;:{&quot;1&quot;:2,&quot;2&quot;:0}},{&quot;1&quot;:0,&quot;2&quot;:0,&quot;3&quot;:3},{&quot;1&quot;:1,&quot;2&quot;:0,&quot;4&quot;:1}]},&quot;10&quot;:0,&quot;11&quot;:4,&quot;12&quot;:0,&quot;15&quot;:&quot;Montserrat&quot;}\">Ett event d\u00e4r vi hyllar v\u00e5ra spelgrafiker och spelutvecklare. Bidrag l\u00e4mnas in till en jury som p\u00e5 kv\u00e4llen f\u00f6r eventet korar vinnarna.<\/span><\/p>\n\n\t\t\t\t\t\t<\/div>\n\t\t\t\t\t\n\t\t\t\t\t\t\t\t\t\t\t<div class=\"c-card__icon c-card__icon--nl\">\n\t\t\t\t\t\t\t\t\t\t\t\t\t\t<svg class=\"ams-icon ams-icon--arrow-right\" width=\"32\" height=\"32\" viewbox=\"0 0 32 32\" fill=\"currentColor\" aria-hidden=\"true\" xmlns=\"http:\/\/www.w3.org\/2000\/svg\">\n\t\t\t\t\t\t\t\t<path d=\"M19.3034 28L15.7415 24.4853L20.1077 20.2336L22.8079 17.966L22.7505 17.7392L17.6374 18.0794H0V12.8639H17.6374L22.7505 13.2041L22.8079 12.9773L20.1077 10.7098L15.7415 6.51474L19.3034 3L32 15.5283L19.3034 28Z\"\/>\n\t\t\t\t\t\t\t<\/svg>\n\t\t\t\t\t\t<\/div>\n\t\t\t\t\t\t\t\t\t<\/div>\n\n\t\t\t\t\t\t\t\t\t<div class=\"c-card__media \" style=\" \">\n\t\t\t\t\t\t<img decoding=\"async\" width=\"600\" height=\"600\" src=\"https:\/\/lbs.se\/wp-content\/uploads\/sites\/17\/2023\/06\/lbs-game-awards-600x600.jpg\" class=\"\" alt=\"LBS game awards logga.\" sizes=\"(min-width: 80em) 600px, (min-width: 48em) calc(.50 * (100vw - 304px)), calc(100vw - 208px)\" srcset=\"https:\/\/lbs.se\/wp-content\/uploads\/sites\/17\/2023\/06\/lbs-game-awards-600x600.jpg 600w, https:\/\/lbs.se\/wp-content\/uploads\/sites\/17\/2023\/06\/lbs-game-awards-150x150.jpg 150w, https:\/\/lbs.se\/wp-content\/uploads\/sites\/17\/2023\/06\/lbs-game-awards-300x300.jpg 300w, https:\/\/lbs.se\/wp-content\/uploads\/sites\/17\/2023\/06\/lbs-game-awards-400x400.jpg 400w, https:\/\/lbs.se\/wp-content\/uploads\/sites\/17\/2023\/06\/lbs-game-awards-800x800.jpg 800w, https:\/\/lbs.se\/wp-content\/uploads\/sites\/17\/2023\/06\/lbs-game-awards-1024x1024.jpg 1024w, https:\/\/lbs.se\/wp-content\/uploads\/sites\/17\/2023\/06\/lbs-game-awards.jpg 1200w\" \/>\n\t\t\t\t\t<\/div>\n\t\t\t\t\t\t\t<\/article>\n\t\t<\/li>\n\t\t\t<li class=\"l-col-6@md\">\n\t\t\t<article\n\t\t\t\tclass=\"\n\t\t\t\tc-card\n\t\t\t\t\n\t\t\t\thas-media-zoom\n\t\t\t\t\n\t\t\t\t\"\n\t\t\t\tdata-variant=\"simple\"\n\t\t\t\tdata-style=\"square\"\n\t\t\t\t data-click-area\n\t\t\t\t\n\t\t\t\t\n\t\t\t\t>\n\t\t\t\t<div class=\"c-card__content l-stack l-stack-sm is-left is-left@md\">\n\t\t\t\t\t\t\t\t\t\t\t<h3 class=\"c-card__title u-font-title-3\">\n\t\t\t\t\t\t\t\t\t\t\t\t\t\t\t<a class=\"c-card__link\" href=\"https:\/\/lbs.se\/lund\/music-and-media-awards\/\" target=\"_self\">\n\t\t\t\t\t\t\t\t\tLBS MUSIC AND MEDIA AWARDS\n\t\t\t\t\t\t\t\t<\/a>\n\t\t\t\t\t\t\t\t\t\t\t\t\t<\/h3>\n\t\t\t\t\t\n\t\t\t\t\t\t\t\t\t\t\t<div class=\"c-card__text l-stack-xs u-font-body\">\n\t\t\t\t\t\t\t<p><span data-sheets-value=\"{&quot;1&quot;:2,&quot;2&quot;:&quot;LBS egna gala f\u00f6r musik-, design- och medieelever. Elevarbeten hyllas och prisas under en helkv\u00e4ll.&quot;}\" data-sheets-userformat=\"{&quot;2&quot;:5025,&quot;3&quot;:{&quot;1&quot;:0},&quot;8&quot;:{&quot;1&quot;:[{&quot;1&quot;:2,&quot;2&quot;:0,&quot;5&quot;:{&quot;1&quot;:2,&quot;2&quot;:0}},{&quot;1&quot;:0,&quot;2&quot;:0,&quot;3&quot;:3},{&quot;1&quot;:1,&quot;2&quot;:0,&quot;4&quot;:1}]},&quot;10&quot;:0,&quot;11&quot;:4,&quot;12&quot;:0,&quot;15&quot;:&quot;Montserrat&quot;}\">LBS egna gala f\u00f6r musik-, design- och medieelever. Elevarbeten hyllas och prisas under en helkv\u00e4ll.<\/span><\/p>\n\n\t\t\t\t\t\t<\/div>\n\t\t\t\t\t\n\t\t\t\t\t\t\t\t\t\t\t<div class=\"c-card__icon c-card__icon--nl\">\n\t\t\t\t\t\t\t\t\t\t\t\t\t\t<svg class=\"ams-icon ams-icon--arrow-right\" width=\"32\" height=\"32\" viewbox=\"0 0 32 32\" fill=\"currentColor\" aria-hidden=\"true\" xmlns=\"http:\/\/www.w3.org\/2000\/svg\">\n\t\t\t\t\t\t\t\t<path d=\"M19.3034 28L15.7415 24.4853L20.1077 20.2336L22.8079 17.966L22.7505 17.7392L17.6374 18.0794H0V12.8639H17.6374L22.7505 13.2041L22.8079 12.9773L20.1077 10.7098L15.7415 6.51474L19.3034 3L32 15.5283L19.3034 28Z\"\/>\n\t\t\t\t\t\t\t<\/svg>\n\t\t\t\t\t\t<\/div>\n\t\t\t\t\t\t\t\t\t<\/div>\n\n\t\t\t\t\t\t\t\t\t<div class=\"c-card__media \" style=\" \">\n\t\t\t\t\t\t<img decoding=\"async\" width=\"600\" height=\"600\" src=\"https:\/\/lbs.se\/wp-content\/uploads\/sites\/17\/2023\/06\/lbs-music-and-media-awards-600x600.jpg\" class=\"\" alt=\"LBS music media awards logga.\" sizes=\"(min-width: 80em) 600px, (min-width: 48em) calc(.50 * (100vw - 304px)), calc(100vw - 208px)\" srcset=\"https:\/\/lbs.se\/wp-content\/uploads\/sites\/17\/2023\/06\/lbs-music-and-media-awards-600x600.jpg 600w, https:\/\/lbs.se\/wp-content\/uploads\/sites\/17\/2023\/06\/lbs-music-and-media-awards-150x150.jpg 150w, https:\/\/lbs.se\/wp-content\/uploads\/sites\/17\/2023\/06\/lbs-music-and-media-awards-300x300.jpg 300w, https:\/\/lbs.se\/wp-content\/uploads\/sites\/17\/2023\/06\/lbs-music-and-media-awards-400x400.jpg 400w, https:\/\/lbs.se\/wp-content\/uploads\/sites\/17\/2023\/06\/lbs-music-and-media-awards-800x800.jpg 800w, https:\/\/lbs.se\/wp-content\/uploads\/sites\/17\/2023\/06\/lbs-music-and-media-awards-1024x1024.jpg 1024w, https:\/\/lbs.se\/wp-content\/uploads\/sites\/17\/2023\/06\/lbs-music-and-media-awards.jpg 1200w\" \/>\n\t\t\t\t\t<\/div>\n\t\t\t\t\t\t\t<\/article>\n\t\t<\/li>\n\t<\/ul>\n\t\n\t\t\t<\/div>\n\n\t\t\n\t\t\t\t\n\t\t\n\t\t<div class=\"c-image-offset\" style=\"\">\n\t\t\t\n\t\t<\/div>\n\t\t\n\n<\/section>\n\n\n\n\n\n<section  class=\"ams-faq ams_event_module c-block l-stacked js-load-more\" data-color-scheme=\"new-green-dark\" data-count=\"30\" data-count-mobile=\"20\">\n\t<div class=\"l-container l-stack l-stack-fluid-2xl u-pt-fluid-3xl-6xl u-pb-fluid-3xl-6xl is-center is-center@md\">\n\t\t\t\t\t<div class=\"ams-faq__intro l-stack l-stack-lg\">\n\t\t\t\t\t\n\t<h2\n\tclass=\"c-heading u-font-title-1 \"\n\tstyle=\"\">\n\t\t\n\t\t\t\t\tVanliga fr\u00e5gor\n\t\t\t\t\n\t<\/h2>\n\n\t\t\t\t\t\t\t\t\t<div class=\"c-text l-stack u-cs-xl u-font-body\">\n\t\t\t\t\t\t<p><span data-sheets-value=\"{&quot;1&quot;:2,&quot;2&quot;:&quot;H\u00e4r har vi samlat vanliga fr\u00e5gor och svar om v\u00e5r skola. Har du andra fr\u00e5gor \u00e4r du varmt v\u00e4lkommen att kontakta oss.&quot;}\" data-sheets-userformat=\"{&quot;2&quot;:5033,&quot;3&quot;:{&quot;1&quot;:0},&quot;6&quot;:{&quot;1&quot;:[{&quot;1&quot;:2,&quot;2&quot;:0,&quot;5&quot;:{&quot;1&quot;:2,&quot;2&quot;:0}},{&quot;1&quot;:0,&quot;2&quot;:0,&quot;3&quot;:3},{&quot;1&quot;:1,&quot;2&quot;:0,&quot;4&quot;:1}]},&quot;8&quot;:{&quot;1&quot;:[{&quot;1&quot;:2,&quot;2&quot;:0,&quot;5&quot;:{&quot;1&quot;:2,&quot;2&quot;:0}},{&quot;1&quot;:0,&quot;2&quot;:0,&quot;3&quot;:3},{&quot;1&quot;:1,&quot;2&quot;:0,&quot;4&quot;:1}]},&quot;10&quot;:0,&quot;11&quot;:4,&quot;12&quot;:0,&quot;15&quot;:&quot;Montserrat&quot;}\">H\u00e4r har vi samlat vanliga fr\u00e5gor och svar om v\u00e5r skola. Har du andra fr\u00e5gor \u00e4r du varmt v\u00e4lkommen att <a href=\"https:\/\/lbs.se\/lund\/kontakt\/\">kontakta oss<\/a>.<\/span><\/p>\n\n\t\t\t\t\t<\/div>\n\t\t\t\t\t\t\t<\/div>\n\t\t\n\t\t\n\t\n\t    \n\t\n\t<ul\n\t\tid=\"ams-faq-list-69f031f2cf2c1\"\n\t\tclass=\"ams-faq__ac ams-accordion_module c-accordion js-results \"\n\t\taria-label=\"Vanliga fr\u00e5gor\"\n\t\tdata-variant=\"border-between\"\n\t\tdata-ajax-action=\"log_faq_view\"\n\t\tdata-ajax-url=\"https:\/\/lbs.se\/lund\/wp-admin\/admin-ajax.php\"\n\t\tdata-ajax-nonce=\"aeb6c314a1\"\n\t\tdata-filter-animation=\"off\">\n\n\t\t\n\t\t\t\t\t\t\t\t\t\t\t\t\t\t\t\n\t\t\t\n\t\t\t<li data-ajax-id=\"1268\" class=\"c-accordion__item \"\n\t\t\tdata-filter=\"om-gymnasievalet juni-2023\"\n\t\t\t>\n\t\t\t\t<h3 class=\"c-accordion__header\">\n\t\t\t\t\t\t\t\t\t\t<button class=\"c-accordion__trigger u-py-sm u-px-fluid-md-xl u-font-title-4\">\n\t\t\t\t\t\t<span>Hur s\u00f6ker jag till er skola?<\/span>\n\t\t\t\t\t\t<svg class=\"ams-icon ams-icon__arrow-down\" width=\"24\" height=\"24\" viewbox=\"0 0 24 24\" fill=\"currentColor\" aria-hidden=\"true\" xmlns=\"http:\/\/www.w3.org\/2000\/svg\">\n\t\t\t\t\t\t\t\t\t\t\t\t\t<path d=\"m11.2033 18.4294-10.872894-10.67584c-.440539-.42594-.440539-1.1147 0-1.54065l.665495-.64345c.440539-.42595 1.152899-.42595 1.593439 0l9.41066 9.27114 9.4107-9.26207c.4405-.42595 1.1529-.42595 1.5934 0l.6655.64345c.4405.42594.4405 1.1147 0 1.54065l-10.8729 10.67587c-.4405.4168-1.1529.4168-1.5934-.0091z\"\/>\n\t\t\t\t\t\n\t\t\t\t\t\t<\/svg>\n\t\t\t\t\t<\/button>\n\t\t\t\t<\/h3>\n\t\t\t\t<div class=\"c-accordion__body l-stack u-font-body\">\n\t\t\t\t\t<div class=\"c-accordion__body__inner u-p-fluid-md-xl l-stack\">\n\t\t\t\t\t\t<p><span data-sheets-value=\"{&quot;1&quot;:2,&quot;2&quot;:&quot;Vet du redan att vill s\u00f6ka till oss s\u00e5 g\u00f6r du s\u00e5 h\u00e4r n\u00e4r antagningen \u00f6ppnar:\\n* Logga in med hj\u00e4lp av ditt l\u00f6senord p\u00e5 www.skanegy.se\\n* V\u00e4lj v\u00e5r skola samt det program och inriktning du vill l\u00e4sa. Ibland kan du beh\u00f6va en s\u00f6kkod. Den hittar du p\u00e5 varje inriktningssida f\u00f6r den utbildningen du \u00e4r intresserad av.\\nVill du veta mer eller f\u00e5 hj\u00e4lp med att s\u00f6ka f\u00e5r du g\u00e4rna h\u00f6ra av dig till rektorn p\u00e5 skolan eller kontakta din SYV.&quot;}\" data-sheets-userformat=\"{&quot;2&quot;:13245,&quot;3&quot;:{&quot;1&quot;:0},&quot;5&quot;:{&quot;1&quot;:[{&quot;1&quot;:2,&quot;2&quot;:0,&quot;5&quot;:{&quot;1&quot;:2,&quot;2&quot;:0}},{&quot;1&quot;:0,&quot;2&quot;:0,&quot;3&quot;:3},{&quot;1&quot;:1,&quot;2&quot;:0,&quot;4&quot;:1}]},&quot;6&quot;:{&quot;1&quot;:[{&quot;1&quot;:2,&quot;2&quot;:0,&quot;5&quot;:{&quot;1&quot;:2,&quot;2&quot;:0}},{&quot;1&quot;:0,&quot;2&quot;:0,&quot;3&quot;:3},{&quot;1&quot;:1,&quot;2&quot;:0,&quot;4&quot;:1}]},&quot;7&quot;:{&quot;1&quot;:[{&quot;1&quot;:2,&quot;2&quot;:0,&quot;5&quot;:{&quot;1&quot;:2,&quot;2&quot;:0}},{&quot;1&quot;:0,&quot;2&quot;:0,&quot;3&quot;:3},{&quot;1&quot;:1,&quot;2&quot;:0,&quot;4&quot;:1}]},&quot;8&quot;:{&quot;1&quot;:[{&quot;1&quot;:2,&quot;2&quot;:0,&quot;5&quot;:{&quot;1&quot;:2,&quot;2&quot;:0}},{&quot;1&quot;:0,&quot;2&quot;:0,&quot;3&quot;:3},{&quot;1&quot;:1,&quot;2&quot;:0,&quot;4&quot;:1}]},&quot;10&quot;:2,&quot;11&quot;:3,&quot;12&quot;:0,&quot;15&quot;:&quot;Avenir&quot;,&quot;16&quot;:10}\">Vet du redan att vill s\u00f6ka till oss s\u00e5 g\u00f6r du s\u00e5 h\u00e4r n\u00e4r antagningen \u00f6ppnar:<br \/>\n* Logga in med hj\u00e4lp av ditt l\u00f6senord p\u00e5 <a href=\"http:\/\/www.skanegy.se\" target=\"_blank\" rel=\"noopener\">www.skanegy.se<\/a><br \/>\n* V\u00e4lj v\u00e5r skola samt det program och inriktning du vill l\u00e4sa. Ibland kan du beh\u00f6va en s\u00f6kkod. Den hittar du p\u00e5 varje inriktningssida f\u00f6r den utbildningen du \u00e4r intresserad av.<br \/>\nVill du veta mer eller f\u00e5 hj\u00e4lp med att s\u00f6ka f\u00e5r du g\u00e4rna h\u00f6ra av dig till rektorn p\u00e5 skolan eller kontakta din SYV.<\/span><\/p>\n\n\t\t\t\t\t<\/div>\n\t\t\t\t<\/div>\n\t\t\t<\/li>\n\t\t\n\t\t\t\t\t\t\t\t\t\t\t\t\t\t\t\n\t\t\t\n\t\t\t<li data-ajax-id=\"1260\" class=\"c-accordion__item \"\n\t\t\tdata-filter=\"om-skolan juni-2023\"\n\t\t\t>\n\t\t\t\t<h3 class=\"c-accordion__header\">\n\t\t\t\t\t\t\t\t\t\t<button class=\"c-accordion__trigger u-py-sm u-px-fluid-md-xl u-font-title-4\">\n\t\t\t\t\t\t<span>F\u00e5r man en dator?<\/span>\n\t\t\t\t\t\t<svg class=\"ams-icon ams-icon__arrow-down\" width=\"24\" height=\"24\" viewbox=\"0 0 24 24\" fill=\"currentColor\" aria-hidden=\"true\" xmlns=\"http:\/\/www.w3.org\/2000\/svg\">\n\t\t\t\t\t\t\t\t\t\t\t\t\t<path d=\"m11.2033 18.4294-10.872894-10.67584c-.440539-.42594-.440539-1.1147 0-1.54065l.665495-.64345c.440539-.42595 1.152899-.42595 1.593439 0l9.41066 9.27114 9.4107-9.26207c.4405-.42595 1.1529-.42595 1.5934 0l.6655.64345c.4405.42594.4405 1.1147 0 1.54065l-10.8729 10.67587c-.4405.4168-1.1529.4168-1.5934-.0091z\"\/>\n\t\t\t\t\t\n\t\t\t\t\t\t<\/svg>\n\t\t\t\t\t<\/button>\n\t\t\t\t<\/h3>\n\t\t\t\t<div class=\"c-accordion__body l-stack u-font-body\">\n\t\t\t\t\t<div class=\"c-accordion__body__inner u-p-fluid-md-xl l-stack\">\n\t\t\t\t\t\t<p><span data-sheets-value=\"{&quot;1&quot;:2,&quot;2&quot;:&quot;Varje elev f\u00e5r l\u00e5na en b\u00e4rbar dator under de tre \u00e5ren. Dell \u00e4r det vanligaste m\u00e4rket, f\u00f6rutom f\u00f6r de elever som g\u00e5r musikproduktion som har MacBook.&quot;}\" data-sheets-userformat=\"{&quot;2&quot;:13245,&quot;3&quot;:{&quot;1&quot;:0},&quot;5&quot;:{&quot;1&quot;:[{&quot;1&quot;:2,&quot;2&quot;:0,&quot;5&quot;:{&quot;1&quot;:2,&quot;2&quot;:0}},{&quot;1&quot;:0,&quot;2&quot;:0,&quot;3&quot;:3},{&quot;1&quot;:1,&quot;2&quot;:0,&quot;4&quot;:1}]},&quot;6&quot;:{&quot;1&quot;:[{&quot;1&quot;:2,&quot;2&quot;:0,&quot;5&quot;:{&quot;1&quot;:2,&quot;2&quot;:0}},{&quot;1&quot;:0,&quot;2&quot;:0,&quot;3&quot;:3},{&quot;1&quot;:1,&quot;2&quot;:0,&quot;4&quot;:1}]},&quot;7&quot;:{&quot;1&quot;:[{&quot;1&quot;:2,&quot;2&quot;:0,&quot;5&quot;:{&quot;1&quot;:2,&quot;2&quot;:0}},{&quot;1&quot;:0,&quot;2&quot;:0,&quot;3&quot;:3},{&quot;1&quot;:1,&quot;2&quot;:0,&quot;4&quot;:1}]},&quot;8&quot;:{&quot;1&quot;:[{&quot;1&quot;:2,&quot;2&quot;:0,&quot;5&quot;:{&quot;1&quot;:2,&quot;2&quot;:0}},{&quot;1&quot;:0,&quot;2&quot;:0,&quot;3&quot;:3},{&quot;1&quot;:1,&quot;2&quot;:0,&quot;4&quot;:1}]},&quot;10&quot;:2,&quot;11&quot;:3,&quot;12&quot;:0,&quot;15&quot;:&quot;Avenir&quot;,&quot;16&quot;:10}\">Varje elev f\u00e5r l\u00e5na en b\u00e4rbar dator under de tre \u00e5ren. Dell \u00e4r det vanligaste m\u00e4rket, f\u00f6rutom f\u00f6r de elever som g\u00e5r musikproduktion och grafisk design som har MacBook.<\/span><\/p>\n\n\t\t\t\t\t<\/div>\n\t\t\t\t<\/div>\n\t\t\t<\/li>\n\t\t\n\t\t\t\t\t\t\t\t\t\t\t\t\t\t\t\n\t\t\t\n\t\t\t<li data-ajax-id=\"1259\" class=\"c-accordion__item \"\n\t\t\tdata-filter=\"om-skolan juni-2023\"\n\t\t\t>\n\t\t\t\t<h3 class=\"c-accordion__header\">\n\t\t\t\t\t\t\t\t\t\t<button class=\"c-accordion__trigger u-py-sm u-px-fluid-md-xl u-font-title-4\">\n\t\t\t\t\t\t<span>Hur ser schemat ut?<\/span>\n\t\t\t\t\t\t<svg class=\"ams-icon ams-icon__arrow-down\" width=\"24\" height=\"24\" viewbox=\"0 0 24 24\" fill=\"currentColor\" aria-hidden=\"true\" xmlns=\"http:\/\/www.w3.org\/2000\/svg\">\n\t\t\t\t\t\t\t\t\t\t\t\t\t<path d=\"m11.2033 18.4294-10.872894-10.67584c-.440539-.42594-.440539-1.1147 0-1.54065l.665495-.64345c.440539-.42595 1.152899-.42595 1.593439 0l9.41066 9.27114 9.4107-9.26207c.4405-.42595 1.1529-.42595 1.5934 0l.6655.64345c.4405.42594.4405 1.1147 0 1.54065l-10.8729 10.67587c-.4405.4168-1.1529.4168-1.5934-.0091z\"\/>\n\t\t\t\t\t\n\t\t\t\t\t\t<\/svg>\n\t\t\t\t\t<\/button>\n\t\t\t\t<\/h3>\n\t\t\t\t<div class=\"c-accordion__body l-stack u-font-body\">\n\t\t\t\t\t<div class=\"c-accordion__body__inner u-p-fluid-md-xl l-stack\">\n\t\t\t\t\t\t<p class=\"p1\">V\u00e5ra scheman skiljer sig fr\u00e5n dag till dag, vissa dagar b\u00f6rjar man lite tidigare och slutar tidigare och andra dagar b\u00f6rjar man senare och slutar lite senare.. Man kan b\u00f6rja som tidigast 08.30 och sluta som senast klockan 16.<\/p>\n\n\t\t\t\t\t<\/div>\n\t\t\t\t<\/div>\n\t\t\t<\/li>\n\t\t\n\t\t\t\t\t\t\t\t\t\t\t\t\t\t\t\n\t\t\t\n\t\t\t<li data-ajax-id=\"1258\" class=\"c-accordion__item \"\n\t\t\tdata-filter=\"om-skolan juni-2023\"\n\t\t\t>\n\t\t\t\t<h3 class=\"c-accordion__header\">\n\t\t\t\t\t\t\t\t\t\t<button class=\"c-accordion__trigger u-py-sm u-px-fluid-md-xl u-font-title-4\">\n\t\t\t\t\t\t<span>F\u00e5r jag ett busskort av skolan?<\/span>\n\t\t\t\t\t\t<svg class=\"ams-icon ams-icon__arrow-down\" width=\"24\" height=\"24\" viewbox=\"0 0 24 24\" fill=\"currentColor\" aria-hidden=\"true\" xmlns=\"http:\/\/www.w3.org\/2000\/svg\">\n\t\t\t\t\t\t\t\t\t\t\t\t\t<path d=\"m11.2033 18.4294-10.872894-10.67584c-.440539-.42594-.440539-1.1147 0-1.54065l.665495-.64345c.440539-.42595 1.152899-.42595 1.593439 0l9.41066 9.27114 9.4107-9.26207c.4405-.42595 1.1529-.42595 1.5934 0l.6655.64345c.4405.42594.4405 1.1147 0 1.54065l-10.8729 10.67587c-.4405.4168-1.1529.4168-1.5934-.0091z\"\/>\n\t\t\t\t\t\n\t\t\t\t\t\t<\/svg>\n\t\t\t\t\t<\/button>\n\t\t\t\t<\/h3>\n\t\t\t\t<div class=\"c-accordion__body l-stack u-font-body\">\n\t\t\t\t\t<div class=\"c-accordion__body__inner u-p-fluid-md-xl l-stack\">\n\t\t\t\t\t\t<p><span data-sheets-value=\"{&quot;1&quot;:2,&quot;2&quot;:&quot;Det brukar vara kommunen som avg\u00f6r om man f\u00e5r busskort eller inte. Regeln brukar vara att man m\u00e5ste bo minst 6 KM fr\u00e5n skolan f\u00f6r att ha r\u00e4tt till busskort. Om man trappar bort sitt busskort eller f\u00e5r andra problem \u00e4r det din hemkommun som ska kontaktas.&quot;}\" data-sheets-userformat=\"{&quot;2&quot;:13245,&quot;3&quot;:{&quot;1&quot;:0},&quot;5&quot;:{&quot;1&quot;:[{&quot;1&quot;:2,&quot;2&quot;:0,&quot;5&quot;:{&quot;1&quot;:2,&quot;2&quot;:0}},{&quot;1&quot;:0,&quot;2&quot;:0,&quot;3&quot;:3},{&quot;1&quot;:1,&quot;2&quot;:0,&quot;4&quot;:1}]},&quot;6&quot;:{&quot;1&quot;:[{&quot;1&quot;:2,&quot;2&quot;:0,&quot;5&quot;:{&quot;1&quot;:2,&quot;2&quot;:0}},{&quot;1&quot;:0,&quot;2&quot;:0,&quot;3&quot;:3},{&quot;1&quot;:1,&quot;2&quot;:0,&quot;4&quot;:1}]},&quot;7&quot;:{&quot;1&quot;:[{&quot;1&quot;:2,&quot;2&quot;:0,&quot;5&quot;:{&quot;1&quot;:2,&quot;2&quot;:0}},{&quot;1&quot;:0,&quot;2&quot;:0,&quot;3&quot;:3},{&quot;1&quot;:1,&quot;2&quot;:0,&quot;4&quot;:1}]},&quot;8&quot;:{&quot;1&quot;:[{&quot;1&quot;:2,&quot;2&quot;:0,&quot;5&quot;:{&quot;1&quot;:2,&quot;2&quot;:0}},{&quot;1&quot;:0,&quot;2&quot;:0,&quot;3&quot;:3},{&quot;1&quot;:1,&quot;2&quot;:0,&quot;4&quot;:1}]},&quot;10&quot;:2,&quot;11&quot;:3,&quot;12&quot;:0,&quot;15&quot;:&quot;Avenir&quot;,&quot;16&quot;:10}\">Det brukar vara kommunen som avg\u00f6r om man f\u00e5r busskort eller inte. Regeln brukar vara att man m\u00e5ste bo minst 6 KM fr\u00e5n skolan f\u00f6r att ha r\u00e4tt till busskort. Om man trappar bort sitt busskort eller f\u00e5r andra problem \u00e4r det din hemkommun som ska kontaktas.<\/span><\/p>\n\n\t\t\t\t\t<\/div>\n\t\t\t\t<\/div>\n\t\t\t<\/li>\n\t\t\n\t\t\t\t\t\t\t\t\t\t\t\t\t\t\t\n\t\t\t\n\t\t\t<li data-ajax-id=\"1257\" class=\"c-accordion__item \"\n\t\t\tdata-filter=\"om-skolan juni-2023\"\n\t\t\t>\n\t\t\t\t<h3 class=\"c-accordion__header\">\n\t\t\t\t\t\t\t\t\t\t<button class=\"c-accordion__trigger u-py-sm u-px-fluid-md-xl u-font-title-4\">\n\t\t\t\t\t\t<span>Har ni matsal?<\/span>\n\t\t\t\t\t\t<svg class=\"ams-icon ams-icon__arrow-down\" width=\"24\" height=\"24\" viewbox=\"0 0 24 24\" fill=\"currentColor\" aria-hidden=\"true\" xmlns=\"http:\/\/www.w3.org\/2000\/svg\">\n\t\t\t\t\t\t\t\t\t\t\t\t\t<path d=\"m11.2033 18.4294-10.872894-10.67584c-.440539-.42594-.440539-1.1147 0-1.54065l.665495-.64345c.440539-.42595 1.152899-.42595 1.593439 0l9.41066 9.27114 9.4107-9.26207c.4405-.42595 1.1529-.42595 1.5934 0l.6655.64345c.4405.42594.4405 1.1147 0 1.54065l-10.8729 10.67587c-.4405.4168-1.1529.4168-1.5934-.0091z\"\/>\n\t\t\t\t\t\n\t\t\t\t\t\t<\/svg>\n\t\t\t\t\t<\/button>\n\t\t\t\t<\/h3>\n\t\t\t\t<div class=\"c-accordion__body l-stack u-font-body\">\n\t\t\t\t\t<div class=\"c-accordion__body__inner u-p-fluid-md-xl l-stack\">\n\t\t\t\t\t\t<p><span data-sheets-value=\"{&quot;1&quot;:2,&quot;2&quot;:&quot;Ja, skolan har en matsal d\u00e4r lunch serveras dagligen.&quot;}\" data-sheets-userformat=\"{&quot;2&quot;:13245,&quot;3&quot;:{&quot;1&quot;:0},&quot;5&quot;:{&quot;1&quot;:[{&quot;1&quot;:2,&quot;2&quot;:0,&quot;5&quot;:{&quot;1&quot;:2,&quot;2&quot;:0}},{&quot;1&quot;:0,&quot;2&quot;:0,&quot;3&quot;:3},{&quot;1&quot;:1,&quot;2&quot;:0,&quot;4&quot;:1}]},&quot;6&quot;:{&quot;1&quot;:[{&quot;1&quot;:2,&quot;2&quot;:0,&quot;5&quot;:{&quot;1&quot;:2,&quot;2&quot;:0}},{&quot;1&quot;:0,&quot;2&quot;:0,&quot;3&quot;:3},{&quot;1&quot;:1,&quot;2&quot;:0,&quot;4&quot;:1}]},&quot;7&quot;:{&quot;1&quot;:[{&quot;1&quot;:2,&quot;2&quot;:0,&quot;5&quot;:{&quot;1&quot;:2,&quot;2&quot;:0}},{&quot;1&quot;:0,&quot;2&quot;:0,&quot;3&quot;:3},{&quot;1&quot;:1,&quot;2&quot;:0,&quot;4&quot;:1}]},&quot;8&quot;:{&quot;1&quot;:[{&quot;1&quot;:2,&quot;2&quot;:0,&quot;5&quot;:{&quot;1&quot;:2,&quot;2&quot;:0}},{&quot;1&quot;:0,&quot;2&quot;:0,&quot;3&quot;:3},{&quot;1&quot;:1,&quot;2&quot;:0,&quot;4&quot;:1}]},&quot;10&quot;:2,&quot;11&quot;:3,&quot;12&quot;:0,&quot;15&quot;:&quot;Avenir&quot;,&quot;16&quot;:10}\">Ja, skolan har en matsal d\u00e4r lunch serveras dagligen.<\/span><\/p>\n\n\t\t\t\t\t<\/div>\n\t\t\t\t<\/div>\n\t\t\t<\/li>\n\t\t\n\t\t\t\t\t\t\t\t\t\t\t\t\t\t\t\n\t\t\t\n\t\t\t<li data-ajax-id=\"1256\" class=\"c-accordion__item \"\n\t\t\tdata-filter=\"om-skolan juni-2023\"\n\t\t\t>\n\t\t\t\t<h3 class=\"c-accordion__header\">\n\t\t\t\t\t\t\t\t\t\t<button class=\"c-accordion__trigger u-py-sm u-px-fluid-md-xl u-font-title-4\">\n\t\t\t\t\t\t<span>Hur stora \u00e4r klasserna?<\/span>\n\t\t\t\t\t\t<svg class=\"ams-icon ams-icon__arrow-down\" width=\"24\" height=\"24\" viewbox=\"0 0 24 24\" fill=\"currentColor\" aria-hidden=\"true\" xmlns=\"http:\/\/www.w3.org\/2000\/svg\">\n\t\t\t\t\t\t\t\t\t\t\t\t\t<path d=\"m11.2033 18.4294-10.872894-10.67584c-.440539-.42594-.440539-1.1147 0-1.54065l.665495-.64345c.440539-.42595 1.152899-.42595 1.593439 0l9.41066 9.27114 9.4107-9.26207c.4405-.42595 1.1529-.42595 1.5934 0l.6655.64345c.4405.42594.4405 1.1147 0 1.54065l-10.8729 10.67587c-.4405.4168-1.1529.4168-1.5934-.0091z\"\/>\n\t\t\t\t\t\n\t\t\t\t\t\t<\/svg>\n\t\t\t\t\t<\/button>\n\t\t\t\t<\/h3>\n\t\t\t\t<div class=\"c-accordion__body l-stack u-font-body\">\n\t\t\t\t\t<div class=\"c-accordion__body__inner u-p-fluid-md-xl l-stack\">\n\t\t\t\t\t\t<p><span data-sheets-value=\"{&quot;1&quot;:2,&quot;2&quot;:&quot;Ca 25-30 elever i varje klass, beroende p\u00e5 program.&quot;}\" data-sheets-userformat=\"{&quot;2&quot;:13245,&quot;3&quot;:{&quot;1&quot;:0},&quot;5&quot;:{&quot;1&quot;:[{&quot;1&quot;:2,&quot;2&quot;:0,&quot;5&quot;:{&quot;1&quot;:2,&quot;2&quot;:0}},{&quot;1&quot;:0,&quot;2&quot;:0,&quot;3&quot;:3},{&quot;1&quot;:1,&quot;2&quot;:0,&quot;4&quot;:1}]},&quot;6&quot;:{&quot;1&quot;:[{&quot;1&quot;:2,&quot;2&quot;:0,&quot;5&quot;:{&quot;1&quot;:2,&quot;2&quot;:0}},{&quot;1&quot;:0,&quot;2&quot;:0,&quot;3&quot;:3},{&quot;1&quot;:1,&quot;2&quot;:0,&quot;4&quot;:1}]},&quot;7&quot;:{&quot;1&quot;:[{&quot;1&quot;:2,&quot;2&quot;:0,&quot;5&quot;:{&quot;1&quot;:2,&quot;2&quot;:0}},{&quot;1&quot;:0,&quot;2&quot;:0,&quot;3&quot;:3},{&quot;1&quot;:1,&quot;2&quot;:0,&quot;4&quot;:1}]},&quot;8&quot;:{&quot;1&quot;:[{&quot;1&quot;:2,&quot;2&quot;:0,&quot;5&quot;:{&quot;1&quot;:2,&quot;2&quot;:0}},{&quot;1&quot;:0,&quot;2&quot;:0,&quot;3&quot;:3},{&quot;1&quot;:1,&quot;2&quot;:0,&quot;4&quot;:1}]},&quot;10&quot;:2,&quot;11&quot;:3,&quot;12&quot;:0,&quot;15&quot;:&quot;Avenir&quot;,&quot;16&quot;:10}\">Ca 25-30 elever i varje klass, beroende p\u00e5 program.<\/span><\/p>\n\n\t\t\t\t\t<\/div>\n\t\t\t\t<\/div>\n\t\t\t<\/li>\n\t\t\n\t\t\t\t\t\t\t\t\t\t\t\t\t\t\t\n\t\t\t\n\t\t\t<li data-ajax-id=\"1255\" class=\"c-accordion__item \"\n\t\t\tdata-filter=\"om-skolan juni-2023\"\n\t\t\t>\n\t\t\t\t<h3 class=\"c-accordion__header\">\n\t\t\t\t\t\t\t\t\t\t<button class=\"c-accordion__trigger u-py-sm u-px-fluid-md-xl u-font-title-4\">\n\t\t\t\t\t\t<span>Var har jag idrott?<\/span>\n\t\t\t\t\t\t<svg class=\"ams-icon ams-icon__arrow-down\" width=\"24\" height=\"24\" viewbox=\"0 0 24 24\" fill=\"currentColor\" aria-hidden=\"true\" xmlns=\"http:\/\/www.w3.org\/2000\/svg\">\n\t\t\t\t\t\t\t\t\t\t\t\t\t<path d=\"m11.2033 18.4294-10.872894-10.67584c-.440539-.42594-.440539-1.1147 0-1.54065l.665495-.64345c.440539-.42595 1.152899-.42595 1.593439 0l9.41066 9.27114 9.4107-9.26207c.4405-.42595 1.1529-.42595 1.5934 0l.6655.64345c.4405.42594.4405 1.1147 0 1.54065l-10.8729 10.67587c-.4405.4168-1.1529.4168-1.5934-.0091z\"\/>\n\t\t\t\t\t\n\t\t\t\t\t\t<\/svg>\n\t\t\t\t\t<\/button>\n\t\t\t\t<\/h3>\n\t\t\t\t<div class=\"c-accordion__body l-stack u-font-body\">\n\t\t\t\t\t<div class=\"c-accordion__body__inner u-p-fluid-md-xl l-stack\">\n\t\t\t\t\t\t<p><span data-sheets-value=\"{&quot;1&quot;:2,&quot;2&quot;:&quot;Vi hyr gym och idrottshallar p\u00e5 ett flertal st\u00e4llen i Lund, beroende p\u00e5 aktivitet och tillf\u00e4lle i kursen.&quot;}\" data-sheets-userformat=\"{&quot;2&quot;:13245,&quot;3&quot;:{&quot;1&quot;:0},&quot;5&quot;:{&quot;1&quot;:[{&quot;1&quot;:2,&quot;2&quot;:0,&quot;5&quot;:{&quot;1&quot;:2,&quot;2&quot;:0}},{&quot;1&quot;:0,&quot;2&quot;:0,&quot;3&quot;:3},{&quot;1&quot;:1,&quot;2&quot;:0,&quot;4&quot;:1}]},&quot;6&quot;:{&quot;1&quot;:[{&quot;1&quot;:2,&quot;2&quot;:0,&quot;5&quot;:{&quot;1&quot;:2,&quot;2&quot;:0}},{&quot;1&quot;:0,&quot;2&quot;:0,&quot;3&quot;:3},{&quot;1&quot;:1,&quot;2&quot;:0,&quot;4&quot;:1}]},&quot;7&quot;:{&quot;1&quot;:[{&quot;1&quot;:2,&quot;2&quot;:0,&quot;5&quot;:{&quot;1&quot;:2,&quot;2&quot;:0}},{&quot;1&quot;:0,&quot;2&quot;:0,&quot;3&quot;:3},{&quot;1&quot;:1,&quot;2&quot;:0,&quot;4&quot;:1}]},&quot;8&quot;:{&quot;1&quot;:[{&quot;1&quot;:2,&quot;2&quot;:0,&quot;5&quot;:{&quot;1&quot;:2,&quot;2&quot;:0}},{&quot;1&quot;:0,&quot;2&quot;:0,&quot;3&quot;:3},{&quot;1&quot;:1,&quot;2&quot;:0,&quot;4&quot;:1}]},&quot;10&quot;:2,&quot;11&quot;:3,&quot;12&quot;:0,&quot;15&quot;:&quot;Avenir&quot;,&quot;16&quot;:10}\">Vi hyr gym och idrottshallar p\u00e5 ett flertal st\u00e4llen i Lund, beroende p\u00e5 aktivitet och tillf\u00e4lle i kursen.<\/span><\/p>\n\n\t\t\t\t\t<\/div>\n\t\t\t\t<\/div>\n\t\t\t<\/li>\n\t\t\n\t\t\t\t\t\t\t\t\t\t\t\t\t\t\t\n\t\t\t\n\t\t\t<li data-ajax-id=\"1253\" class=\"c-accordion__item \"\n\t\t\tdata-filter=\"om-skolan juni-2023\"\n\t\t\t>\n\t\t\t\t<h3 class=\"c-accordion__header\">\n\t\t\t\t\t\t\t\t\t\t<button class=\"c-accordion__trigger u-py-sm u-px-fluid-md-xl u-font-title-4\">\n\t\t\t\t\t\t<span>Var ligger skolan?<\/span>\n\t\t\t\t\t\t<svg class=\"ams-icon ams-icon__arrow-down\" width=\"24\" height=\"24\" viewbox=\"0 0 24 24\" fill=\"currentColor\" aria-hidden=\"true\" xmlns=\"http:\/\/www.w3.org\/2000\/svg\">\n\t\t\t\t\t\t\t\t\t\t\t\t\t<path d=\"m11.2033 18.4294-10.872894-10.67584c-.440539-.42594-.440539-1.1147 0-1.54065l.665495-.64345c.440539-.42595 1.152899-.42595 1.593439 0l9.41066 9.27114 9.4107-9.26207c.4405-.42595 1.1529-.42595 1.5934 0l.6655.64345c.4405.42594.4405 1.1147 0 1.54065l-10.8729 10.67587c-.4405.4168-1.1529.4168-1.5934-.0091z\"\/>\n\t\t\t\t\t\n\t\t\t\t\t\t<\/svg>\n\t\t\t\t\t<\/button>\n\t\t\t\t<\/h3>\n\t\t\t\t<div class=\"c-accordion__body l-stack u-font-body\">\n\t\t\t\t\t<div class=\"c-accordion__body__inner u-p-fluid-md-xl l-stack\">\n\t\t\t\t\t\t<p><span data-sheets-value=\"{&quot;1&quot;:2,&quot;2&quot;:&quot;Vi finns p\u00e5 BREDGATAN 10 [https:\/\/www.google.com\/maps\/place\/LBS+Lund\/@55.706955,13.1906266,17z\/data=!3m1!4b1!4m5!3m4!1s0x465397d004a297ed:0x60136598aa4ca195!8m2!3d55.706955!4d13.1928153]. Skolan ligger v\u00e4ldigt centralt med g\u00e5ngavst\u00e5nd till massor av caf\u00e9er och mitt emot Lunds stadsbibliotek, med mindre \u00e4n 5 minuter att g\u00e5 fr\u00e5n centralen. H\u00e4r [https:\/\/www.insidemaps.com\/app\/walkthrough-v2\/?projectId=H599wZbsXQ&amp;env=production] kan du g\u00e5 en 3D-tur i skolans lokaler.&quot;}\" data-sheets-userformat=\"{&quot;2&quot;:13245,&quot;3&quot;:{&quot;1&quot;:0},&quot;5&quot;:{&quot;1&quot;:[{&quot;1&quot;:2,&quot;2&quot;:0,&quot;5&quot;:{&quot;1&quot;:2,&quot;2&quot;:0}},{&quot;1&quot;:0,&quot;2&quot;:0,&quot;3&quot;:3},{&quot;1&quot;:1,&quot;2&quot;:0,&quot;4&quot;:1}]},&quot;6&quot;:{&quot;1&quot;:[{&quot;1&quot;:2,&quot;2&quot;:0,&quot;5&quot;:{&quot;1&quot;:2,&quot;2&quot;:0}},{&quot;1&quot;:0,&quot;2&quot;:0,&quot;3&quot;:3},{&quot;1&quot;:1,&quot;2&quot;:0,&quot;4&quot;:1}]},&quot;7&quot;:{&quot;1&quot;:[{&quot;1&quot;:2,&quot;2&quot;:0,&quot;5&quot;:{&quot;1&quot;:2,&quot;2&quot;:0}},{&quot;1&quot;:0,&quot;2&quot;:0,&quot;3&quot;:3},{&quot;1&quot;:1,&quot;2&quot;:0,&quot;4&quot;:1}]},&quot;8&quot;:{&quot;1&quot;:[{&quot;1&quot;:2,&quot;2&quot;:0,&quot;5&quot;:{&quot;1&quot;:2,&quot;2&quot;:0}},{&quot;1&quot;:0,&quot;2&quot;:0,&quot;3&quot;:3},{&quot;1&quot;:1,&quot;2&quot;:0,&quot;4&quot;:1}]},&quot;10&quot;:2,&quot;11&quot;:3,&quot;12&quot;:0,&quot;15&quot;:&quot;Avenir&quot;,&quot;16&quot;:10}\">Vi finns p\u00e5 <a href=\"https:\/\/www.google.com\/maps\/place\/LBS+Lund\/@55.706955,13.1906266,17z\/data=!3m1!4b1!4m5!3m4!1s0x465397d004a297ed:0x60136598aa4ca195!8m2!3d55.706955!4d13.1928153\" target=\"_blank\" rel=\"noopener\">BREDGATAN 10<\/a>. Skolan ligger v\u00e4ldigt centralt med g\u00e5ngavst\u00e5nd till massor av caf\u00e9er och mitt emot Lunds stadsbibliotek, med mindre \u00e4n 5 minuter att g\u00e5 fr\u00e5n centralen. <a href=\"https:\/\/www.insidemaps.com\/app\/walkthrough-v2\/?projectId=H599wZbsXQ&amp;env=production\" target=\"_blank\" rel=\"noopener\">H\u00e4r <\/a>kan du g\u00e5 en 3D-tur i skolans lokaler.<\/span><\/p>\n\n\t\t\t\t\t<\/div>\n\t\t\t\t<\/div>\n\t\t\t<\/li>\n\t\t\n\t\t\t\t\t\t\t\t\t\t\t\t\t\t\t\n\t\t\t\n\t\t\t<li data-ajax-id=\"1682\" class=\"c-accordion__item \"\n\t\t\tdata-filter=\"om-skolan maj-2023\"\n\t\t\t>\n\t\t\t\t<h3 class=\"c-accordion__header\">\n\t\t\t\t\t\t\t\t\t\t<button class=\"c-accordion__trigger u-py-sm u-px-fluid-md-xl u-font-title-4\">\n\t\t\t\t\t\t<span>Vad st\u00e5r LBS f\u00f6r?<\/span>\n\t\t\t\t\t\t<svg class=\"ams-icon ams-icon__arrow-down\" width=\"24\" height=\"24\" viewbox=\"0 0 24 24\" fill=\"currentColor\" aria-hidden=\"true\" xmlns=\"http:\/\/www.w3.org\/2000\/svg\">\n\t\t\t\t\t\t\t\t\t\t\t\t\t<path d=\"m11.2033 18.4294-10.872894-10.67584c-.440539-.42594-.440539-1.1147 0-1.54065l.665495-.64345c.440539-.42595 1.152899-.42595 1.593439 0l9.41066 9.27114 9.4107-9.26207c.4405-.42595 1.1529-.42595 1.5934 0l.6655.64345c.4405.42594.4405 1.1147 0 1.54065l-10.8729 10.67587c-.4405.4168-1.1529.4168-1.5934-.0091z\"\/>\n\t\t\t\t\t\n\t\t\t\t\t\t<\/svg>\n\t\t\t\t\t<\/button>\n\t\t\t\t<\/h3>\n\t\t\t\t<div class=\"c-accordion__body l-stack u-font-body\">\n\t\t\t\t\t<div class=\"c-accordion__body__inner u-p-fluid-md-xl l-stack\">\n\t\t\t\t\t\t<p><span data-sheets-value=\"{&quot;1&quot;:2,&quot;2&quot;:&quot;LBS \u00e4r en f\u00f6rkortning av Ljud och Bildskolan. &quot;}\" data-sheets-userformat=\"{&quot;2&quot;:13119,&quot;3&quot;:{&quot;1&quot;:0},&quot;4&quot;:{&quot;1&quot;:2,&quot;2&quot;:13228792},&quot;5&quot;:{&quot;1&quot;:[{&quot;1&quot;:2,&quot;2&quot;:0,&quot;5&quot;:{&quot;1&quot;:2,&quot;2&quot;:0}},{&quot;1&quot;:0,&quot;2&quot;:0,&quot;3&quot;:3},{&quot;1&quot;:1,&quot;2&quot;:0,&quot;4&quot;:1}]},&quot;6&quot;:{&quot;1&quot;:[{&quot;1&quot;:2,&quot;2&quot;:0,&quot;5&quot;:{&quot;1&quot;:2,&quot;2&quot;:0}},{&quot;1&quot;:0,&quot;2&quot;:0,&quot;3&quot;:3},{&quot;1&quot;:1,&quot;2&quot;:0,&quot;4&quot;:1}]},&quot;7&quot;:{&quot;1&quot;:[{&quot;1&quot;:2,&quot;2&quot;:0,&quot;5&quot;:{&quot;1&quot;:2,&quot;2&quot;:0}},{&quot;1&quot;:0,&quot;2&quot;:0,&quot;3&quot;:3},{&quot;1&quot;:1,&quot;2&quot;:0,&quot;4&quot;:1}]},&quot;8&quot;:{&quot;1&quot;:[{&quot;1&quot;:2,&quot;2&quot;:0,&quot;5&quot;:{&quot;1&quot;:2,&quot;2&quot;:0}},{&quot;1&quot;:0,&quot;2&quot;:0,&quot;3&quot;:3},{&quot;1&quot;:1,&quot;2&quot;:0,&quot;4&quot;:1}]},&quot;11&quot;:3,&quot;12&quot;:0,&quot;15&quot;:&quot;Avenir&quot;,&quot;16&quot;:10}\">LBS \u00e4r en f\u00f6rkortning f\u00f6r Ljud- och Bildskolan. <\/span><\/p>\n\n\t\t\t\t\t<\/div>\n\t\t\t\t<\/div>\n\t\t\t<\/li>\n\t\t\n\t\t\t\t\t\t\t\t\t\t\t\t\t\t\t\n\t\t\t\n\t\t\t<li data-ajax-id=\"696\" class=\"c-accordion__item \"\n\t\t\tdata-filter=\"vanliga-fragor oktober-2022\"\n\t\t\t>\n\t\t\t\t<h3 class=\"c-accordion__header\">\n\t\t\t\t\t\t\t\t\t\t<button class=\"c-accordion__trigger u-py-sm u-px-fluid-md-xl u-font-title-4\">\n\t\t\t\t\t\t<span>F\u00e5r man h\u00f6gskolebeh\u00f6righet p\u00e5 LBS?<\/span>\n\t\t\t\t\t\t<svg class=\"ams-icon ams-icon__arrow-down\" width=\"24\" height=\"24\" viewbox=\"0 0 24 24\" fill=\"currentColor\" aria-hidden=\"true\" xmlns=\"http:\/\/www.w3.org\/2000\/svg\">\n\t\t\t\t\t\t\t\t\t\t\t\t\t<path d=\"m11.2033 18.4294-10.872894-10.67584c-.440539-.42594-.440539-1.1147 0-1.54065l.665495-.64345c.440539-.42595 1.152899-.42595 1.593439 0l9.41066 9.27114 9.4107-9.26207c.4405-.42595 1.1529-.42595 1.5934 0l.6655.64345c.4405.42594.4405 1.1147 0 1.54065l-10.8729 10.67587c-.4405.4168-1.1529.4168-1.5934-.0091z\"\/>\n\t\t\t\t\t\n\t\t\t\t\t\t<\/svg>\n\t\t\t\t\t<\/button>\n\t\t\t\t<\/h3>\n\t\t\t\t<div class=\"c-accordion__body l-stack u-font-body\">\n\t\t\t\t\t<div class=\"c-accordion__body__inner u-p-fluid-md-xl l-stack\">\n\t\t\t\t\t\t<p>Ja, b\u00e5de Estetiska programmet och Teknikprogrammet ger h\u00f6gskolebeh\u00f6righet och m\u00f6jligheten att studera vidare p\u00e5 universitet och h\u00f6gskola efter studenten. Under gymnasietiden ges \u00e4ven tv\u00e5 individuella val d\u00e4r man kan bredda sin beh\u00f6righet genom att exempelvis l\u00e4gga till en \u00e4mnesniv\u00e5 i matematik eller spr\u00e5k.<\/p>\n\n\t\t\t\t\t<\/div>\n\t\t\t\t<\/div>\n\t\t\t<\/li>\n\t\t\t<\/ul>\n\n\t<div class=\"no-results u-mt-0 u-hide\" data-filter-fallback-id=\"ams-faq-list-69f031f2cf2c1\">\n\t<p>Det finns inga resultat som matchar din filtrering.<\/p>\n<\/div>\n\n\t    <div class=\"ams-faq__more u-inline-items js-load-more-btn\">\n        <button href=\"#\"\n                class=\"c-btn\"\n                data-style=\"square\"\n                data-size=\"md\"\n                data-width=\"full-mobile\"\n                data-variant=\"outline\">\n        \tVisa fler vanliga fr\u00e5gor\n        <\/button>\n    <\/div>\n\n\n\t\t\n\t\t\t<div class=\"ams-faq__action u-inline-items\">\n\t\t\t\t\t\t\t\n\n\n<a href=\"https:\/\/lbs.se\/lund\/vanliga-fragor\/\"\n\t\n\tclass=\"c-btn \"\n\tdata-style=\"square\"\n\tdata-size=\"md\"\n\tdata-width=\"full-mobile\"\n\tdata-variant=\"outline\"\n\ttarget=\"_self\">\n\t\t\t<span class=\"label\"> Se alla vanliga fr\u00e5gor<\/span>\n\t\t\t<\/a>\n\t\t\t<\/div>\n\t<\/div>\n\n\t\t\n\n<\/section>\n\n\n\n\t<div class=\"module_wrapper ams_remote_pages_module \">\n\t\t<div\n\t\n\tclass=\"\n\tc-separator\n\tc-separator--line\n\tc-separator--center\n\tc-separator--center@md\n\t\n\tu-mt-fluid-Ingen\n\tu-mb-fluid-Ingen\n\t\n\t\"\n\tstyle=\"\n\t--width-desk: 100%;\n\t--width-mob: 100%;\n\t--height-desk: 30px;\n\t--height-mob: 30px;\n\t--style: solid;\n\t--color: #00E676;\n\t\">\n\t\t\t<div class=\"c-separator__line\"><\/div>\n\t<\/div>\n\t<\/div>\n\n\t","protected":false},"excerpt":{"rendered":"","protected":false},"author":1,"featured_media":0,"parent":0,"menu_order":0,"comment_status":"closed","ping_status":"closed","template":"","meta":{"footnotes":""},"yoast_head":"<!-- This site is optimized with the Yoast SEO plugin v22.0 - https:\/\/yoast.com\/wordpress\/plugins\/seo\/ -->\n<title>LBS Gymnasium Lund - V\u00e5r skola<\/title>\n<meta name=\"description\" content=\"V\u00e5ra lokaler ligger i centrala Lund med bara n\u00e5gra minuters promenad fr\u00e5n Lunds centralstation. V\u00e4lkommen till LBS Kreativa Gymnasium i Lund!\" \/>\n<meta name=\"robots\" content=\"index, follow, max-snippet:-1, max-image-preview:large, max-video-preview:-1\" \/>\n<link rel=\"canonical\" href=\"https:\/\/lbs.se\/lund\/var-skola\/\" \/>\n<meta property=\"og:locale\" content=\"sv_SE\" \/>\n<meta property=\"og:type\" content=\"article\" \/>\n<meta property=\"og:title\" content=\"LBS Gymnasium Lund - V\u00e5r skola\" \/>\n<meta property=\"og:description\" content=\"V\u00e5ra lokaler ligger i centrala Lund med bara n\u00e5gra minuters promenad fr\u00e5n Lunds centralstation. V\u00e4lkommen till LBS Kreativa Gymnasium i Lund!\" \/>\n<meta property=\"og:url\" content=\"https:\/\/lbs.se\/lund\/var-skola\/\" \/>\n<meta property=\"og:site_name\" content=\"Lund\" \/>\n<meta property=\"article:modified_time\" content=\"2025-11-27T13:39:50+00:00\" \/>\n<meta name=\"twitter:card\" content=\"summary_large_image\" \/>\n<meta name=\"twitter:title\" content=\"LBS Gymnasium Lund - V\u00e5r skola\" \/>\n<meta name=\"twitter:description\" content=\"V\u00e5ra lokaler ligger i centrala Lund med bara n\u00e5gra minuters promenad fr\u00e5n Lunds centralstation. V\u00e4lkommen till LBS Kreativa Gymnasium i Lund!\" \/>\n<meta name=\"twitter:label1\" content=\"Ber\u00e4knad l\u00e4stid\" \/>\n\t<meta name=\"twitter:data1\" content=\"3 minuter\" \/>\n<script type=\"application\/ld+json\" class=\"yoast-schema-graph\">{\"@context\":\"https:\/\/schema.org\",\"@graph\":[{\"@type\":\"WebPage\",\"@id\":\"https:\/\/lbs.se\/lund\/var-skola\/\",\"url\":\"https:\/\/lbs.se\/lund\/var-skola\/\",\"name\":\"LBS Gymnasium Lund - V\u00e5r skola\",\"isPartOf\":{\"@id\":\"https:\/\/lbs.se\/lund\/#website\"},\"datePublished\":\"2022-07-25T21:06:42+00:00\",\"dateModified\":\"2025-11-27T13:39:50+00:00\",\"description\":\"V\u00e5ra lokaler ligger i centrala Lund med bara n\u00e5gra minuters promenad fr\u00e5n Lunds centralstation. V\u00e4lkommen till LBS Kreativa Gymnasium i Lund!\",\"breadcrumb\":{\"@id\":\"https:\/\/lbs.se\/lund\/var-skola\/#breadcrumb\"},\"inLanguage\":\"sv-SE\",\"potentialAction\":[{\"@type\":\"ReadAction\",\"target\":[\"https:\/\/lbs.se\/lund\/var-skola\/\"]}]},{\"@type\":\"BreadcrumbList\",\"@id\":\"https:\/\/lbs.se\/lund\/var-skola\/#breadcrumb\",\"itemListElement\":[{\"@type\":\"ListItem\",\"position\":1,\"name\":\"Start\",\"item\":\"https:\/\/lbs.se\/lund\/\"},{\"@type\":\"ListItem\",\"position\":2,\"name\":\"V\u00e5r skola\"}]},{\"@type\":\"WebSite\",\"@id\":\"https:\/\/lbs.se\/lund\/#website\",\"url\":\"https:\/\/lbs.se\/lund\/\",\"name\":\"Lund\",\"description\":\"LBS Kreativa Gymnasiet\",\"potentialAction\":[{\"@type\":\"SearchAction\",\"target\":{\"@type\":\"EntryPoint\",\"urlTemplate\":\"https:\/\/lbs.se\/lund\/?s={search_term_string}\"},\"query-input\":\"required name=search_term_string\"}],\"inLanguage\":\"sv-SE\"}]}<\/script>\n<!-- \/ Yoast SEO plugin. -->","yoast_head_json":{"title":"LBS Gymnasium Lund - V\u00e5r skola","description":"V\u00e5ra lokaler ligger i centrala Lund med bara n\u00e5gra minuters promenad fr\u00e5n Lunds centralstation. V\u00e4lkommen till LBS Kreativa Gymnasium i Lund!","robots":{"index":"index","follow":"follow","max-snippet":"max-snippet:-1","max-image-preview":"max-image-preview:large","max-video-preview":"max-video-preview:-1"},"canonical":"https:\/\/lbs.se\/lund\/var-skola\/","og_locale":"sv_SE","og_type":"article","og_title":"LBS Gymnasium Lund - V\u00e5r skola","og_description":"V\u00e5ra lokaler ligger i centrala Lund med bara n\u00e5gra minuters promenad fr\u00e5n Lunds centralstation. V\u00e4lkommen till LBS Kreativa Gymnasium i Lund!","og_url":"https:\/\/lbs.se\/lund\/var-skola\/","og_site_name":"Lund","article_modified_time":"2025-11-27T13:39:50+00:00","twitter_card":"summary_large_image","twitter_title":"LBS Gymnasium Lund - V\u00e5r skola","twitter_description":"V\u00e5ra lokaler ligger i centrala Lund med bara n\u00e5gra minuters promenad fr\u00e5n Lunds centralstation. V\u00e4lkommen till LBS Kreativa Gymnasium i Lund!","twitter_misc":{"Ber\u00e4knad l\u00e4stid":"3 minuter"},"schema":{"@context":"https:\/\/schema.org","@graph":[{"@type":"WebPage","@id":"https:\/\/lbs.se\/lund\/var-skola\/","url":"https:\/\/lbs.se\/lund\/var-skola\/","name":"LBS Gymnasium Lund - V\u00e5r skola","isPartOf":{"@id":"https:\/\/lbs.se\/lund\/#website"},"datePublished":"2022-07-25T21:06:42+00:00","dateModified":"2025-11-27T13:39:50+00:00","description":"V\u00e5ra lokaler ligger i centrala Lund med bara n\u00e5gra minuters promenad fr\u00e5n Lunds centralstation. V\u00e4lkommen till LBS Kreativa Gymnasium i Lund!","breadcrumb":{"@id":"https:\/\/lbs.se\/lund\/var-skola\/#breadcrumb"},"inLanguage":"sv-SE","potentialAction":[{"@type":"ReadAction","target":["https:\/\/lbs.se\/lund\/var-skola\/"]}]},{"@type":"BreadcrumbList","@id":"https:\/\/lbs.se\/lund\/var-skola\/#breadcrumb","itemListElement":[{"@type":"ListItem","position":1,"name":"Start","item":"https:\/\/lbs.se\/lund\/"},{"@type":"ListItem","position":2,"name":"V\u00e5r skola"}]},{"@type":"WebSite","@id":"https:\/\/lbs.se\/lund\/#website","url":"https:\/\/lbs.se\/lund\/","name":"Lund","description":"LBS Kreativa Gymnasiet","potentialAction":[{"@type":"SearchAction","target":{"@type":"EntryPoint","urlTemplate":"https:\/\/lbs.se\/lund\/?s={search_term_string}"},"query-input":"required name=search_term_string"}],"inLanguage":"sv-SE"}]}},"_links":{"self":[{"href":"https:\/\/lbs.se\/lund\/wp-json\/wp\/v2\/pages\/19"}],"collection":[{"href":"https:\/\/lbs.se\/lund\/wp-json\/wp\/v2\/pages"}],"about":[{"href":"https:\/\/lbs.se\/lund\/wp-json\/wp\/v2\/types\/page"}],"author":[{"embeddable":true,"href":"https:\/\/lbs.se\/lund\/wp-json\/wp\/v2\/users\/1"}],"replies":[{"embeddable":true,"href":"https:\/\/lbs.se\/lund\/wp-json\/wp\/v2\/comments?post=19"}],"version-history":[{"count":10,"href":"https:\/\/lbs.se\/lund\/wp-json\/wp\/v2\/pages\/19\/revisions"}],"predecessor-version":[{"id":2136,"href":"https:\/\/lbs.se\/lund\/wp-json\/wp\/v2\/pages\/19\/revisions\/2136"}],"wp:attachment":[{"href":"https:\/\/lbs.se\/lund\/wp-json\/wp\/v2\/media?parent=19"}],"curies":[{"name":"wp","href":"https:\/\/api.w.org\/{rel}","templated":true}]}}